{"id":3129,"date":"2022-09-13T09:01:58","date_gmt":"2022-09-13T12:01:58","guid":{"rendered":"https:\/\/divulga.unila.edu.br\/uplay\/?page_id=3129"},"modified":"2023-01-26T17:51:26","modified_gmt":"2023-01-26T20:51:26","slug":"index","status":"publish","type":"page","link":"https:\/\/divulga.unila.edu.br\/uplay\/","title":{"rendered":"index"},"content":{"rendered":"\t\t<div data-elementor-type=\"wp-page\" data-elementor-id=\"3129\" class=\"elementor elementor-3129\">\n\t\t\t\t\t\t<section class=\"has_eae_slider elementor-section elementor-top-section elementor-element elementor-element-3f0c280 elementor-section-full_width elementor-section-height-default elementor-section-height-default wpr-particle-no wpr-jarallax-no wpr-parallax-no wpr-sticky-section-no wpr-equal-height-no\" data-eae-slider=\"54526\" data-id=\"3f0c280\" data-element_type=\"section\" data-e-type=\"section\">\n\t\t\t\t\t\t<div class=\"elementor-container elementor-column-gap-no\">\n\t\t\t\t\t<div class=\"has_eae_slider elementor-column elementor-col-100 elementor-top-column elementor-element elementor-element-4a27fca\" data-eae-slider=\"48534\" data-id=\"4a27fca\" data-element_type=\"column\" data-e-type=\"column\">\n\t\t\t<div class=\"elementor-widget-wrap elementor-element-populated\">\n\t\t\t\t\t\t<div class=\"elementor-element elementor-element-bb0cf6d stratum-swiper-direction-horizontal stratum-navigation-arrow-position-inside elementor-widget elementor-widget-stratum-advanced-slider\" data-id=\"bb0cf6d\" data-element_type=\"widget\" data-e-type=\"widget\" data-settings=\"{&quot;columns_count&quot;:&quot;1&quot;,&quot;columns_count_tablet&quot;:&quot;1&quot;,&quot;columns_count_mobile&quot;:&quot;1&quot;,&quot;slides_in_columns&quot;:&quot;1&quot;,&quot;slides_in_columns_tablet&quot;:&quot;1&quot;,&quot;slides_in_columns_mobile&quot;:&quot;1&quot;,&quot;slides_to_scroll&quot;:&quot;1&quot;,&quot;slides_to_scroll_tablet&quot;:&quot;1&quot;,&quot;slides_to_scroll_mobile&quot;:&quot;1&quot;,&quot;slider_direction&quot;:&quot;horizontal&quot;,&quot;navigation&quot;:&quot;both&quot;,&quot;pagination_style&quot;:&quot;bullets&quot;,&quot;slide_effects&quot;:&quot;slide&quot;,&quot;animation_speed&quot;:300}\" data-widget_type=\"stratum-advanced-slider.default\">\n\t\t\t\t<div class=\"elementor-widget-container\">\n\t\t\t\t\t<div class=\"stratum-advanced-slider\" data-slider-options=\"{&quot;slidesPerView&quot;:1,&quot;slidesPerColumn&quot;:1,&quot;slidesPerColumnFill&quot;:&quot;row&quot;,&quot;slidesPerGroup&quot;:1,&quot;direction&quot;:&quot;horizontal&quot;,&quot;autoHeight&quot;:false,&quot;keyboard&quot;:false,&quot;mousewheel&quot;:false,&quot;centeredSlides&quot;:false,&quot;spaceBetween&quot;:0,&quot;freeMode&quot;:false,&quot;effect&quot;:&quot;slide&quot;,&quot;autoplay&quot;:false,&quot;autoplayPause&quot;:false,&quot;loop&quot;:false,&quot;speed&quot;:300,&quot;allowTouchMove&quot;:false,&quot;textAnimationDelay&quot;:500,&quot;coverflow_visible&quot;:false,&quot;responsive&quot;:{&quot;slidesPerView_tablet&quot;:1,&quot;slidesPerView_mobile&quot;:1,&quot;slidesPerColumn_tablet&quot;:1,&quot;slidesPerColumn_mobile&quot;:1,&quot;slidesPerGroup_tablet&quot;:1,&quot;slidesPerGroup_mobile&quot;:1,&quot;spaceBetween_tablet&quot;:0,&quot;spaceBetween_mobile&quot;:0},&quot;navigation&quot;:true,&quot;pagination&quot;:{&quot;el&quot;:&quot;.swiper-pagination&quot;,&quot;type&quot;:&quot;bullets&quot;,&quot;clickable&quot;:true,&quot;dynamicBullets&quot;:false}}\">\n\t<div class=\"swiper swiper-container\">\n\t\t<div class=\"swiper-wrapper\">\n\t\t\t\t\t\t\t<div class=\"swiper-slide elementor-repeater-item-21a7dca\">\n\t\t\t\t\t<div class=\"stratum-advanced-slider__image\" style=\"background-image: url('https:\/\/divulga.unila.edu.br\/uplay\/wp-content\/uploads\/sites\/5\/2022\/08\/uplay-bg-pink.jpg'); \"><\/div>\n\t\t\t\t\t<div class=\"stratum-advanced-slider__slide-content\">\n\t\t\t\t\t\t<div class=\"stratum-advanced-slider__slide-wrapper\">\n\t\t\t\t\t\t\t<div class=\"stratum-advanced-slider__slide-container\">\n\t\t\t\t\t\t\t\t\t\t\t\t\t\t\t<h2 class=\"stratum-advanced-slider__title\">\n\t\t\t\t\t\t\t\t\tAcervo digital\t\t\t\t\t\t\t\t<\/h2>\n\t\t\t\t\t\t\t\t\t\t\t\t\t\t\t<div class=\"stratum-advanced-slider__description\">\n\t\t\t\t\t\t\t\t\tO projeto de extens\u00e3o U-Play, acervo dos exerc\u00edcios do Curso de Cinema e Audiovisual da UNILA, por meio dos princ\u00edpios da preserva\u00e7\u00e3o audiovisual busca coletar, catalogar, monitorar e compartilhar as obras realizadas pelos estudantes durante o per\u00edodo de Gradua\u00e7\u00e3o do curso. Este site d\u00e1 acesso a alguns exerc\u00edcios.\t\t\t\t\t\t\t\t<\/div>\n\t\t\t\t\t\t\t\t\t\t\t\t\t\t\t<div class=\"stratum-advanced-slider__button\">\n\t\t\t\t\t\t\t\t\t<a href=\"https:\/\/divulga.unila.edu.br\/uplay\/acervo\/\"  >Ver acervo<\/a>\n\t\t\t\t\t\t\t\t<\/div>\n\t\t\t\t\t\t\t\t\t\t\t\t\t\t<\/div>\n\t\t\t\t\t\t<\/div>\n\t\t\t\t\t<\/div>\n\t\t\t\t\t<div class=\"stratum-advanced-slider__overlay\"><\/div>\n\t\t\t\t<\/div>\n\t\t\t\t\t\t\t<div class=\"swiper-slide elementor-repeater-item-08dee01\">\n\t\t\t\t\t<div class=\"stratum-advanced-slider__image\" style=\"background-image: url('https:\/\/divulga.unila.edu.br\/uplay\/wp-content\/uploads\/sites\/5\/2023\/01\/2023-01-20-7.png'); \"><\/div>\n\t\t\t\t\t<div class=\"stratum-advanced-slider__slide-content\">\n\t\t\t\t\t\t<div class=\"stratum-advanced-slider__slide-wrapper\">\n\t\t\t\t\t\t\t<div class=\"stratum-advanced-slider__slide-container\">\n\t\t\t\t\t\t\t\t\t\t\t\t\t\t\t<h2 class=\"stratum-advanced-slider__title\">\n\t\t\t\t\t\t\t\t\tCom a caneta entre os dedos como se fosse um cigarro\t\t\t\t\t\t\t\t<\/h2>\n\t\t\t\t\t\t\t\t\t\t\t\t\t\t\t<div class=\"stratum-advanced-slider__description\">\n\t\t\t\t\t\t\t\t\tDois amantes, deitados na cama, imaginam hist\u00f3rias de amor.\t\t\t\t\t\t\t\t<\/div>\n\t\t\t\t\t\t\t\t\t\t\t\t\t\t\t<div class=\"stratum-advanced-slider__button\">\n\t\t\t\t\t\t\t\t\t<a href=\"https:\/\/divulga.unila.edu.br\/uplay\/acervo\/com-a-caneta-entre-os-dedos-versao-2\/\"  >Assistir<\/a>\n\t\t\t\t\t\t\t\t<\/div>\n\t\t\t\t\t\t\t\t\t\t\t\t\t\t<\/div>\n\t\t\t\t\t\t<\/div>\n\t\t\t\t\t<\/div>\n\t\t\t\t\t<div class=\"stratum-advanced-slider__overlay\"><\/div>\n\t\t\t\t<\/div>\n\t\t\t\t\t\t\t<div class=\"swiper-slide elementor-repeater-item-42366e2\">\n\t\t\t\t\t<div class=\"stratum-advanced-slider__image\" style=\"background-image: url('https:\/\/divulga.unila.edu.br\/uplay\/wp-content\/uploads\/sites\/5\/2022\/10\/Captura-de-Tela-2022-10-25-a\u0300s-15.25.07.png'); \"><\/div>\n\t\t\t\t\t<div class=\"stratum-advanced-slider__slide-content\">\n\t\t\t\t\t\t<div class=\"stratum-advanced-slider__slide-wrapper\">\n\t\t\t\t\t\t\t<div class=\"stratum-advanced-slider__slide-container\">\n\t\t\t\t\t\t\t\t\t\t\t\t\t\t\t<h2 class=\"stratum-advanced-slider__title\">\n\t\t\t\t\t\t\t\t\tFio De Preto\t\t\t\t\t\t\t\t<\/h2>\n\t\t\t\t\t\t\t\t\t\t\t\t\t\t\t<div class=\"stratum-advanced-slider__description\">\n\t\t\t\t\t\t\t\t\tEm um document\u00e1rio intimista sobre rela\u00e7\u00f5es familiares e a fotografia como instrumento de mem\u00f3ria, acompanhamos Jenny e Jo\u00e3o Marcos, que exploram essas conex\u00f5es em suas viv\u00eancias e refletem sobre seu lugar na hist\u00f3ria.\t\t\t\t\t\t\t\t<\/div>\n\t\t\t\t\t\t\t\t\t\t\t\t\t\t\t<div class=\"stratum-advanced-slider__button\">\n\t\t\t\t\t\t\t\t\t<a href=\"https:\/\/divulga.unila.edu.br\/uplay\/acervo\/fio-de-preto\/\"  >Assistir<\/a>\n\t\t\t\t\t\t\t\t<\/div>\n\t\t\t\t\t\t\t\t\t\t\t\t\t\t<\/div>\n\t\t\t\t\t\t<\/div>\n\t\t\t\t\t<\/div>\n\t\t\t\t\t<div class=\"stratum-advanced-slider__overlay\"><\/div>\n\t\t\t\t<\/div>\n\t\t\t\t\t<\/div>\n\t\t\t\t\t\t<div class=\"swiper-pagination\"><\/div>\n\t\t\t\t<\/div>\n\n\t\t\t<div class=\"stratum-swiper-button-prev\"><\/div>\n\t\t<div class=\"stratum-swiper-button-next\"><\/div>\n\t<\/div>\n\t\t\t\t<\/div>\n\t\t\t\t<\/div>\n\t\t\t\t\t<\/div>\n\t\t<\/div>\n\t\t\t\t\t<\/div>\n\t\t<\/section>\n\t\t\t\t<section class=\"has_eae_slider elementor-section elementor-top-section elementor-element elementor-element-983c7d2 elementor-section-full_width elementor-section-height-default elementor-section-height-default wpr-particle-no wpr-jarallax-no wpr-parallax-no wpr-sticky-section-no wpr-equal-height-no\" data-eae-slider=\"12367\" data-id=\"983c7d2\" data-element_type=\"section\" data-e-type=\"section\">\n\t\t\t\t\t\t<div class=\"elementor-container elementor-column-gap-no\">\n\t\t\t\t\t<div class=\"has_eae_slider elementor-column elementor-col-100 elementor-top-column elementor-element elementor-element-bae6db9\" data-eae-slider=\"760\" data-id=\"bae6db9\" data-element_type=\"column\" data-e-type=\"column\">\n\t\t\t<div class=\"elementor-widget-wrap elementor-element-populated\">\n\t\t\t\t\t\t<div class=\"elementor-element elementor-element-f54eefb elementor-widget elementor-widget-htmega-tab-addons\" data-id=\"f54eefb\" data-element_type=\"widget\" data-e-type=\"widget\" data-settings=\"{&quot;_animation&quot;:&quot;none&quot;}\" data-widget_type=\"htmega-tab-addons.default\">\n\t\t\t\t<div class=\"elementor-widget-container\">\n\t\t\t\t\t            <div class=\"htmega-tab-area htmega-tab-style-1\">\n\n                <div class=\"htmega-tab-nav htb-nav htmega-tab-menu-style-1\" role=\"tablist\">\n                    <a class=\"htb-nav-link htb-active htb-show elementor-repeater-item-5d0bffe\" href=\"#htmegatab-f54eefb1\" data-toggle=\"htbtab\" role=\"tab\"><i class=\"fas fa-university\"><\/i>Curso<\/a><a class=\"htb-nav-link  elementor-repeater-item-a1e3d50\" href=\"#htmegatab-f54eefb2\" data-toggle=\"htbtab\" role=\"tab\"><i class=\"fas fa-film\"><\/i>Acervo<\/a><a class=\"htb-nav-link  elementor-repeater-item-0bcc40b\" href=\"#htmegatab-f54eefb3\" data-toggle=\"htbtab\" role=\"tab\"><i class=\"fas fa-calendar-alt\"><\/i>Eventos<\/a>                <\/div>\n\n                <div class=\"htmega-tab-content-area htb-tab-content\">\n                    <div class=\"htmega-single-tab htb-tab-pane htb-fade htb-active htb-show elementor-repeater-item-5d0bffe\" id=\"htmegatab-f54eefb1\" role=\"tabpanel\"><div class=\"htmega-tab-content\"><p>A forma\u00e7\u00e3o em <strong>Cinema e Audiovisual<\/strong>, na Universidade Federal da Integra\u00e7\u00e3o Latino-Americana, configura um movimento que toma para si a tarefa de contribuir para um processo que \u00e9 fundamental a uma universidade cuja tem\u00e1tica gira em torno do debate sobre as possibilidades de <strong>desenvolvimento e integra\u00e7\u00e3o da sociedade da Am\u00e9rica Latina e do Caribe<\/strong>. Neste contexto, esta carreira atende a um pressuposto inelut\u00e1vel da institui\u00e7\u00e3o, a saber o di\u00e1logo com a sociedade e ao mesmo tempo o apontamento de caminhos inovadores. A cria\u00e7\u00e3o do curso de Cinema e Audiovisual coloca-se, portanto, na perspectiva da considera\u00e7\u00e3o do mesmo como \u00e1rea estrat\u00e9gica para as pol\u00edticas p\u00fablicas na regi\u00e3o, <strong>voltada para a expans\u00e3o do conhecimento e para a inclus\u00e3o social e digital<\/strong>.<\/p><\/div><\/div><div class=\"htmega-single-tab htb-tab-pane htb-fade  elementor-repeater-item-a1e3d50\" id=\"htmegatab-f54eefb2\" role=\"tabpanel\"><div class=\"htmega-tab-content\"><p>O projeto pedag\u00f3gico do curso defende que a <strong>preserva\u00e7\u00e3o audiovisual<\/strong> \u00e9 um fator importante na forma\u00e7\u00e3o do aluno da UNILA. Por isso, a relev\u00e2ncia de se ter de uma disciplina obrigat\u00f3ria no curso, al\u00e9m de outras pr\u00e1ticas universit\u00e1rias referentes \u00e0 \u00e1rea nos \u00e2mbitos do ensino, pesquisa e extens\u00e3o. Assim, desde a sua forma\u00e7\u00e3o na faculdade, o futuro realizador ser\u00e1 um artista consciente do papel hist\u00f3rico de sua obra art\u00edstica. <strong>O arquivo de conserva\u00e7\u00e3o e preserva\u00e7\u00e3o faz parte do universo audiovisual<\/strong>, ou seja, o realizador precisa compreender como funciona um arquivo ou acervo audiovisual. Por v\u00e1rios motivos, \u00e9 este espa\u00e7o com a qual ele ir\u00e1, constantemente, dialogar, uma vez que a sua obra se encontrar\u00e1 nele depositada.<\/p><\/div><\/div><div class=\"htmega-single-tab htb-tab-pane htb-fade  elementor-repeater-item-0bcc40b\" id=\"htmegatab-f54eefb3\" role=\"tabpanel\"><div class=\"htmega-tab-content\"><p>O Curso de Cinema e Audiovisual da UNILA tem sediado eventos ligados aos seus interesses de forma\u00e7\u00e3o que s\u00e3o providos por seu Colegiado, pelo Centro Acad\u00eamico Gomes e Giardina - CACINEG e pelos projetos de pesquisa e extens\u00e3o como o N\u00facleo de Arte e Tecnologia da Am\u00e9rica Latina - NATLA, um grupo interdisciplinar. No ano de 2022 o Curso comemora seus 10 anos de exist\u00eancia e congregou a II SECCA - Semana de Exibi\u00e7\u00e3o do Curso de Cinema e Audiovisual juntamente com a vinda de diversos profissionais, como Edileuza Penha Souza (aula Magna), Marcelo Ikeda (produ\u00e7\u00e3o Audiovisual), Cesar de Farias Barbosa (anima\u00e7\u00e3o).<\/p><\/div><\/div>                <\/div>\n            <\/div>\n            <script>\n                ;(function($){\n                    $(\".htb-nav a\").on(\"click\", function(){\n                        let activeId = $(this).attr(\"href\");\n                        $(this).siblings('.htb-active').removeClass('htb-active htb-show');\n                        $(this).addClass( 'htb-active htb-show' );\n\n                        let navWrapper = $(this).closest('.htmega-tab-nav');\n                        let contentWrapper = navWrapper.next();\n                        contentWrapper.find( ' > .htb-tab-pane' ).removeClass( 'htb-active htb-show' );\n                        contentWrapper.find( ' > .htb-tab-pane' + activeId ).addClass( 'htb-active htb-show' );\n                    });\n                    })(jQuery);\n                <\/script>\n        \t\t\t\t<\/div>\n\t\t\t\t<\/div>\n\t\t\t\t\t<\/div>\n\t\t<\/div>\n\t\t\t\t\t<\/div>\n\t\t<\/section>\n\t\t\t\t<section class=\"has_eae_slider elementor-section elementor-top-section elementor-element elementor-element-46a81bf elementor-section-boxed elementor-section-height-default elementor-section-height-default wpr-particle-no wpr-jarallax-no wpr-parallax-no wpr-sticky-section-no wpr-equal-height-no\" data-eae-slider=\"36704\" data-id=\"46a81bf\" data-element_type=\"section\" data-e-type=\"section\" data-settings=\"{&quot;background_background&quot;:&quot;classic&quot;}\">\n\t\t\t\t\t\t<div class=\"elementor-container elementor-column-gap-default\">\n\t\t\t\t\t<div class=\"has_eae_slider elementor-column elementor-col-33 elementor-top-column elementor-element elementor-element-8de032c\" data-eae-slider=\"72880\" data-id=\"8de032c\" data-element_type=\"column\" data-e-type=\"column\">\n\t\t\t<div class=\"elementor-widget-wrap elementor-element-populated\">\n\t\t\t\t\t\t<div class=\"elementor-element elementor-element-8193f6b elementor-widget elementor-widget-video\" data-id=\"8193f6b\" data-element_type=\"widget\" data-e-type=\"widget\" data-settings=\"{&quot;video_type&quot;:&quot;hosted&quot;,&quot;show_image_overlay&quot;:&quot;yes&quot;,&quot;image_overlay&quot;:{&quot;url&quot;:&quot;https:\\\/\\\/divulga.unila.edu.br\\\/uplay\\\/wp-content\\\/uploads\\\/sites\\\/5\\\/2022\\\/08\\\/header.jpg&quot;,&quot;id&quot;:&quot;878&quot;,&quot;size&quot;:&quot;&quot;,&quot;alt&quot;:&quot;&quot;,&quot;source&quot;:&quot;library&quot;},&quot;_animation&quot;:&quot;none&quot;,&quot;controls&quot;:&quot;yes&quot;}\" data-widget_type=\"video.default\">\n\t\t\t\t<div class=\"elementor-widget-container\">\n\t\t\t\t\t\t\t<div class=\"e-hosted-video elementor-wrapper elementor-open-inline\">\n\t\t\t\t\t<video class=\"elementor-video\" src=\"https:\/\/ia801504.us.archive.org\/21\/items\/conheca-o-uplay-banco-de-conteudos-audiovisuais-da-unila\/Conhec%CC%A7a%20o%20Uplay-%20banco%20de%20conteu%CC%81dos%20audiovisuais%20da%20UNILA.mp4\" controls=\"\" preload=\"metadata\" controlsList=\"nodownload\"><\/video>\n\t\t\t\t\t\t<div class=\"elementor-custom-embed-image-overlay\" style=\"background-image: url(https:\/\/divulga.unila.edu.br\/uplay\/wp-content\/uploads\/sites\/5\/2022\/08\/header.jpg);\">\n\t\t\t\t\t\t\t\t\t\t\t\t\t\t\t\t<div class=\"elementor-custom-embed-play\" role=\"button\" aria-label=\"Reproduzir v\u00eddeo\" tabindex=\"0\">\n\t\t\t\t\t\t\t<i aria-hidden=\"true\" class=\"eicon-play\"><\/i>\t\t\t\t\t\t<\/div>\n\t\t\t\t\t\t\t\t\t<\/div>\n\t\t\t\t\t<\/div>\n\t\t\t\t\t\t<\/div>\n\t\t\t\t<\/div>\n\t\t\t\t<div class=\"elementor-element elementor-element-4b9f475 elementor-absolute elementor-widget elementor-widget-htmega-popover-addons\" data-id=\"4b9f475\" data-element_type=\"widget\" data-e-type=\"widget\" data-settings=\"{&quot;_position&quot;:&quot;absolute&quot;,&quot;_animation&quot;:&quot;none&quot;}\" data-widget_type=\"htmega-popover-addons.default\">\n\t\t\t\t<div class=\"elementor-widget-container\">\n\t\t\t\t\t            \n            <div class=\"htmega-popover htmega-popover-container-4b9f475\">\n                <span class=\"\" data-container=\".htmega-popover-container-4b9f475\" data-toggle=\"popover\" data-placement=\"right\" data-content=\"Musica: Latinoam\u00e9rica\nArtista: Calle 13\nEm destaque: Maria Rita, Tot\u00f3 la Momposina, Susana Baca\n\u00c1lbum: Entren los que quieran\nLan\u00e7amento: 2010\nCompositores: Eduardo Cabra \/ Rafael Ignacio Arcaute \/ Rene Perez\nLetra da Am\u00e9rica Latina \u00a9 Warner Chappell Music, Inc\" title=\"\">\u00a9<\/span>            <\/div>\n\n        \t\t\t\t<\/div>\n\t\t\t\t<\/div>\n\t\t\t\t\t<\/div>\n\t\t<\/div>\n\t\t\t\t<div class=\"has_eae_slider elementor-column elementor-col-66 elementor-top-column elementor-element elementor-element-1defc70\" data-eae-slider=\"36408\" data-id=\"1defc70\" data-element_type=\"column\" data-e-type=\"column\">\n\t\t\t<div class=\"elementor-widget-wrap elementor-element-populated\">\n\t\t\t\t\t\t<div class=\"elementor-element elementor-element-f3fe96d elementor-drop-cap-yes elementor-drop-cap-view-default elementor-invisible elementor-widget elementor-widget-text-editor\" data-id=\"f3fe96d\" data-element_type=\"widget\" data-e-type=\"widget\" data-settings=\"{&quot;drop_cap&quot;:&quot;yes&quot;,&quot;_animation&quot;:&quot;fadeIn&quot;}\" data-widget_type=\"text-editor.default\">\n\t\t\t\t<div class=\"elementor-widget-container\">\n\t\t\t\t\t\t\t\t\t<p><span style=\"font-weight: bold\">A m\u00fasica Latinoam\u00e9rica representa muito do que somos, como nos sentimos e como nos percebemos no mundo. Quando surgiu a ideia do site do Curso de Cinema e Audiovisual, um grupo de alunos reeditou o v\u00eddeo clipe desta m\u00fasica, colocando nossos rostos e nossas imagens no espa\u00e7o que nos envolve, embalados por esta letra e ritmo que nos une e identifica.<\/span><\/p>\t\t\t\t\t\t\t\t<\/div>\n\t\t\t\t<\/div>\n\t\t\t\t\t<\/div>\n\t\t<\/div>\n\t\t\t\t\t<\/div>\n\t\t<\/section>\n\t\t\t\t<section class=\"has_eae_slider elementor-section elementor-top-section elementor-element elementor-element-febfdc6 elementor-section-boxed elementor-section-height-default elementor-section-height-default wpr-particle-no wpr-jarallax-no wpr-parallax-no wpr-sticky-section-no wpr-equal-height-no\" data-eae-slider=\"83335\" data-id=\"febfdc6\" data-element_type=\"section\" data-e-type=\"section\">\n\t\t\t\t\t\t<div class=\"elementor-container elementor-column-gap-default\">\n\t\t\t\t\t<div class=\"has_eae_slider elementor-column elementor-col-100 elementor-top-column elementor-element elementor-element-0a0d70c\" data-eae-slider=\"97795\" data-id=\"0a0d70c\" data-element_type=\"column\" data-e-type=\"column\">\n\t\t\t<div class=\"elementor-widget-wrap elementor-element-populated\">\n\t\t\t\t\t\t<div class=\"elementor-element elementor-element-fb033d2 elementor-widget elementor-widget-heading\" data-id=\"fb033d2\" data-element_type=\"widget\" data-e-type=\"widget\" data-widget_type=\"heading.default\">\n\t\t\t\t<div class=\"elementor-widget-container\">\n\t\t\t\t\t<h2 class=\"elementor-heading-title elementor-size-default\">Eventos<\/h2>\t\t\t\t<\/div>\n\t\t\t\t<\/div>\n\t\t\t\t<div class=\"elementor-element elementor-element-a22e55c stratum-swiper-direction-horizontal stratum-navigation-arrow-position-inside elementor-widget elementor-widget-stratum-advanced-posts\" data-id=\"a22e55c\" data-element_type=\"widget\" data-e-type=\"widget\" data-settings=\"{&quot;columns_count&quot;:&quot;3&quot;,&quot;navigation&quot;:&quot;arrows&quot;,&quot;columns_count_tablet&quot;:&quot;1&quot;,&quot;columns_count_mobile&quot;:&quot;1&quot;,&quot;slides_in_columns&quot;:&quot;1&quot;,&quot;slides_in_columns_tablet&quot;:&quot;1&quot;,&quot;slides_in_columns_mobile&quot;:&quot;1&quot;,&quot;slides_to_scroll&quot;:&quot;1&quot;,&quot;slides_to_scroll_tablet&quot;:&quot;1&quot;,&quot;slides_to_scroll_mobile&quot;:&quot;1&quot;,&quot;slider_direction&quot;:&quot;horizontal&quot;,&quot;slide_effects&quot;:&quot;slide&quot;,&quot;animation_speed&quot;:300}\" data-widget_type=\"stratum-advanced-posts.default\">\n\t\t\t\t<div class=\"elementor-widget-container\">\n\t\t\t\t\t\t<div class=\"stratum-advanced-posts layout-carousel masonry-disable\" data-slider-options=\"{&quot;slidesPerView&quot;:3,&quot;slidesPerColumn&quot;:1,&quot;slidesPerColumnFill&quot;:&quot;row&quot;,&quot;slidesPerGroup&quot;:1,&quot;direction&quot;:&quot;horizontal&quot;,&quot;autoHeight&quot;:false,&quot;keyboard&quot;:false,&quot;mousewheel&quot;:false,&quot;centeredSlides&quot;:false,&quot;spaceBetween&quot;:5,&quot;freeMode&quot;:false,&quot;effect&quot;:&quot;slide&quot;,&quot;autoplay&quot;:false,&quot;autoplayPause&quot;:false,&quot;loop&quot;:false,&quot;speed&quot;:300,&quot;allowTouchMove&quot;:false,&quot;textAnimationDelay&quot;:500,&quot;coverflow_visible&quot;:false,&quot;responsive&quot;:{&quot;slidesPerView_tablet&quot;:1,&quot;slidesPerView_mobile&quot;:1,&quot;slidesPerColumn_tablet&quot;:1,&quot;slidesPerColumn_mobile&quot;:1,&quot;slidesPerGroup_tablet&quot;:1,&quot;slidesPerGroup_mobile&quot;:1,&quot;spaceBetween_tablet&quot;:5,&quot;spaceBetween_mobile&quot;:5},&quot;navigation&quot;:true}\">\n\t\t<div class=\"swiper swiper-container\">\n\t\t\t<div class=\"swiper-wrapper\">\n\t\t\t\t\t\t\t\t\t\t<div class=\"swiper-slide stratum-advanced-posts__post\">\n\t\t\t\t\t\t\t<div class=\"stratum-advanced-posts__image\" style=\"background-image: url('https:\/\/divulga.unila.edu.br\/uplay\/wp-content\/uploads\/sites\/5\/2022\/09\/Captura-de-Tela-2022-10-04-a\u0300s-17.30.32.png');\"><\/div>\n\t\t\t\t\t\t\t<div class=\"stratum-advanced-posts__slide-content\">\n\t\t\t\t\t\t\t\t<div class=\"stratum-advanced-posts__slide-wrapper\">\n\t\t\t\t\t\t\t\t\t<div class=\"stratum-advanced-posts__slide-container\">\n\n\t\t\t\t\t\t\t\t\t\t<h3 class=\"stratum-advanced-posts__post-title\"><a href=\"https:\/\/divulga.unila.edu.br\/uplay\/2022\/09\/29\/iii-coloquio-internacional-de-cinema-e-historia\/\">III Col\u00f3quio Internacional de Cinema e Hist\u00f3ria<\/a><\/h3>\t\t\t\t\t\t\t\t\t<\/div>\n\t\t\t\t\t\t\t\t<\/div>\n\t\t\t\t\t\t\t<\/div>\n\t\t\t\t\t\t\t<div class=\"stratum-advanced-posts__overlay\"><\/div>\n\t\t\t\t\t\t<\/div>\n\t\t\t\t\t\t\t\t\t\t\t<div class=\"swiper-slide stratum-advanced-posts__post\">\n\t\t\t\t\t\t\t<div class=\"stratum-advanced-posts__image\" style=\"background-image: url('https:\/\/divulga.unila.edu.br\/uplay\/wp-content\/uploads\/sites\/5\/2022\/08\/MONTAGEM.png');\"><\/div>\n\t\t\t\t\t\t\t<div class=\"stratum-advanced-posts__slide-content\">\n\t\t\t\t\t\t\t\t<div class=\"stratum-advanced-posts__slide-wrapper\">\n\t\t\t\t\t\t\t\t\t<div class=\"stratum-advanced-posts__slide-container\">\n\n\t\t\t\t\t\t\t\t\t\t<h3 class=\"stratum-advanced-posts__post-title\"><a href=\"https:\/\/divulga.unila.edu.br\/uplay\/2022\/08\/25\/forcine-xiii\/\">FORCINE XIII<\/a><\/h3>\t\t\t\t\t\t\t\t\t<\/div>\n\t\t\t\t\t\t\t\t<\/div>\n\t\t\t\t\t\t\t<\/div>\n\t\t\t\t\t\t\t<div class=\"stratum-advanced-posts__overlay\"><\/div>\n\t\t\t\t\t\t<\/div>\n\t\t\t\t\t\t\t\t\t\t\t<div class=\"swiper-slide stratum-advanced-posts__post\">\n\t\t\t\t\t\t\t<div class=\"stratum-advanced-posts__image\" style=\"background-image: url('https:\/\/divulga.unila.edu.br\/uplay\/wp-content\/uploads\/sites\/5\/2022\/08\/2022-09-20-1.png');\"><\/div>\n\t\t\t\t\t\t\t<div class=\"stratum-advanced-posts__slide-content\">\n\t\t\t\t\t\t\t\t<div class=\"stratum-advanced-posts__slide-wrapper\">\n\t\t\t\t\t\t\t\t\t<div class=\"stratum-advanced-posts__slide-container\">\n\n\t\t\t\t\t\t\t\t\t\t<h3 class=\"stratum-advanced-posts__post-title\"><a href=\"https:\/\/divulga.unila.edu.br\/uplay\/2022\/08\/25\/secca-iii\/\">SECCA II<\/a><\/h3>\t\t\t\t\t\t\t\t\t<\/div>\n\t\t\t\t\t\t\t\t<\/div>\n\t\t\t\t\t\t\t<\/div>\n\t\t\t\t\t\t\t<div class=\"stratum-advanced-posts__overlay\"><\/div>\n\t\t\t\t\t\t<\/div>\n\t\t\t\t\t\t\t\t\t\t\t<div class=\"swiper-slide stratum-advanced-posts__post\">\n\t\t\t\t\t\t\t<div class=\"stratum-advanced-posts__image\" style=\"background-image: url('https:\/\/divulga.unila.edu.br\/uplay\/wp-content\/uploads\/sites\/5\/2022\/07\/Captura-de-Tela-2022-10-04-a\u0300s-17.15.47-e1664937959315.png');\"><\/div>\n\t\t\t\t\t\t\t<div class=\"stratum-advanced-posts__slide-content\">\n\t\t\t\t\t\t\t\t<div class=\"stratum-advanced-posts__slide-wrapper\">\n\t\t\t\t\t\t\t\t\t<div class=\"stratum-advanced-posts__slide-container\">\n\n\t\t\t\t\t\t\t\t\t\t<h3 class=\"stratum-advanced-posts__post-title\"><a href=\"https:\/\/divulga.unila.edu.br\/uplay\/2022\/07\/21\/ola-mundo\/\">SECCA<\/a><\/h3>\t\t\t\t\t\t\t\t\t<\/div>\n\t\t\t\t\t\t\t\t<\/div>\n\t\t\t\t\t\t\t<\/div>\n\t\t\t\t\t\t\t<div class=\"stratum-advanced-posts__overlay\"><\/div>\n\t\t\t\t\t\t<\/div>\n\t\t\t\t\t\t\t\t\t<\/div>\n\t\t\t\t\t<\/div>\n\t\t\t\t\t<div class=\"stratum-swiper-button-prev\"><\/div>\n\t\t\t<div class=\"stratum-swiper-button-next\"><\/div>\n\t\t\t<\/div>\n\t\t\t\t<\/div>\n\t\t\t\t<\/div>\n\t\t\t\t<div class=\"elementor-element elementor-element-ddbb33a elementor-align-center elementor-widget elementor-widget-button\" data-id=\"ddbb33a\" data-element_type=\"widget\" data-e-type=\"widget\" data-widget_type=\"button.default\">\n\t\t\t\t<div class=\"elementor-widget-container\">\n\t\t\t\t\t\t\t\t\t<div class=\"elementor-button-wrapper\">\n\t\t\t\t\t<a class=\"elementor-button elementor-button-link elementor-size-md\" href=\"https:\/\/divulga.unila.edu.br\/uplay\/eventos\/\">\n\t\t\t\t\t\t<span class=\"elementor-button-content-wrapper\">\n\t\t\t\t\t\t\t\t\t<span class=\"elementor-button-text\">Ver todos ventos<\/span>\n\t\t\t\t\t<\/span>\n\t\t\t\t\t<\/a>\n\t\t\t\t<\/div>\n\t\t\t\t\t\t\t\t<\/div>\n\t\t\t\t<\/div>\n\t\t\t\t\t<\/div>\n\t\t<\/div>\n\t\t\t\t\t<\/div>\n\t\t<\/section>\n\t\t\t\t<section class=\"has_eae_slider elementor-section elementor-top-section elementor-element elementor-element-d6b60c1 elementor-section-boxed elementor-section-height-default elementor-section-height-default wpr-particle-no wpr-jarallax-no wpr-parallax-no wpr-sticky-section-no wpr-equal-height-no\" data-eae-slider=\"56581\" data-id=\"d6b60c1\" data-element_type=\"section\" data-e-type=\"section\" data-settings=\"{&quot;background_background&quot;:&quot;classic&quot;}\">\n\t\t\t\t\t\t<div class=\"elementor-container elementor-column-gap-default\">\n\t\t\t\t\t<div class=\"has_eae_slider elementor-column elementor-col-100 elementor-top-column elementor-element elementor-element-6b92494\" data-eae-slider=\"76279\" data-id=\"6b92494\" data-element_type=\"column\" data-e-type=\"column\">\n\t\t\t<div class=\"elementor-widget-wrap elementor-element-populated\">\n\t\t\t\t\t\t<div class=\"elementor-element elementor-element-db8f7ae elementor-widget elementor-widget-heading\" data-id=\"db8f7ae\" data-element_type=\"widget\" data-e-type=\"widget\" data-widget_type=\"heading.default\">\n\t\t\t\t<div class=\"elementor-widget-container\">\n\t\t\t\t\t<h2 class=\"elementor-heading-title elementor-size-default\">Nossos parceiros<\/h2>\t\t\t\t<\/div>\n\t\t\t\t<\/div>\n\t\t\t\t<div class=\"elementor-element elementor-element-b518bae elementor-invisible elementor-widget elementor-widget-htmega-brand-addons\" data-id=\"b518bae\" data-element_type=\"widget\" data-e-type=\"widget\" data-settings=\"{&quot;_animation&quot;:&quot;fadeIn&quot;}\" data-widget_type=\"htmega-brand-addons.default\">\n\t\t\t\t<div class=\"elementor-widget-container\">\n\t\t\t\t\t            <div class=\"htmega-brands-area htmega-brands-style-2\" >\n\n                                    <ul class=\"brand-list\">\n                                                    <li>\n                                <a href=\"http:\/\/www.forcine.org.br\/\"><img fetchpriority=\"high\" decoding=\"async\" width=\"321\" height=\"360\" src=\"https:\/\/divulga.unila.edu.br\/uplay\/wp-content\/uploads\/sites\/5\/2022\/08\/LogoForcine_Branco.png\" class=\"attachment-htmega_size_396x360 size-htmega_size_396x360 wp-image-1433\" alt=\"\" srcset=\"https:\/\/divulga.unila.edu.br\/uplay\/wp-content\/uploads\/sites\/5\/2022\/08\/LogoForcine_Branco.png 1007w, https:\/\/divulga.unila.edu.br\/uplay\/wp-content\/uploads\/sites\/5\/2022\/08\/LogoForcine_Branco-267x300.png 267w, https:\/\/divulga.unila.edu.br\/uplay\/wp-content\/uploads\/sites\/5\/2022\/08\/LogoForcine_Branco-913x1024.png 913w, https:\/\/divulga.unila.edu.br\/uplay\/wp-content\/uploads\/sites\/5\/2022\/08\/LogoForcine_Branco-768x862.png 768w, https:\/\/divulga.unila.edu.br\/uplay\/wp-content\/uploads\/sites\/5\/2022\/08\/LogoForcine_Branco-205x230.png 205w\" sizes=\"(max-width: 321px) 100vw, 321px\" \/><\/a>                            <\/li>\n                                                    <li>\n                                <a href=\"https:\/\/www.seccaunila.art\/\"><img decoding=\"async\" width=\"136\" height=\"39\" src=\"https:\/\/divulga.unila.edu.br\/uplay\/wp-content\/uploads\/sites\/5\/2022\/08\/Logo-SECCA.webp\" class=\"attachment-thumbnail size-thumbnail wp-image-1081\" alt=\"\" \/><\/a>                            <\/li>\n                                                    <li>\n                                <a href=\"https:\/\/cineunila.wixsite.com\/cinema\"><img decoding=\"async\" width=\"158\" height=\"88\" src=\"https:\/\/divulga.unila.edu.br\/uplay\/wp-content\/uploads\/sites\/5\/2022\/08\/LOGO-CINEMA-UNILA-BRANCO.webp\" class=\"attachment-htmega_size_396x360 size-htmega_size_396x360 wp-image-1078\" alt=\"\" \/><\/a>                            <\/li>\n                                                    <li>\n                                <a href=\"https:\/\/archive.org\/\"><img loading=\"lazy\" decoding=\"async\" width=\"195\" height=\"194\" src=\"https:\/\/divulga.unila.edu.br\/uplay\/wp-content\/uploads\/sites\/5\/2022\/08\/Internet-Archive-Logo.png\" class=\"attachment-htmega_size_396x360 size-htmega_size_396x360 wp-image-1074\" alt=\"\" srcset=\"https:\/\/divulga.unila.edu.br\/uplay\/wp-content\/uploads\/sites\/5\/2022\/08\/Internet-Archive-Logo.png 195w, https:\/\/divulga.unila.edu.br\/uplay\/wp-content\/uploads\/sites\/5\/2022\/08\/Internet-Archive-Logo-150x150.png 150w, https:\/\/divulga.unila.edu.br\/uplay\/wp-content\/uploads\/sites\/5\/2022\/08\/Internet-Archive-Logo-40x40.png 40w\" sizes=\"(max-width: 195px) 100vw, 195px\" \/><\/a>                            <\/li>\n                                            <\/ul>\n\n                            <\/div>\n        \t\t\t\t<\/div>\n\t\t\t\t<\/div>\n\t\t\t\t\t<\/div>\n\t\t<\/div>\n\t\t\t\t\t<\/div>\n\t\t<\/section>\n\t\t\t\t<\/div>\n\t\t","protected":false},"excerpt":{"rendered":"<p>CursoAcervoEventos A forma\u00e7\u00e3o em Cinema e Audiovisual, na Universidade Federal da Integra\u00e7\u00e3o Latino-Americana, configura um movimento que toma para si a tarefa de contribuir para um processo que \u00e9 fundamental a uma universidade cuja tem\u00e1tica gira em torno do debate sobre as possibilidades de desenvolvimento e integra\u00e7\u00e3o da sociedade da Am\u00e9rica Latina e do Caribe. Neste contexto, esta carreira atende a um pressuposto inelut\u00e1vel da institui\u00e7\u00e3o, a saber o di\u00e1logo com a sociedade e ao mesmo tempo o apontamento de caminhos inovadores. A cria\u00e7\u00e3o do curso de Cinema e Audiovisual coloca-se, portanto, na perspectiva da considera\u00e7\u00e3o do mesmo como \u00e1rea estrat\u00e9gica para as pol\u00edticas p\u00fablicas na regi\u00e3o, voltada para a expans\u00e3o do conhecimento e para a inclus\u00e3o social e digital. O projeto pedag\u00f3gico do curso defende que a preserva\u00e7\u00e3o audiovisual \u00e9 um fator importante na forma\u00e7\u00e3o do aluno da UNILA. Por isso, a relev\u00e2ncia de se ter de uma disciplina obrigat\u00f3ria no curso, al\u00e9m de outras pr\u00e1ticas universit\u00e1rias referentes \u00e0 \u00e1rea nos \u00e2mbitos do ensino, pesquisa e extens\u00e3o. Assim, desde a sua forma\u00e7\u00e3o na faculdade, o futuro realizador ser\u00e1 um artista consciente do papel hist\u00f3rico de sua obra art\u00edstica. O arquivo de conserva\u00e7\u00e3o e preserva\u00e7\u00e3o faz parte do universo audiovisual, ou seja, o realizador precisa compreender como funciona um arquivo ou acervo audiovisual. Por v\u00e1rios motivos, \u00e9 este espa\u00e7o com a qual ele ir\u00e1, constantemente, dialogar, uma vez que a sua obra se encontrar\u00e1 nele depositada. O Curso de Cinema e Audiovisual da UNILA tem sediado eventos ligados aos seus interesses de forma\u00e7\u00e3o que s\u00e3o providos por seu Colegiado, pelo Centro Acad\u00eamico Gomes e Giardina &#8211; CACINEG e pelos projetos de pesquisa e extens\u00e3o como o N\u00facleo de Arte e Tecnologia da Am\u00e9rica Latina &#8211; NATLA, um grupo interdisciplinar. No ano de 2022 o Curso comemora seus 10 anos de exist\u00eancia e congregou a II SECCA &#8211; Semana de Exibi\u00e7\u00e3o do Curso de Cinema e Audiovisual juntamente com a vinda de diversos profissionais, como Edileuza Penha Souza (aula Magna), Marcelo Ikeda (produ\u00e7\u00e3o Audiovisual), Cesar de Farias Barbosa (anima\u00e7\u00e3o). \u00a9 A m\u00fasica Latinoam\u00e9rica representa muito do que somos, como nos sentimos e como nos percebemos no mundo. Quando surgiu a ideia do site do Curso de Cinema e Audiovisual, um grupo de alunos reeditou o v\u00eddeo clipe desta m\u00fasica, colocando nossos rostos e nossas imagens no espa\u00e7o que nos envolve, embalados por esta letra e ritmo que nos une e identifica. \/*! elementor &#8211; v3.10.1 &#8211; 17-01-2023 *\/ .elementor-heading-title{padding:0;margin:0;line-height:1}.elementor-widget-heading .elementor-heading-title[class*=elementor-size-]&gt;a{color:inherit;font-size:inherit;line-height:inherit}.elementor-widget-heading .elementor-heading-title.elementor-size-small{font-size:15px}.elementor-widget-heading .elementor-heading-title.elementor-size-medium{font-size:19px}.elementor-widget-heading .elementor-heading-title.elementor-size-large{font-size:29px}.elementor-widget-heading .elementor-heading-title.elementor-size-xl{font-size:39px}.elementor-widget-heading .elementor-heading-title.elementor-size-xxl{font-size:59px} Eventos Ver todos ventos Nossos parceiros<\/p>\n","protected":false},"author":11,"featured_media":0,"parent":0,"menu_order":0,"comment_status":"closed","ping_status":"closed","template":"elementor_header_footer","meta":{"_uag_custom_page_level_css":"","_themeisle_gutenberg_block_has_review":false,"footnotes":""},"class_list":["post-3129","page","type-page","status-publish","hentry"],"blocksy_meta":{"styles_descriptor":{"styles":{"desktop":"","tablet":"","mobile":""},"google_fonts":[],"version":6}},"uagb_featured_image_src":{"full":false,"thumbnail":false,"medium":false,"medium_large":false,"large":false,"1536x1536":false,"2048x2048":false,"htmega_size_585x295":false,"htmega_size_1170x536":false,"htmega_size_396x360":false,"tainacan-small":false,"tainacan-medium":false,"tainacan-medium-full":false,"tainacan-large-full":false},"uagb_author_info":{"display_name":"ia.kokin.2019","author_link":"https:\/\/divulga.unila.edu.br\/uplay\/author\/iurii\/"},"uagb_comment_info":0,"uagb_excerpt":"CursoAcervoEventos A forma\u00e7\u00e3o em Cinema e Audiovisual, na Universidade Federal da Integra\u00e7\u00e3o Latino-Americana, configura um movimento que toma para si a tarefa de contribuir para um processo que \u00e9 fundamental a uma universidade cuja tem\u00e1tica gira em torno do debate sobre as possibilidades de desenvolvimento e integra\u00e7\u00e3o da sociedade da Am\u00e9rica Latina e do Caribe.&hellip;","_links":{"self":[{"href":"https:\/\/divulga.unila.edu.br\/uplay\/wp-json\/wp\/v2\/pages\/3129","targetHints":{"allow":["GET"]}}],"collection":[{"href":"https:\/\/divulga.unila.edu.br\/uplay\/wp-json\/wp\/v2\/pages"}],"about":[{"href":"https:\/\/divulga.unila.edu.br\/uplay\/wp-json\/wp\/v2\/types\/page"}],"author":[{"embeddable":true,"href":"https:\/\/divulga.unila.edu.br\/uplay\/wp-json\/wp\/v2\/users\/11"}],"replies":[{"embeddable":true,"href":"https:\/\/divulga.unila.edu.br\/uplay\/wp-json\/wp\/v2\/comments?post=3129"}],"version-history":[{"count":489,"href":"https:\/\/divulga.unila.edu.br\/uplay\/wp-json\/wp\/v2\/pages\/3129\/revisions"}],"predecessor-version":[{"id":20927,"href":"https:\/\/divulga.unila.edu.br\/uplay\/wp-json\/wp\/v2\/pages\/3129\/revisions\/20927"}],"wp:attachment":[{"href":"https:\/\/divulga.unila.edu.br\/uplay\/wp-json\/wp\/v2\/media?parent=3129"}],"curies":[{"name":"wp","href":"https:\/\/api.w.org\/{rel}","templated":true}]}}