{"id":2866,"date":"2019-08-14T18:04:13","date_gmt":"2019-08-14T18:04:13","guid":{"rendered":"https:\/\/unila.edu.br\/umapas\/?page_id=2866"},"modified":"2022-05-12T11:50:45","modified_gmt":"2022-05-12T14:50:45","slug":"mapeamento-das-universidades-de-fronteira","status":"publish","type":"page","link":"https:\/\/divulga.unila.edu.br\/umapas\/?page_id=2866","title":{"rendered":"Mapeamento das Universidades de Fronteira"},"content":{"rendered":"<p style=\"text-align: justify;\"><div class=\"su-tabs su-tabs-style-default su-tabs-mobile-stack\" data-active=\"1\" data-scroll-offset=\"0\" data-anchor-in-url=\"no\"><div class=\"su-tabs-nav\"><span class=\"\" data-url=\"\" data-target=\"blank\" tabindex=\"0\" role=\"button\"><strong>O que \u00e9<\/strong><\/span><span class=\"\" data-url=\"\" data-target=\"blank\" tabindex=\"0\" role=\"button\"><strong>Objetivo<\/strong><\/span><span class=\"\" data-url=\"\" data-target=\"blank\" tabindex=\"0\" role=\"button\"><strong>Metodologia<\/strong><\/span><span class=\"\" data-url=\"\" data-target=\"blank\" tabindex=\"0\" role=\"button\"><strong>Mapa<\/strong><\/span><span class=\"\" data-url=\"\" data-target=\"blank\" tabindex=\"0\" role=\"button\"><strong>Contato<\/strong><\/span><\/div><div class=\"su-tabs-panes\"><div class=\"su-tabs-pane su-u-clearfix su-u-trim\" data-title=\"&lt;strong&gt;O que \u00e9&lt;\/strong&gt;\">\n<p>O projeto visa demonstrar as Institui\u00e7\u00f5es de Ensino Superior p\u00fablicas brasileiras na faixa de at\u00e9 150km da fronteira.<\/p>\n<\/div>\n<div class=\"su-tabs-pane su-u-clearfix su-u-trim\" data-title=\"&lt;strong&gt;Objetivo&lt;\/strong&gt;\">\n<p style=\"text-align: justify;\" align=\"justify\">O objetivo geral do mapeamento \u00e9 reunir informa\u00e7\u00f5es sobre as institui\u00e7\u00f5es de educa\u00e7\u00e3o superior (IES) p\u00fablicas localizadas na zona de fronteira no Brasil. Buscou-se pela seguintes informa\u00e7\u00f5es: quais s\u00e3o essas IES; em que fronteira elas est\u00e3o alocadas; qual a dist\u00e2ncia e o fluxo na fronteira; quais s\u00e3o os cursos ofertados; programas de p\u00f3s gradua\u00e7\u00e3o; e, se houver, dados em rela\u00e7\u00e3o \u00e0s a\u00e7\u00f5es de extens\u00e3o, evas\u00e3o e reten\u00e7\u00e3o. Al\u00e9m disso, identificar boas pr\u00e1ticas e compreender como essas IES lidam com a din\u00e2mica fronteiri\u00e7a foi um dos objetivos da pesquisa. Ap\u00f3s a compila\u00e7\u00e3o destas informa\u00e7\u00f5es, foi tra\u00e7ado o perfil destas institui\u00e7\u00f5es para, posteriormente, pautar recomenda\u00e7\u00f5es de cunho pol\u00edtico e administrativo para a Unila.<\/p>\n<p style=\"text-align: justify;\"><\/div>\n<div class=\"su-tabs-pane su-u-clearfix su-u-trim\" data-title=\"&lt;strong&gt;Metodologia&lt;\/strong&gt;\">\n<p align=\"justify\">A primeira etapa do trabalho consistiu no mapeamento das IES &#8211; p\u00fablicas federais, estaduais e comunit\u00e1rias, incluindo-se os Institutos Federais de Ensinos Superior, localizadas na faixa de fronteira, considerando a defini\u00e7\u00e3o apresentada pela Constitui\u00e7\u00e3o Federal.\u00a0 Para identificar as IES que comporiam o mapeamento foi realizado o cruzamento dos dados das cidades que atendiam os crit\u00e9rios acima mencionados, dispon\u00edveis no site da Comiss\u00e3o Permanente Para o Desenvolvimento e Integra\u00e7\u00e3o da Faixa de Fronteira (CDIF) , 1 com a consulta interativa do e-MEC . Foram mapeadas 88 IES na fronteira, sendo que destas, 2 apenas 14 s\u00e3o sedes de institui\u00e7\u00f5es, enquanto o restante s\u00e3o campi ou n\u00facleos da institui\u00e7\u00e3o. Isto explica a raz\u00e3o de haver no no relat\u00f3rio o nome de uma mesma institui\u00e7\u00e3o mais de uma vez. Na segunda etapa foram coletadas informa\u00e7\u00f5es relacionadas aos obst\u00e1culos do cotidiano das atividades de ensino, pesquisa e extens\u00e3o resultantes do fator de localiza\u00e7\u00e3o da IES em uma \u00e1rea de fronteira, buscando simultaneamente identificar como estas IES lidam com estes obst\u00e1culos. Na terceira etapa foi realizado levantamento das boas pr\u00e1ticas existentes em outras IES tra\u00e7ando encaminhamentos para a UNILA, relacionados aos desafios inerentes \u00e0 especificidade de estar localizada na faixa de fronteira.<\/p>\n<p style=\"text-align: justify;\"><\/div>\n<div class=\"su-tabs-pane su-u-clearfix su-u-trim\" data-title=\"&lt;strong&gt;Mapa&lt;\/strong&gt;\"> Para visualizar a localiza\u00e7\u00e3o das universidades de fronteira, acesse:<\/p>\n<p style=\"text-align: justify;\"><strong><strong><a href=\".\/?map=mapa-das-universidades-de-fronteira\" target=\"_blank\">Mapa das Universidades de Fronteira<\/a><\/strong><\/strong><\/p>\n<p style=\"text-align: justify;\"><\/div>\n<div class=\"su-tabs-pane su-u-clearfix su-u-trim\" data-title=\"&lt;strong&gt;Contato&lt;\/strong&gt;\">\n<p style=\"text-align: justify;\"><strong>UNILA &#8211; <\/strong>UNIVERSIDADE FEDERAL DA INTEGRA\u00c7\u00c3O LATINO-AMERICANA<\/p>\n<p style=\"text-align: justify;\"><strong>PROINT<\/strong> &#8211; Pr\u00f3-Reitoria de Rela\u00e7\u00f5es Institucionais e Internacionais<\/p>\n<p style=\"text-align: justify;\"><strong>CONTATO:<\/strong> <span id=\"OBJ_PREFIX_DWT207_ZmEmailObjectHandler\" class=\"Object\">deise.baumgratz@unila.edu.br |<\/span> <span id=\"OBJ_PREFIX_DWT208_ZmEmailObjectHandler\" class=\"Object\">cristiane.struckes@unila.edu.br<\/span><\/p>\n<p style=\"text-align: justify;\"><\/div><\/div><\/div>\n","protected":false},"excerpt":{"rendered":"","protected":false},"author":2,"featured_media":0,"parent":257,"menu_order":4,"comment_status":"closed","ping_status":"closed","template":"","meta":{"footnotes":""},"class_list":["post-2866","page","type-page","status-publish","hentry"],"_links":{"self":[{"href":"https:\/\/divulga.unila.edu.br\/umapas\/index.php?rest_route=\/wp\/v2\/pages\/2866","targetHints":{"allow":["GET"]}}],"collection":[{"href":"https:\/\/divulga.unila.edu.br\/umapas\/index.php?rest_route=\/wp\/v2\/pages"}],"about":[{"href":"https:\/\/divulga.unila.edu.br\/umapas\/index.php?rest_route=\/wp\/v2\/types\/page"}],"author":[{"embeddable":true,"href":"https:\/\/divulga.unila.edu.br\/umapas\/index.php?rest_route=\/wp\/v2\/users\/2"}],"replies":[{"embeddable":true,"href":"https:\/\/divulga.unila.edu.br\/umapas\/index.php?rest_route=%2Fwp%2Fv2%2Fcomments&post=2866"}],"version-history":[{"count":5,"href":"https:\/\/divulga.unila.edu.br\/umapas\/index.php?rest_route=\/wp\/v2\/pages\/2866\/revisions"}],"predecessor-version":[{"id":11416,"href":"https:\/\/divulga.unila.edu.br\/umapas\/index.php?rest_route=\/wp\/v2\/pages\/2866\/revisions\/11416"}],"up":[{"embeddable":true,"href":"https:\/\/divulga.unila.edu.br\/umapas\/index.php?rest_route=\/wp\/v2\/pages\/257"}],"wp:attachment":[{"href":"https:\/\/divulga.unila.edu.br\/umapas\/index.php?rest_route=%2Fwp%2Fv2%2Fmedia&parent=2866"}],"curies":[{"name":"wp","href":"https:\/\/api.w.org\/{rel}","templated":true}]}}