{"id":257,"date":"2016-07-21T19:07:44","date_gmt":"2016-07-21T19:07:44","guid":{"rendered":"http:\/\/10.80.6.168\/wordpress.mapeamento\/?page_id=257"},"modified":"2026-03-09T17:03:09","modified_gmt":"2026-03-09T20:03:09","slug":"mapeamentos","status":"publish","type":"page","link":"https:\/\/divulga.unila.edu.br\/umapas\/?page_id=257","title":{"rendered":"Mapeamentos"},"content":{"rendered":"<p style=\"text-align: justify;\"><div class=\"su-box su-box-style-default\" id=\"\" style=\"border-color:#2a0026;border-radius:3px;max-width:none\"><div class=\"su-box-title\" style=\"background-color:#5D2D59;color:#FFFFFF;border-top-left-radius:1px;border-top-right-radius:1px\">Mapeamento Social da Regi\u00e3o de Fronteira Trinacional: Brasil, Argentina e Paraguai<\/div><div class=\"su-box-content su-u-clearfix su-u-trim\" style=\"border-bottom-left-radius:1px;border-bottom-right-radius:1px\">\n<p style=\"text-align: justify;\">Este mapeamento resulta do trabalho de articula\u00e7\u00e3o com os atores sociais que operam na fronteira trinacional composta por Brasil, Argentina e Paraguai. Um de seus objetivos \u00e9 mapear e visibilizar os espa\u00e7os que possuem interesse em receber a\u00e7\u00f5es de extens\u00e3o da Unila. Para saber mais sobre o projeto, <a href=\".\/?page_id=104\" target=\"_blank\" rel=\"noopener\">acesse aqui<\/a>.<\/p>\n<p>Acesso direto ao <a href=\".\/?map=mapa-de-atores-sociais\" target=\"_blank\" rel=\"noopener\">Mapa de Atores Sociais da Regi\u00e3o de Fronteira Trinacional: Brasil, Argentina e Paraguai<\/a> <\/div><\/div>\n<p style=\"text-align: justify;\"><div class=\"su-box su-box-style-default\" id=\"\" style=\"border-color:#2a0026;border-radius:3px;max-width:none\"><div class=\"su-box-title\" style=\"background-color:#5D2D59;color:#FFFFFF;border-top-left-radius:1px;border-top-right-radius:1px\">Mapeamento das A\u00e7\u00f5es de Extens\u00e3o da UNILA<\/div><div class=\"su-box-content su-u-clearfix su-u-trim\" style=\"border-bottom-left-radius:1px;border-bottom-right-radius:1px\">\n<p style=\"text-align: justify;\">Este mapeamento resulta do trabalho de constru\u00e7\u00e3o de mapas das a\u00e7\u00f5es de extens\u00e3o realizadas, anualmente, pela UNILA. Para saber mais sobre o projeto, <a href=\".\/?page_id=1114\" target=\"_blank\" rel=\"noopener\">acesse aqui<\/a>.<\/p>\n<p>Acesso direto aos Mapas de A\u00e7\u00f5es de Extens\u00e3o por ano: <a href=\"https:\/\/divulga.unila.edu.br\/umapas\/?map=mapa-das-acoes-de-extensao-da-unila-2023\" target=\"_blank\" rel=\"noopener\">2023<\/a>\u00a0 |\u00a0 <a href=\".\/?map=mapa-das-acoes-de-extensao-da-unila-2022\" target=\"_blank\" rel=\"noopener\">2022<\/a>\u00a0 |\u00a0\u00a0<a href=\".\/?map=mapa-das-acoes-de-extensao-da-unila-2021\" target=\"_blank\" rel=\"noopener\">2021<\/a>*\u00a0|\u00a0\u00a0<a href=\".\/?map=mapa-das-acoes-de-extensao-2020\" target=\"_blank\" rel=\"noopener\">2020<\/a>*\u00a0 |\u00a0\u00a0<a href=\".\/?map=mapa-das-acoes-de-extensao-2019\" target=\"_blank\" rel=\"noopener\">2019<\/a>\u00a0 |\u00a0\u00a0<a href=\".\/?map=mapa-das-acoes-de-extensao-2018\" target=\"_blank\" rel=\"noopener\">2018<\/a>\u00a0 |\u00a0\u00a0<a href=\".\/?map=mapa-das-acoes-de-extensao-2017\" target=\"_blank\" rel=\"noopener\">2017<\/a>\u00a0 |\u00a0\u00a0<a href=\".\/?map=mapa-das-acoes-de-extensao-2016\" target=\"_blank\" rel=\"noopener\">2016<\/a>\u00a0 |\u00a0\u00a0<a href=\".\/?map=mapa-das-acoes-de-extensao-da-unila-2015\" target=\"_blank\" rel=\"noopener\">2015<\/a><\/p>\n<p>* Em fun\u00e7\u00e3o da pandemia de Covid-19, muitas a\u00e7\u00f5es de extens\u00e3o foram realizadas por canais virtuais. <\/div><\/div>\n<div class=\"su-box su-box-style-default\" id=\"\" style=\"border-color:#2a0026;border-radius:3px;max-width:none\"><div class=\"su-box-title\" style=\"background-color:#5D2D59;color:#FFFFFF;border-top-left-radius:1px;border-top-right-radius:1px\">Mapeamento das A\u00e7\u00f5es Culturais promovidas pela Pr\u00f3-Reitoria de Extens\u00e3o da UNILA<\/div><div class=\"su-box-content su-u-clearfix su-u-trim\" style=\"border-bottom-left-radius:1px;border-bottom-right-radius:1px\">\n<p>Este mapeamento resulta do trabalho de constru\u00e7\u00e3o de mapas das a\u00e7\u00f5es culturais promovidas pela Pr\u00f3-Reitoria de Extens\u00e3o da UNILA. Para saber mais sobre o projeto, <a href=\"https:\/\/divulga.unila.edu.br\/umapas\/?page_id=16592\" target=\"_blank\" rel=\"noopener\">acesse aqui<\/a>.<\/p>\n<p>Acesso direto aos Mapas das A\u00e7\u00f5es Culturais promovidas pela Pr\u00f3-Reitoria de Extens\u00e3o da UNILA por ano: <a href=\"https:\/\/divulga.unila.edu.br\/umapas\/?map=mapa-das-acoes-culturais-promovidas-pela-pro-reitoria-de-extensao-da-unila-2026\" target=\"_blank\" rel=\"noopener\">2026<\/a> | <a href=\"https:\/\/divulga.unila.edu.br\/umapas\/?map=mapa-das-acoes-culturais-promovidas-pela-proex-unila-2025\" target=\"_blank\" rel=\"noopener\">2025<\/a> \u00a0<\/div><\/div>\n<div class=\"su-box su-box-style-default\" id=\"\" style=\"border-color:#2a0026;border-radius:3px;max-width:none\"><div class=\"su-box-title\" style=\"background-color:#5D2D59;color:#FFFFFF;border-top-left-radius:1px;border-top-right-radius:1px\">Mapeamento dos Agentes e Espa\u00e7os Culturais<\/div><div class=\"su-box-content su-u-clearfix su-u-trim\" style=\"border-bottom-left-radius:1px;border-bottom-right-radius:1px\">\n<p>Este mapeamento resulta do trabalho de constru\u00e7\u00e3o de mapas dos agentes e espa\u00e7os culturais de Foz do Igua\u00e7u e regi\u00e3o. Para saber mais sobre o projeto, <a href=\"https:\/\/divulga.unila.edu.br\/umapas\/?page_id=16927\" target=\"_blank\" rel=\"noopener\">acesse aqui<\/a>.<\/p>\n<p>Acesso direto ao <a href=\"https:\/\/divulga.unila.edu.br\/umapas\/?map=mapa-de-agentes-e-espacos-culturais\" target=\"_blank\" rel=\"noopener\">Mapa dos Agentes e Espa\u00e7os Culturais<\/a><\/div><\/div>\n<p style=\"text-align: justify;\"><div class=\"su-box su-box-style-default\" id=\"\" style=\"border-color:#2a0026;border-radius:3px;max-width:none\"><div class=\"su-box-title\" style=\"background-color:#5D2D59;color:#FFFFFF;border-top-left-radius:1px;border-top-right-radius:1px\">Mapeamento das escolas e col\u00e9gios estaduais abrangidos pelo N\u00facleo Regional de Educa\u00e7\u00e3o de Foz do Igua\u00e7u<\/div><div class=\"su-box-content su-u-clearfix su-u-trim\" style=\"border-bottom-left-radius:1px;border-bottom-right-radius:1px\">\n<p style=\"text-align: justify;\">Este mapeamento resulta da necessidade de facilitar o contato com as escolas e col\u00e9gios da rede p\u00fablica estadual abrangidos pelo N\u00facleo Regional de Educa\u00e7\u00e3o de Foz do Igua\u00e7u. Para saber mais, <a href=\".\/?page_id=2035\" target=\"_blank\" rel=\"noopener\">acesse aqui<\/a>.<\/p>\n<p style=\"text-align: justify;\">Acesso direto ao <a href=\".\/?map=colegios-estaduais-abrangidos-pelo-nucleo-regional-de-educacao-foz-do-iguacu\" target=\"_blank\" rel=\"noopener\">Mapa das escolas e\u00a0col\u00e9gios estaduais abrangidos pelo N\u00facleo Regional de Educa\u00e7\u00e3o de Foz do Igua\u00e7u<\/a> <\/div><\/div>\n<p style=\"text-align: justify;\"><div class=\"su-box su-box-style-default\" id=\"\" style=\"border-color:#2a0026;border-radius:3px;max-width:none\"><div class=\"su-box-title\" style=\"background-color:#5D2D59;color:#FFFFFF;border-top-left-radius:1px;border-top-right-radius:1px\">Mapeamento dos CMEI's e escolas municipais de Foz do Igua\u00e7u<\/div><div class=\"su-box-content su-u-clearfix su-u-trim\" style=\"border-bottom-left-radius:1px;border-bottom-right-radius:1px\">\n<p style=\"text-align: justify;\">Este mapeamento resulta da necessidade de facilitar o contato com os CMEI&#8217;s e as escolas municipais de Foz do Igua\u00e7u. Para saber mais, <a href=\"https:\/\/divulga.unila.edu.br\/umapas\/?page_id=11980\" target=\"_blank\" rel=\"noopener\">acesse aqui<\/a>.<\/p>\n<p style=\"text-align: justify;\">Acesso direto ao <a href=\"https:\/\/divulga.unila.edu.br\/umapas\/?map=mapa-dos-cmeis-e-das-escolas-municipais-de-foz-do-iguacu\" target=\"_blank\" rel=\"noopener\">Mapa dos CMEI&#8217;s e escolas municipais de Foz do Igua\u00e7u<\/a> <\/div><\/div>\n<p style=\"text-align: justify;\"><div class=\"su-box su-box-style-default\" id=\"\" style=\"border-color:#2a0026;border-radius:3px;max-width:none\"><div class=\"su-box-title\" style=\"background-color:#5D2D59;color:#FFFFFF;border-top-left-radius:1px;border-top-right-radius:1px\">Mapeamento das Universidades de Fronteira<\/div><div class=\"su-box-content su-u-clearfix su-u-trim\" style=\"border-bottom-left-radius:1px;border-bottom-right-radius:1px\">\n<p style=\"text-align: justify;\">Este mapeamento resulta da pesquisa intitulada \u201cUNIVERSIDADES DE FRONTEIRA: Um estudo sobre o perfil institucional e as necessidades das Institui\u00e7\u00f5es de Ensino Superior em \u00e1reas de fronteira no Brasil\u201d, desenvolvida no Eixo Tem\u00e1tico VII &#8211; Mobilidade e Produ\u00e7\u00e3o de Conhecimento na Fronteira, no \u00e2mbito do Edital IMEA 06\/2018. O Relat\u00f3rio completo est\u00e1 dispon\u00edvel <a href=\"https:\/\/drive.google.com\/file\/d\/1UOdr7vndwVV-Ynxyi124lS8QSzwLJh-2\/view?usp=sharing\" target=\"_blank\" rel=\"noopener\">aqui<\/a>. Para saber mais, <a href=\".\/?page_id=2866\" target=\"_blank\" rel=\"noopener\">acesse aqui<\/a>.<\/p>\n<p style=\"text-align: justify;\">Acesso direto ao <a href=\".\/?map=mapa-das-universidades-de-fronteira\" target=\"_blank\" rel=\"noopener\">Mapa das Universidades de Fronteira<\/a> <\/div><\/div>\n<div class=\"su-box su-box-style-default\" id=\"\" style=\"border-color:#2a0026;border-radius:3px;max-width:none\"><div class=\"su-box-title\" style=\"background-color:#5D2D59;color:#FFFFFF;border-top-left-radius:1px;border-top-right-radius:1px\">UNILA ao seu alcance<\/div><div class=\"su-box-content su-u-clearfix su-u-trim\" style=\"border-bottom-left-radius:1px;border-bottom-right-radius:1px\">\n<p>Este mapeamento resulta das visitas do projeto de extens\u00e3o &#8220;UNILA ao seu alcance&#8221; realizadas \u00e0s escolas do N\u00facleo Regional de Educa\u00e7\u00e3o de Foz do Igua\u00e7u. Para saber mais, <a href=\"https:\/\/divulga.unila.edu.br\/umapas\/?page_id=16960\" target=\"_blank\" rel=\"noopener\">acesse aqui<\/a>.<\/p>\n<p>Acesso direto aos Mapas dos locais de realiza\u00e7\u00e3o do projeto de extens\u00e3o &#8220;UNILA ao seu alcance&#8221;: <a href=\"https:\/\/divulga.unila.edu.br\/umapas\/?map=mapa-dos-locais-de-realizacao-do-projeto-de-extensao-unila-ao-seu-alcance-2019\" target=\"_blank\" rel=\"noopener\">2019<\/a><\/div><\/div>\n<p style=\"text-align: justify;\">\n","protected":false},"excerpt":{"rendered":"","protected":false},"author":2,"featured_media":0,"parent":0,"menu_order":2,"comment_status":"closed","ping_status":"closed","template":"","meta":{"footnotes":""},"class_list":["post-257","page","type-page","status-publish","hentry"],"_links":{"self":[{"href":"https:\/\/divulga.unila.edu.br\/umapas\/index.php?rest_route=\/wp\/v2\/pages\/257","targetHints":{"allow":["GET"]}}],"collection":[{"href":"https:\/\/divulga.unila.edu.br\/umapas\/index.php?rest_route=\/wp\/v2\/pages"}],"about":[{"href":"https:\/\/divulga.unila.edu.br\/umapas\/index.php?rest_route=\/wp\/v2\/types\/page"}],"author":[{"embeddable":true,"href":"https:\/\/divulga.unila.edu.br\/umapas\/index.php?rest_route=\/wp\/v2\/users\/2"}],"replies":[{"embeddable":true,"href":"https:\/\/divulga.unila.edu.br\/umapas\/index.php?rest_route=%2Fwp%2Fv2%2Fcomments&post=257"}],"version-history":[{"count":132,"href":"https:\/\/divulga.unila.edu.br\/umapas\/index.php?rest_route=\/wp\/v2\/pages\/257\/revisions"}],"predecessor-version":[{"id":17048,"href":"https:\/\/divulga.unila.edu.br\/umapas\/index.php?rest_route=\/wp\/v2\/pages\/257\/revisions\/17048"}],"wp:attachment":[{"href":"https:\/\/divulga.unila.edu.br\/umapas\/index.php?rest_route=%2Fwp%2Fv2%2Fmedia&parent=257"}],"curies":[{"name":"wp","href":"https:\/\/api.w.org\/{rel}","templated":true}]}}