{"id":11980,"date":"2022-05-12T11:51:56","date_gmt":"2022-05-12T14:51:56","guid":{"rendered":"https:\/\/unila.edu.br\/umapas\/?page_id=11980"},"modified":"2026-02-11T13:36:04","modified_gmt":"2026-02-11T16:36:04","slug":"mapeamento-dos-cmeis-e-das-escolas-municipais-de-foz-do-iguacu","status":"publish","type":"page","link":"https:\/\/divulga.unila.edu.br\/umapas\/?page_id=11980","title":{"rendered":"Mapeamento dos CMEI&#8217;s e escolas municipais de Foz do Igua\u00e7u"},"content":{"rendered":"<p style=\"text-align: justify;\"><div class=\"su-tabs su-tabs-style-default su-tabs-mobile-stack\" data-active=\"1\" data-scroll-offset=\"0\" data-anchor-in-url=\"no\"><div class=\"su-tabs-nav\"><span class=\"\" data-url=\"\" data-target=\"blank\" tabindex=\"0\" role=\"button\"><strong>O que \u00e9<\/strong><\/span><span class=\"\" data-url=\"\" data-target=\"blank\" tabindex=\"0\" role=\"button\"><strong>Objetivo<\/strong><\/span><span class=\"\" data-url=\"\" data-target=\"blank\" tabindex=\"0\" role=\"button\"><strong>Metodologia<\/strong><\/span><span class=\"\" data-url=\"\" data-target=\"blank\" tabindex=\"0\" role=\"button\"><strong>Mapa<\/strong><\/span><span class=\"\" data-url=\"\" data-target=\"blank\" tabindex=\"0\" role=\"button\"><strong>Contato<\/strong><\/span><\/div><div class=\"su-tabs-panes\"><div class=\"su-tabs-pane su-u-clearfix su-u-trim\" data-title=\"&lt;strong&gt;O que \u00e9&lt;\/strong&gt;\">\n<p>O \u201cMapeamento dos Centros Municipais de Educa\u00e7\u00e3o Infantil (CMEI&#8217;s) e escolas municipais de Foz do Igua\u00e7u\u201d foi realizado pela Pr\u00f3-Reitoria de Extens\u00e3o (PROEX) da Universidade Federal da Integra\u00e7\u00e3o Latino-Americana (UNILA). Sua concep\u00e7\u00e3o partiu de demandas apresentadas por coordenadoras(es) de a\u00e7\u00f5es de extens\u00e3o, que apontaram para a necessidade de se facilitar o contato com os CMEI&#8217;s e as escolas da rede p\u00fablica municipal de Foz do Igua\u00e7u.<\/p>\n<\/div>\n<div class=\"su-tabs-pane su-u-clearfix su-u-trim\" data-title=\"&lt;strong&gt;Objetivo&lt;\/strong&gt;\">\n<p style=\"text-align: justify;\" align=\"justify\">Mapear os CMEI&#8217;s e as escolas municipais de Foz do Igua\u00e7u, com o objetivo de visibiliz\u00e1-los para a comunidade interna da UNILA, tendo em vista o desenvolvimento de atividades em conjunto.<\/p>\n<p style=\"text-align: justify;\"><\/div>\n<div class=\"su-tabs-pane su-u-clearfix su-u-trim\" data-title=\"&lt;strong&gt;Metodologia&lt;\/strong&gt;\">\n<p align=\"justify\">Consiste na elabora\u00e7\u00e3o de um mapa a partir das informa\u00e7\u00f5es oficiais disponibilizadas pela Secretaria Municipal de Educa\u00e7\u00e3o, assim como da geolocaliza\u00e7\u00e3o dos CMEI&#8217;s e escolas municipais de Foz do Igua\u00e7u.<\/p>\n<p style=\"text-align: justify;\"><\/div>\n<div class=\"su-tabs-pane su-u-clearfix su-u-trim\" data-title=\"&lt;strong&gt;Mapa&lt;\/strong&gt;\"> Para visualizar a localiza\u00e7\u00e3o dos CMEI&#8217;s e escolas municipais de Foz do Igua\u00e7u mapeados, acesse:<\/p>\n<p style=\"text-align: justify;\"><a href=\"https:\/\/divulga.unila.edu.br\/umapas\/?map=mapa-dos-cmeis-e-das-escolas-municipais-de-foz-do-iguacu\" target=\"_blank\" rel=\"noopener\"><strong>Mapa dos CMEI&#8217;s e escolas municipais de Foz do Igua\u00e7u<\/strong><\/a><\/p>\n<p style=\"text-align: justify;\"><\/div>\n<div class=\"su-tabs-pane su-u-clearfix su-u-trim\" data-title=\"&lt;strong&gt;Contato&lt;\/strong&gt;\">\n<p style=\"text-align: justify;\"><strong>UNILA &#8211; <\/strong>UNIVERSIDADE FEDERAL DA INTEGRA\u00c7\u00c3O LATINO-AMERICANA<\/p>\n<p style=\"text-align: justify;\"><strong>PROEX<\/strong> &#8211; Pr\u00f3-Reitoria de Extens\u00e3o<\/p>\n<p><strong>COEX<\/strong> &#8211; Coordenadoria de Extens\u00e3o<\/p>\n<p><strong>CONTATO:<\/strong> +55 45 3522-9920 | <strong>E-MAIL:<\/strong> coex.proex@unila.edu.br<\/p>\n<p style=\"text-align: justify;\"><\/div><\/div><\/div>\n","protected":false},"excerpt":{"rendered":"","protected":false},"author":2,"featured_media":0,"parent":257,"menu_order":3,"comment_status":"closed","ping_status":"closed","template":"","meta":{"footnotes":""},"class_list":["post-11980","page","type-page","status-publish","hentry"],"_links":{"self":[{"href":"https:\/\/divulga.unila.edu.br\/umapas\/index.php?rest_route=\/wp\/v2\/pages\/11980","targetHints":{"allow":["GET"]}}],"collection":[{"href":"https:\/\/divulga.unila.edu.br\/umapas\/index.php?rest_route=\/wp\/v2\/pages"}],"about":[{"href":"https:\/\/divulga.unila.edu.br\/umapas\/index.php?rest_route=\/wp\/v2\/types\/page"}],"author":[{"embeddable":true,"href":"https:\/\/divulga.unila.edu.br\/umapas\/index.php?rest_route=\/wp\/v2\/users\/2"}],"replies":[{"embeddable":true,"href":"https:\/\/divulga.unila.edu.br\/umapas\/index.php?rest_route=%2Fwp%2Fv2%2Fcomments&post=11980"}],"version-history":[{"count":5,"href":"https:\/\/divulga.unila.edu.br\/umapas\/index.php?rest_route=\/wp\/v2\/pages\/11980\/revisions"}],"predecessor-version":[{"id":16578,"href":"https:\/\/divulga.unila.edu.br\/umapas\/index.php?rest_route=\/wp\/v2\/pages\/11980\/revisions\/16578"}],"up":[{"embeddable":true,"href":"https:\/\/divulga.unila.edu.br\/umapas\/index.php?rest_route=\/wp\/v2\/pages\/257"}],"wp:attachment":[{"href":"https:\/\/divulga.unila.edu.br\/umapas\/index.php?rest_route=%2Fwp%2Fv2%2Fmedia&parent=11980"}],"curies":[{"name":"wp","href":"https:\/\/api.w.org\/{rel}","templated":true}]}}