{"id":5,"date":"2022-11-11T15:30:42","date_gmt":"2022-11-11T18:30:42","guid":{"rendered":"https:\/\/divulga.unila.edu.br\/isf\/?page_id=2"},"modified":"2026-02-24T20:07:21","modified_gmt":"2026-02-24T23:07:21","slug":"pagina-exemplo","status":"publish","type":"page","link":"https:\/\/divulga.unila.edu.br\/isf\/","title":{"rendered":"Nucli IsF UNILA"},"content":{"rendered":"\t\t<div data-elementor-type=\"wp-page\" data-elementor-id=\"5\" class=\"elementor elementor-5\">\n\t\t\t\t\t\t<section class=\"has_eae_slider elementor-section elementor-top-section elementor-element elementor-element-3ba4767b elementor-section-boxed elementor-section-height-default elementor-section-height-default wpr-particle-no wpr-jarallax-no wpr-parallax-no wpr-sticky-section-no wpr-equal-height-no\" data-eae-slider=\"2759\" data-id=\"3ba4767b\" data-element_type=\"section\" data-e-type=\"section\">\n\t\t\t\t\t\t<div class=\"elementor-container elementor-column-gap-default\">\n\t\t\t\t\t<div class=\"has_eae_slider elementor-column elementor-col-100 elementor-top-column elementor-element elementor-element-3c630639\" data-eae-slider=\"64193\" data-id=\"3c630639\" data-element_type=\"column\" data-e-type=\"column\">\n\t\t\t<div class=\"elementor-widget-wrap elementor-element-populated\">\n\t\t\t\t\t\t<div class=\"elementor-element elementor-element-4029dded elementor-widget__width-initial elementor-widget elementor-widget-text-editor\" data-id=\"4029dded\" data-element_type=\"widget\" data-e-type=\"widget\" data-widget_type=\"text-editor.default\">\n\t\t\t\t<div class=\"elementor-widget-container\">\n\t\t\t\t\t\t\t\t\t<p>Esta \u00e9 a p\u00e1gina do Nucli IsF UNILA, credenciado \u00e0 Rede Andifes IsF, uma rede de especialistas em idiomas que atuam em diversas institui\u00e7\u00f5es de Ensino Superior no Brasil e no exterior.<\/p>\n<p><!-- \/wp:paragraph --><\/p>\n<p><!-- wp:paragraph --><\/p>\n<p>A Rede Andifes-IsF tem como objetivo, junto \u00e0s IFES vinculadas \u00e0 Andifes que aderirem \u00e0 Rede, por meio de chamada espec\u00edfica ou carta convite, propiciar:<\/p>\n<p><!-- \/wp:paragraph --><\/p>\n<p><!-- wp:list --><\/p>\n<ul>\n<li>A forma\u00e7\u00e3o inicial e continuada de professores de idiomas para atuarem em processos de internacionaliza\u00e7\u00e3o,<\/li>\n<li>O desenvolvimento de profici\u00eancia lingu\u00edstica de:\n<ul>\n<li>Estudantes, docentes e corpo t\u00e9cnico-administrativo das IFES credenciadas;<\/li>\n<li>Professores de idiomas da rede p\u00fablica de Educa\u00e7\u00e3o B\u00e1sica;<\/li>\n<li>Estrangeiros (em l\u00edngua portuguesa), contribuindo para o desenvolvimento de uma pol\u00edtica lingu\u00edstica para o pa\u00eds.<\/li>\n<\/ul>\n<\/li>\n<li>O trabalho em rede para o desenvolvimento de pol\u00edticas lingu\u00edsticas no Ensino Superior Brasileiro. Mais informa\u00e7\u00f5es na p\u00e1gina da <a href=\"https:\/\/redeisf.pro.br\/\" target=\"_blank\" rel=\"noopener\">Rede Andifes IsF<\/a>.<\/li>\n<\/ul>\n<p>Na UNILA, atuamos como um projeto de extens\u00e3o que oferta cursos de espanhol e de portugu\u00eas para estrangeiros, destinados tanto \u00e0 comunidade interna universit\u00e1ria (estudantes, docentes e TAEs) como tamb\u00e9m \u00e0 comunidade externa (dentro e fora do pa\u00eds)<\/p>\n<ol>\n<li>Esses cursos podem ser ofertados nas modalidades presenciais e\/ou remota, seguindo nosso cat\u00e1logo (que pode ser observado na aba de cada idioma), com diferentes cargas hor\u00e1rias e para diversos n\u00edveis de conhecimento da l\u00edngua a ser estudada.<\/li>\n<li>Tamb\u00e9m participamos da oferta coletiva divulgada pela RedeIsF, que corresponde a um calend\u00e1rio comum a toda a rede e na qual um estudante de uma universidade credenciada pode se inscrever em cursos ofertados por outras IES credenciadas, de forma remota.\u00a0<\/li>\n<\/ol>\n<p>Observa\u00e7\u00f5es:\u00a0<\/p>\n<ol>\n<li>N\u00e3o h\u00e1 qualquer cobran\u00e7a de taxa ou mensalidade em nossos cursos.<\/li>\n<li>A divulga\u00e7\u00e3o de inscri\u00e7\u00f5es ser\u00e1 feita em nossas redes e pelos canais de comunica\u00e7\u00e3o da UNILA. Fiquem atentos!<\/li>\n<\/ol>\n<p><!-- \/wp:list --><\/p>\n<p><!-- wp:paragraph --><\/p>\n<p><!-- \/wp:paragraph --><\/p>\t\t\t\t\t\t\t\t<\/div>\n\t\t\t\t<\/div>\n\t\t\t\t\t<\/div>\n\t\t<\/div>\n\t\t\t\t\t<\/div>\n\t\t<\/section>\n\t\t\t\t<section class=\"has_eae_slider elementor-section elementor-top-section elementor-element elementor-element-8233857 elementor-section-boxed elementor-section-height-default elementor-section-height-default wpr-particle-no wpr-jarallax-no wpr-parallax-no wpr-sticky-section-no wpr-equal-height-no\" data-eae-slider=\"74382\" data-id=\"8233857\" data-element_type=\"section\" data-e-type=\"section\">\n\t\t\t\t\t\t<div class=\"elementor-container elementor-column-gap-default\">\n\t\t\t\t\t<div class=\"has_eae_slider elementor-column elementor-col-33 elementor-top-column elementor-element elementor-element-1f2d768\" data-eae-slider=\"27412\" data-id=\"1f2d768\" data-element_type=\"column\" data-e-type=\"column\">\n\t\t\t<div class=\"elementor-widget-wrap elementor-element-populated\">\n\t\t\t\t\t\t<div class=\"elementor-element elementor-element-145946b elementor-widget__width-initial elementor-widget elementor-widget-image\" data-id=\"145946b\" data-element_type=\"widget\" data-e-type=\"widget\" data-widget_type=\"image.default\">\n\t\t\t\t<div class=\"elementor-widget-container\">\n\t\t\t\t\t\t\t\t\t\t\t\t\t\t\t\t<a href=\"https:\/\/www.instagram.com\/isf_unila\/\">\n\t\t\t\t\t\t\t<img fetchpriority=\"high\" decoding=\"async\" width=\"225\" height=\"225\" src=\"https:\/\/divulga.unila.edu.br\/isf\/wp-content\/uploads\/sites\/11\/2023\/09\/download-1.jpeg\" class=\"attachment-large size-large wp-image-605\" alt=\"\" srcset=\"https:\/\/divulga.unila.edu.br\/isf\/wp-content\/uploads\/sites\/11\/2023\/09\/download-1.jpeg 225w, https:\/\/divulga.unila.edu.br\/isf\/wp-content\/uploads\/sites\/11\/2023\/09\/download-1-150x150.jpeg 150w, https:\/\/divulga.unila.edu.br\/isf\/wp-content\/uploads\/sites\/11\/2023\/09\/download-1-40x40.jpeg 40w, https:\/\/divulga.unila.edu.br\/isf\/wp-content\/uploads\/sites\/11\/2023\/09\/download-1-205x205.jpeg 205w, https:\/\/divulga.unila.edu.br\/isf\/wp-content\/uploads\/sites\/11\/2023\/09\/download-1-144x144.jpeg 144w\" sizes=\"(max-width: 225px) 100vw, 225px\" \/>\t\t\t\t\t\t\t\t<\/a>\n\t\t\t\t\t\t\t\t\t\t\t\t\t\t\t<\/div>\n\t\t\t\t<\/div>\n\t\t\t\t\t<\/div>\n\t\t<\/div>\n\t\t\t\t<div class=\"has_eae_slider elementor-column elementor-col-33 elementor-top-column elementor-element elementor-element-3dd0d7c\" data-eae-slider=\"4037\" data-id=\"3dd0d7c\" data-element_type=\"column\" data-e-type=\"column\">\n\t\t\t<div class=\"elementor-widget-wrap elementor-element-populated\">\n\t\t\t\t\t\t<div class=\"elementor-element elementor-element-e840e79 elementor-widget__width-initial elementor-widget elementor-widget-image\" data-id=\"e840e79\" data-element_type=\"widget\" data-e-type=\"widget\" data-widget_type=\"image.default\">\n\t\t\t\t<div class=\"elementor-widget-container\">\n\t\t\t\t\t\t\t\t\t\t\t\t\t\t\t\t<a href=\"https:\/\/www.facebook.com\/isf.unila\">\n\t\t\t\t\t\t\t<img decoding=\"async\" width=\"225\" height=\"225\" src=\"https:\/\/divulga.unila.edu.br\/isf\/wp-content\/uploads\/sites\/11\/2023\/09\/download2.png\" class=\"attachment-large size-large wp-image-608\" alt=\"\" srcset=\"https:\/\/divulga.unila.edu.br\/isf\/wp-content\/uploads\/sites\/11\/2023\/09\/download2.png 225w, https:\/\/divulga.unila.edu.br\/isf\/wp-content\/uploads\/sites\/11\/2023\/09\/download2-150x150.png 150w, https:\/\/divulga.unila.edu.br\/isf\/wp-content\/uploads\/sites\/11\/2023\/09\/download2-40x40.png 40w, https:\/\/divulga.unila.edu.br\/isf\/wp-content\/uploads\/sites\/11\/2023\/09\/download2-205x205.png 205w, https:\/\/divulga.unila.edu.br\/isf\/wp-content\/uploads\/sites\/11\/2023\/09\/download2-144x144.png 144w\" sizes=\"(max-width: 225px) 100vw, 225px\" \/>\t\t\t\t\t\t\t\t<\/a>\n\t\t\t\t\t\t\t\t\t\t\t\t\t\t\t<\/div>\n\t\t\t\t<\/div>\n\t\t\t\t\t<\/div>\n\t\t<\/div>\n\t\t\t\t<div class=\"has_eae_slider elementor-column elementor-col-33 elementor-top-column elementor-element elementor-element-8226510\" data-eae-slider=\"386\" data-id=\"8226510\" data-element_type=\"column\" data-e-type=\"column\">\n\t\t\t<div class=\"elementor-widget-wrap elementor-element-populated\">\n\t\t\t\t\t\t<div class=\"elementor-element elementor-element-235eeaa elementor-widget elementor-widget-image\" data-id=\"235eeaa\" data-element_type=\"widget\" data-e-type=\"widget\" data-widget_type=\"image.default\">\n\t\t\t\t<div class=\"elementor-widget-container\">\n\t\t\t\t\t\t\t\t\t\t\t\t\t\t\t\t<a href=\"https:\/\/www.youtube.com\/@redeandifesisf\">\n\t\t\t\t\t\t\t<img decoding=\"async\" width=\"225\" height=\"225\" src=\"https:\/\/divulga.unila.edu.br\/isf\/wp-content\/uploads\/sites\/11\/2024\/08\/download.png\" class=\"attachment-large size-large wp-image-815\" alt=\"\" srcset=\"https:\/\/divulga.unila.edu.br\/isf\/wp-content\/uploads\/sites\/11\/2024\/08\/download.png 225w, https:\/\/divulga.unila.edu.br\/isf\/wp-content\/uploads\/sites\/11\/2024\/08\/download-150x150.png 150w, https:\/\/divulga.unila.edu.br\/isf\/wp-content\/uploads\/sites\/11\/2024\/08\/download-40x40.png 40w, https:\/\/divulga.unila.edu.br\/isf\/wp-content\/uploads\/sites\/11\/2024\/08\/download-205x205.png 205w, https:\/\/divulga.unila.edu.br\/isf\/wp-content\/uploads\/sites\/11\/2024\/08\/download-144x144.png 144w\" sizes=\"(max-width: 225px) 100vw, 225px\" \/>\t\t\t\t\t\t\t\t<\/a>\n\t\t\t\t\t\t\t\t\t\t\t\t\t\t\t<\/div>\n\t\t\t\t<\/div>\n\t\t\t\t\t<\/div>\n\t\t<\/div>\n\t\t\t\t\t<\/div>\n\t\t<\/section>\n\t\t\t\t<section class=\"has_eae_slider elementor-section elementor-top-section elementor-element elementor-element-d3996dc elementor-section-boxed elementor-section-height-default elementor-section-height-default wpr-particle-no wpr-jarallax-no wpr-parallax-no wpr-sticky-section-no wpr-equal-height-no\" data-eae-slider=\"88411\" data-id=\"d3996dc\" data-element_type=\"section\" data-e-type=\"section\">\n\t\t\t\t\t\t<div class=\"elementor-container elementor-column-gap-default\">\n\t\t\t\t\t<div class=\"has_eae_slider elementor-column elementor-col-100 elementor-top-column elementor-element elementor-element-5796c97\" data-eae-slider=\"26622\" data-id=\"5796c97\" data-element_type=\"column\" data-e-type=\"column\">\n\t\t\t<div class=\"elementor-widget-wrap elementor-element-populated\">\n\t\t\t\t\t\t<div class=\"elementor-element elementor-element-a738e6c elementor-button-info elementor-align-justify elementor-widget elementor-widget-button\" data-id=\"a738e6c\" data-element_type=\"widget\" data-e-type=\"widget\" data-widget_type=\"button.default\">\n\t\t\t\t<div class=\"elementor-widget-container\">\n\t\t\t\t\t\t\t\t\t<div class=\"elementor-button-wrapper\">\n\t\t\t\t\t<a class=\"elementor-button elementor-button-link elementor-size-md\" href=\"https:\/\/divulga.unila.edu.br\/isf\/2023\/04\/26\/espanhol\/\">\n\t\t\t\t\t\t<span class=\"elementor-button-content-wrapper\">\n\t\t\t\t\t\t\t\t\t<span class=\"elementor-button-text\">Espanhol \/ Espa\u00f1ol<\/span>\n\t\t\t\t\t<\/span>\n\t\t\t\t\t<\/a>\n\t\t\t\t<\/div>\n\t\t\t\t\t\t\t\t<\/div>\n\t\t\t\t<\/div>\n\t\t\t\t<div class=\"elementor-element elementor-element-24484d5 elementor-button-info elementor-align-justify elementor-widget elementor-widget-button\" data-id=\"24484d5\" data-element_type=\"widget\" data-e-type=\"widget\" data-widget_type=\"button.default\">\n\t\t\t\t<div class=\"elementor-widget-container\">\n\t\t\t\t\t\t\t\t\t<div class=\"elementor-button-wrapper\">\n\t\t\t\t\t<a class=\"elementor-button elementor-button-link elementor-size-md\" href=\"https:\/\/divulga.unila.edu.br\/isf\/2023\/06\/19\/elementor-304\">\n\t\t\t\t\t\t<span class=\"elementor-button-content-wrapper\">\n\t\t\t\t\t\t\t\t\t<span class=\"elementor-button-text\">Portugu\u00eas para estrangeiros<\/span>\n\t\t\t\t\t<\/span>\n\t\t\t\t\t<\/a>\n\t\t\t\t<\/div>\n\t\t\t\t\t\t\t\t<\/div>\n\t\t\t\t<\/div>\n\t\t\t\t<div class=\"elementor-element elementor-element-12b69d3 elementor-widget elementor-widget-text-editor\" data-id=\"12b69d3\" data-element_type=\"widget\" data-e-type=\"widget\" data-widget_type=\"text-editor.default\">\n\t\t\t\t<div class=\"elementor-widget-container\">\n\t\t\t\t\t\t\t\t\t<h4>Equipe Nucli-IsF UNILA:<\/h4>\n<p><strong>Coordena\u00e7\u00e3o administrativa:<\/strong> Natalia dos Santos Figueiredo<\/p>\n<p><strong>Docentes Especialistas:\u00a0<\/strong><\/p>\n<p>Ligia Karina Martins de Andrade (Espanhol)\u00a0<\/p>\n<p>Natalia dos Santos Figueiredo (Espanhol e Portugu\u00eas)<\/p>\n<p>Wagner Barros Teixeira (Espanhol e Portugu\u00eas)<\/p>\n<p><span style=\"text-align: start\">Docentes interessados em fazer parte de nossa rede de especialistas podem acessar\u00a0<\/span><a style=\"background-color: #ffffff;text-align: start;font-weight: bold\" href=\"https:\/\/www.youtube.com\/watch?v=ySWK-5YzFrE\" target=\"_blank\" rel=\"noopener\">aqui<\/a><span style=\"font-weight: bold;text-align: start\">.<\/span><span style=\"color: var(--wp--preset--color--secondary);font-family: var( --e-global-typography-text-font-family ), Sans-serif;font-size: var(--wp--custom--font-sizes--normal);font-weight: var( --e-global-typography-text-font-weight );background-color: var(--wp--custom--color--background)\">\u00a0<\/span><\/p>\n<p>\u00a0<\/p>\t\t\t\t\t\t\t\t<\/div>\n\t\t\t\t<\/div>\n\t\t\t\t\t<\/div>\n\t\t<\/div>\n\t\t\t\t\t<\/div>\n\t\t<\/section>\n\t\t\t\t<section class=\"has_eae_slider elementor-section elementor-top-section elementor-element elementor-element-b31c7d6 elementor-section-boxed elementor-section-height-default elementor-section-height-default wpr-particle-no wpr-jarallax-no wpr-parallax-no wpr-sticky-section-no wpr-equal-height-no\" data-eae-slider=\"25090\" data-id=\"b31c7d6\" data-element_type=\"section\" data-e-type=\"section\">\n\t\t\t\t\t\t<div class=\"elementor-container elementor-column-gap-default\">\n\t\t\t\t\t<div class=\"has_eae_slider elementor-column elementor-col-100 elementor-top-column elementor-element elementor-element-7c7a766\" data-eae-slider=\"22720\" data-id=\"7c7a766\" data-element_type=\"column\" data-e-type=\"column\">\n\t\t\t<div class=\"elementor-widget-wrap elementor-element-populated\">\n\t\t\t\t\t\t<div class=\"elementor-element elementor-element-fd069fa elementor-widget__width-initial elementor-widget elementor-widget-image\" data-id=\"fd069fa\" data-element_type=\"widget\" data-e-type=\"widget\" data-widget_type=\"image.default\">\n\t\t\t\t<div class=\"elementor-widget-container\">\n\t\t\t\t\t\t\t\t\t\t\t\t\t\t\t\t<a href=\"https:\/\/portal.unila.edu.br\/\">\n\t\t\t\t\t\t\t<img loading=\"lazy\" decoding=\"async\" width=\"300\" height=\"300\" src=\"https:\/\/divulga.unila.edu.br\/isf\/wp-content\/uploads\/sites\/11\/2026\/02\/UNILA.png\" class=\"attachment-medium size-medium wp-image-909\" alt=\"\" srcset=\"https:\/\/divulga.unila.edu.br\/isf\/wp-content\/uploads\/sites\/11\/2026\/02\/UNILA.png 300w, https:\/\/divulga.unila.edu.br\/isf\/wp-content\/uploads\/sites\/11\/2026\/02\/UNILA-150x150.png 150w, https:\/\/divulga.unila.edu.br\/isf\/wp-content\/uploads\/sites\/11\/2026\/02\/UNILA-40x40.png 40w, https:\/\/divulga.unila.edu.br\/isf\/wp-content\/uploads\/sites\/11\/2026\/02\/UNILA-275x275.png 275w, https:\/\/divulga.unila.edu.br\/isf\/wp-content\/uploads\/sites\/11\/2026\/02\/UNILA-205x205.png 205w\" sizes=\"(max-width: 300px) 100vw, 300px\" \/>\t\t\t\t\t\t\t\t<\/a>\n\t\t\t\t\t\t\t\t\t\t\t\t\t\t\t<\/div>\n\t\t\t\t<\/div>\n\t\t\t\t<div class=\"elementor-element elementor-element-61b3318 elementor-widget__width-initial elementor-widget elementor-widget-text-editor\" data-id=\"61b3318\" data-element_type=\"widget\" data-e-type=\"widget\" data-widget_type=\"text-editor.default\">\n\t\t\t\t<div class=\"elementor-widget-container\">\n\t\t\t\t\t\t\t\t\t<h5><a href=\"https:\/\/portal.unila.edu.br\/\">Universidade Federal da Integra\u00e7\u00e3o Latino-americana<\/a><\/h5>\n<h5><a style=\"font-size: var(--wp--custom--font-sizes--normal)\" href=\"https:\/\/portal.unila.edu.br\/institutos\/ilaach\/orgaos-complementares\/nieli\">N\u00facleo Interdisciplinar de Estudos de L\u00edngua(gem) e Interculturalidade (NIELI)<\/a><\/h5>\n<p>Endere\u00e7o: Avenida Tarqu\u00ednio Joslin dos Santos, 1000 &#8211; Jardim Universit\u00e1rio<\/p>\n<p>Foz do Igua\u00e7u, Paran\u00e1 &#8211; Brasil\u00a0<\/p>\n<h5><span style=\"text-decoration: underline\"><a href=\"https:\/\/portal.unila.edu.br\/\"><b>https:\/\/portal.unila.edu.br\/<\/b><\/a><\/span><\/h5>\n<div><i style=\"color: #555555;font-family: Roboto, sans-serif\">Contatos: isf.unila@unila.edu.br<\/i><\/div>\n<h5><a href=\"http:\/\/divulga.unila.edu.br\/politica-privacidade\/\" target=\"_blank\" rel=\"noopener\"><u>http:\/\/divulga.unila.edu.br\/politica-privacidade\/<\/u><\/a><\/h5>\n<p>\u00a0<\/p>\t\t\t\t\t\t\t\t<\/div>\n\t\t\t\t<\/div>\n\t\t\t\t\t<\/div>\n\t\t<\/div>\n\t\t\t\t\t<\/div>\n\t\t<\/section>\n\t\t\t\t<section class=\"has_eae_slider elementor-section elementor-top-section elementor-element elementor-element-833b2d4 elementor-section-boxed elementor-section-height-default elementor-section-height-default wpr-particle-no wpr-jarallax-no wpr-parallax-no wpr-sticky-section-no wpr-equal-height-no\" data-eae-slider=\"15845\" data-id=\"833b2d4\" data-element_type=\"section\" data-e-type=\"section\">\n\t\t\t\t\t\t<div class=\"elementor-container elementor-column-gap-default\">\n\t\t\t\t\t<div class=\"has_eae_slider elementor-column elementor-col-100 elementor-top-column elementor-element elementor-element-41b4c31\" data-eae-slider=\"82719\" data-id=\"41b4c31\" data-element_type=\"column\" data-e-type=\"column\">\n\t\t\t<div class=\"elementor-widget-wrap elementor-element-populated\">\n\t\t\t\t\t\t<div class=\"elementor-element elementor-element-518b9fc elementor-widget elementor-widget-google_maps\" data-id=\"518b9fc\" data-element_type=\"widget\" data-e-type=\"widget\" data-widget_type=\"google_maps.default\">\n\t\t\t\t<div class=\"elementor-widget-container\">\n\t\t\t\t\t\t\t<div class=\"elementor-custom-embed\">\n\t\t\t<iframe loading=\"lazy\"\n\t\t\t\t\tsrc=\"https:\/\/maps.google.com\/maps?q=Avenidad%20Tarqu%C3%ADnio%20Joslin%20dos%20Santos%2C%201000%20Foz%20do%20Igua%C3%A7u&#038;t=m&#038;z=13&#038;output=embed&#038;iwloc=near\"\n\t\t\t\t\ttitle=\"Avenidad Tarqu\u00ednio Joslin dos Santos, 1000 Foz do Igua\u00e7u\"\n\t\t\t\t\taria-label=\"Avenidad Tarqu\u00ednio Joslin dos Santos, 1000 Foz do Igua\u00e7u\"\n\t\t\t><\/iframe>\n\t\t<\/div>\n\t\t\t\t\t\t<\/div>\n\t\t\t\t<\/div>\n\t\t\t\t\t<\/div>\n\t\t<\/div>\n\t\t\t\t\t<\/div>\n\t\t<\/section>\n\t\t\t\t<\/div>\n\t\t","protected":false},"excerpt":{"rendered":"<p>Esta \u00e9 a p\u00e1gina do Nucli IsF UNILA, credenciado \u00e0 Rede Andifes IsF, uma rede de especialistas em idiomas que atuam em diversas institui\u00e7\u00f5es de Ensino Superior no Brasil e no exterior. A Rede Andifes-IsF tem como objetivo, junto \u00e0s IFES vinculadas \u00e0 Andifes que aderirem \u00e0 Rede, por meio de chamada espec\u00edfica ou carta convite, propiciar: A forma\u00e7\u00e3o inicial e continuada de professores de idiomas para atuarem em processos de internacionaliza\u00e7\u00e3o, O desenvolvimento de profici\u00eancia lingu\u00edstica de: Estudantes, docentes e corpo t\u00e9cnico-administrativo das IFES credenciadas; Professores de idiomas da rede p\u00fablica de Educa\u00e7\u00e3o B\u00e1sica; Estrangeiros (em l\u00edngua portuguesa), contribuindo para o desenvolvimento de uma pol\u00edtica lingu\u00edstica para o pa\u00eds. O trabalho em rede para o desenvolvimento de pol\u00edticas lingu\u00edsticas no Ensino Superior Brasileiro. Mais informa\u00e7\u00f5es na p\u00e1gina da Rede Andifes IsF. Na UNILA, atuamos como um projeto de extens\u00e3o que oferta cursos de espanhol e de portugu\u00eas para estrangeiros, destinados tanto \u00e0 comunidade interna universit\u00e1ria (estudantes, docentes e TAEs) como tamb\u00e9m \u00e0 comunidade externa (dentro e fora do pa\u00eds) Esses cursos podem ser ofertados nas modalidades presenciais e\/ou remota, seguindo nosso cat\u00e1logo (que pode ser observado na aba de cada idioma), com diferentes cargas hor\u00e1rias e para diversos n\u00edveis de conhecimento da l\u00edngua a ser estudada. Tamb\u00e9m participamos da oferta coletiva divulgada pela RedeIsF, que corresponde a um calend\u00e1rio comum a toda a rede e na qual um estudante de uma universidade credenciada pode se inscrever em cursos ofertados por outras IES credenciadas, de forma remota.\u00a0 Observa\u00e7\u00f5es:\u00a0 N\u00e3o h\u00e1 qualquer cobran\u00e7a de taxa ou mensalidade em nossos cursos. A divulga\u00e7\u00e3o de inscri\u00e7\u00f5es ser\u00e1 feita em nossas redes e pelos canais de comunica\u00e7\u00e3o da UNILA. Fiquem atentos! Espanhol \/ Espa\u00f1ol Portugu\u00eas para estrangeiros Equipe Nucli-IsF UNILA: Coordena\u00e7\u00e3o administrativa: Natalia dos Santos Figueiredo Docentes Especialistas:\u00a0 Ligia Karina Martins de Andrade (Espanhol)\u00a0 Natalia dos Santos Figueiredo (Espanhol e Portugu\u00eas) Wagner Barros Teixeira (Espanhol e Portugu\u00eas) Docentes interessados em fazer parte de nossa rede de especialistas podem acessar\u00a0aqui.\u00a0 \u00a0 Universidade Federal da Integra\u00e7\u00e3o Latino-americana N\u00facleo Interdisciplinar de Estudos de L\u00edngua(gem) e Interculturalidade (NIELI) Endere\u00e7o: Avenida Tarqu\u00ednio Joslin dos Santos, 1000 &#8211; Jardim Universit\u00e1rio Foz do Igua\u00e7u, Paran\u00e1 &#8211; Brasil\u00a0 https:\/\/portal.unila.edu.br\/ Contatos: isf.unila@unila.edu.br http:\/\/divulga.unila.edu.br\/politica-privacidade\/ \u00a0<\/p>\n","protected":false},"author":23,"featured_media":0,"parent":0,"menu_order":0,"comment_status":"closed","ping_status":"closed","template":"","meta":{"_uag_custom_page_level_css":"","_themeisle_gutenberg_block_has_review":false,"footnotes":""},"class_list":["post-5","page","type-page","status-publish","hentry"],"uagb_featured_image_src":{"full":false,"thumbnail":false,"medium":false,"medium_large":false,"large":false,"1536x1536":false,"2048x2048":false,"htmega_size_585x295":false,"htmega_size_1170x536":false,"htmega_size_396x360":false,"tainacan-small":false,"tainacan-medium":false,"tainacan-medium-full":false,"tainacan-large-full":false},"uagb_author_info":{"display_name":"","author_link":"https:\/\/divulga.unila.edu.br\/isf\/author\/"},"uagb_comment_info":0,"uagb_excerpt":"Esta \u00e9 a p\u00e1gina do Nucli IsF UNILA, credenciado \u00e0 Rede Andifes IsF, uma rede de especialistas em idiomas que atuam em diversas institui\u00e7\u00f5es de Ensino Superior no Brasil e no exterior. A Rede Andifes-IsF tem como objetivo, junto \u00e0s IFES vinculadas \u00e0 Andifes que aderirem \u00e0 Rede, por meio de chamada espec\u00edfica ou carta&hellip;","_links":{"self":[{"href":"https:\/\/divulga.unila.edu.br\/isf\/wp-json\/wp\/v2\/pages\/5","targetHints":{"allow":["GET"]}}],"collection":[{"href":"https:\/\/divulga.unila.edu.br\/isf\/wp-json\/wp\/v2\/pages"}],"about":[{"href":"https:\/\/divulga.unila.edu.br\/isf\/wp-json\/wp\/v2\/types\/page"}],"author":[{"embeddable":true,"href":"https:\/\/divulga.unila.edu.br\/isf\/wp-json\/wp\/v2\/users\/23"}],"replies":[{"embeddable":true,"href":"https:\/\/divulga.unila.edu.br\/isf\/wp-json\/wp\/v2\/comments?post=5"}],"version-history":[{"count":163,"href":"https:\/\/divulga.unila.edu.br\/isf\/wp-json\/wp\/v2\/pages\/5\/revisions"}],"predecessor-version":[{"id":927,"href":"https:\/\/divulga.unila.edu.br\/isf\/wp-json\/wp\/v2\/pages\/5\/revisions\/927"}],"wp:attachment":[{"href":"https:\/\/divulga.unila.edu.br\/isf\/wp-json\/wp\/v2\/media?parent=5"}],"curies":[{"name":"wp","href":"https:\/\/api.w.org\/{rel}","templated":true}]}}