{"id":51,"date":"2023-09-22T19:05:53","date_gmt":"2023-09-22T22:05:53","guid":{"rendered":"https:\/\/divulga.unila.edu.br\/interclinica\/?page_id=51"},"modified":"2025-09-14T07:40:12","modified_gmt":"2025-09-14T10:40:12","slug":"escuta-psicologica","status":"publish","type":"page","link":"https:\/\/divulga.unila.edu.br\/interclinica\/servicos-a-comunidade\/escuta-psicologica\/","title":{"rendered":"Escuta Psicol\u00f3gica"},"content":{"rendered":"\t\t<div data-elementor-type=\"wp-page\" data-elementor-id=\"51\" class=\"elementor elementor-51\">\n\t\t\t\t<div class=\"has_eae_slider elementor-element elementor-element-36348e8c e-flex e-con-boxed wpr-particle-no wpr-jarallax-no wpr-parallax-no wpr-sticky-section-no wpr-equal-height-no e-con e-parent\" data-eae-slider=\"25135\" data-id=\"36348e8c\" data-element_type=\"container\" data-e-type=\"container\">\n\t\t\t\t\t<div class=\"e-con-inner\">\n\t\t\t\t<div class=\"elementor-element elementor-element-34b07d elementor-widget elementor-widget-text-editor\" data-id=\"34b07d\" data-element_type=\"widget\" data-e-type=\"widget\" data-widget_type=\"text-editor.default\">\n\t\t\t\t<div class=\"elementor-widget-container\">\n\t\t\t\t\t\t\t\t\t<p style=\"text-align: justify\">\u00a0<\/p>\n<pre>I - O que \u00e9?<\/pre>\n<p style=\"text-align: justify\"><!-- \/wp:heading --><\/p>\n<p style=\"text-align: justify\"><!-- wp:paragraph --><\/p>\n<p style=\"text-align: justify\">Trata-se de um projeto de extens\u00e3o cujo objetivo \u00e9 oferecer atendimento psicol\u00f3gico \u00e0s pessoas LGBTQIAP+, pretas e pardas, ind\u00edgenas, refugiadas e\/ou imigrantes e, assim, contribuir para o combate dos efeitos das diversas formas de discrimina\u00e7\u00e3o e preconceito que incidem sobre estes segmentos da popula\u00e7\u00e3o e que geram sofrimento ps\u00edquico.<\/p>\n<p style=\"text-align: justify\"><!-- \/wp:paragraph --><\/p>\n<p style=\"text-align: justify\"><!-- wp:heading --><\/p>\n<pre>II - O que oferecemos?<\/pre>\n<p style=\"text-align: justify\"><!-- \/wp:heading --><\/p>\n<p style=\"text-align: justify\"><!-- wp:paragraph --><\/p>\n<p style=\"text-align: justify\">&#8211; Suporte psicol\u00f3gico e emocional;<\/p>\n<p style=\"text-align: justify\"><!-- \/wp:paragraph --><\/p>\n<p style=\"text-align: justify\"><!-- wp:paragraph --><\/p>\n<p style=\"text-align: justify\">&#8211; Orienta\u00e7\u00e3o psicol\u00f3gica;<\/p>\n<p style=\"text-align: justify\"><!-- \/wp:paragraph --><\/p>\n<p style=\"text-align: justify\"><!-- wp:paragraph --><\/p>\n<p style=\"text-align: justify\">&#8211; Psicoterapia breve individual.<\/p>\n<p style=\"text-align: justify\"><!-- \/wp:paragraph --><\/p>\n<p style=\"text-align: justify\"><!-- wp:heading --><\/p>\n<pre>III - Por que um projeto assim?<\/pre>\n<p style=\"text-align: justify\"><!-- \/wp:heading --><\/p>\n<p style=\"text-align: justify\"><!-- wp:paragraph --><\/p>\n<p style=\"text-align: justify\">O estigma, o preconceito e a discrimina\u00e7\u00e3o em raz\u00e3o da orienta\u00e7\u00e3o sexual, da identidade de g\u00eanero, da ra\u00e7a\/cor, da etnia, da classe social, da idade e da capacidade etc. s\u00e3o fatores geradores de sofrimento ps\u00edquico. Atrav\u00e9s deste projeto, buscamos promover sa\u00fade numa perspectiva psicossocial sens\u00edvel \u00e0s diversas din\u00e2micas sociais que impactam os processos de adoecimento e do bem-estar social.<\/p>\n<p style=\"text-align: justify\"><!-- \/wp:paragraph --><\/p>\n<p style=\"text-align: justify\"><!-- wp:heading --><\/p>\n<pre>IV - Quem pode participar?<\/pre>\n<p style=\"text-align: justify\"><!-- \/wp:heading --><\/p>\n<p style=\"text-align: justify\"><!-- wp:paragraph --><\/p>\n<p style=\"text-align: justify\">O projeto visa a atender pessoas LGBTQIAP+, pessoas pretas e pardas, ind\u00edgenas, refugiados\/as e\/ou imigrantes de baixa renda. O servi\u00e7o \u00e9 ofertado apenas para pessoas com idade igual ou superior a dezoito anos.<\/p>\n<p style=\"text-align: justify\"><!-- \/wp:paragraph --><\/p>\n<p style=\"text-align: justify\"><!-- wp:heading --><\/p>\n<pre>V - Os atendimentos s\u00e3o gratuitos?<\/pre>\n<p style=\"text-align: justify\"><!-- \/wp:heading --><\/p>\n<p style=\"text-align: justify\"><!-- wp:paragraph --><\/p>\n<p style=\"text-align: justify\">Os servi\u00e7os prestados pelo projeto s\u00e3o inteiramente gratuitos e seguem os par\u00e2metros estabelecidos pelo C\u00f3digo de \u00c9tica da Psicologia. O n\u00famero de sess\u00f5es pode variar de uma a doze a depender da demanda; eventualmente, o n\u00famero de sess\u00f5es pode ser aumentado.<\/p>\n<p style=\"text-align: justify\"><!-- \/wp:paragraph --><\/p>\n<p style=\"text-align: justify\"><!-- wp:heading --><\/p>\n<pre>VI - Como me inscrever para receber atendimento?<\/pre>\n<p style=\"text-align: justify\"><!-- \/wp:heading --><\/p>\n<p style=\"text-align: justify\"><!-- wp:paragraph --><\/p>\n<p style=\"text-align: justify\">Para participar do projeto, \u00e9 preciso ler atentamente todas as informa\u00e7\u00f5es contidas nesse formul\u00e1rio (<a href=\"https:\/\/forms.gle\/Vqc6RteH2sKr69jZA\" target=\"_blank\" rel=\"noopener\">https:\/\/forms.gle\/Vqc6RteH2sKr69jZA<\/a>), preench\u00ea-lo e envi\u00e1-lo. Depois do envio, o coordenador entrar\u00e1 em contato para marcar entrevista inicial de triagem, confirmar os dados cadastrais, acolher a demanda e dar in\u00edcio aos atendimentos, conforme o caso.<\/p>\n<p style=\"text-align: justify\"><!-- \/wp:paragraph --><\/p>\n<p style=\"text-align: justify\"><!-- wp:heading --><\/p>\n<pre>VII - Estou com d\u00favidas. E agora?<\/pre>\n<p style=\"text-align: justify\"><!-- \/wp:heading --><\/p>\n<p style=\"text-align: justify\"><!-- wp:paragraph --><\/p>\n<p style=\"text-align: justify\">Envie sua d\u00favida para o WhatsApp do projeto (+55 45) 98814-7063 e aguarde a resposta. Voc\u00ea tamb\u00e9m pode usar este n\u00famero para fazer sugest\u00f5es.<\/p>\n<p style=\"text-align: justify\"><!-- \/wp:paragraph --><\/p>\n<p style=\"text-align: justify\"><!-- wp:heading --><\/p>\n<pre>VIII - Ao se inscrever, o\/a interessado\/a declara ci\u00eancia de que:<\/pre>\n<p style=\"text-align: justify\"><!-- \/wp:heading --><\/p>\n<p style=\"text-align: justify\"><!-- wp:paragraph --><\/p>\n<p style=\"text-align: justify\">&#8211; O preenchimento do formul\u00e1rio n\u00e3o garante atendimento, pois o atendimento s\u00f3 ser\u00e1 realizado se a demanda estiver dentro do escopo da proposta do projeto e se houver condi\u00e7\u00f5es t\u00e9cnicas e materiais para tanto.<\/p>\n<p style=\"text-align: justify\"><!-- \/wp:paragraph --><\/p>\n<p style=\"text-align: justify\"><!-- wp:paragraph --><\/p>\n<p style=\"text-align: justify\">&#8211; Os atendimentos acontecem por ordem de inscri\u00e7\u00e3o; por isso, o in\u00edcio imediato de atendimento ou a necessidade de espera depender\u00e1 do fluxo de pessoas interessadas em atendimento. Al\u00e9m disso, o projeto se reserva o direito de estabelecer prioridades diante das caracter\u00edsticas das demandas.<\/p>\n<p style=\"text-align: justify\"><!-- \/wp:paragraph --><\/p>\n<p style=\"text-align: justify\"><!-- wp:paragraph --><\/p>\n<p style=\"text-align: justify\">&#8211; Duas faltas seguidas ou intercaladas \u00e0s sess\u00f5es implicar\u00e3o a interrup\u00e7\u00e3o do atendimento, ficando a pessoa sujeita \u00e0 espera de nova vaga.<\/p>\n<p style=\"text-align: justify\"><!-- \/wp:paragraph --><\/p>\n<p style=\"text-align: justify\"><!-- wp:paragraph --><\/p>\n<p style=\"text-align: justify\">&#8211; O projeto n\u00e3o assume qualquer \u00f4nus financeiro que, porventura, a pessoa interessada venha a ter em decorr\u00eancia de sua participa\u00e7\u00e3o.<\/p>\n<p style=\"text-align: justify\">\u00a0<\/p>\n<p style=\"text-align: justify\">________________________<\/p>\n<p><span style=\"font-weight: 400\"><b>Escucha psicol\u00f3gica<\/b><\/span><\/p>\n<pre><span style=\"font-weight: 400\">I \u2013 \u00bfQu\u00e9 es?<\/span><\/pre>\n<p style=\"text-align: justify\"><span style=\"font-weight: 400\">Este es un proyecto de extensi\u00f3n cuyo objetivo es ofrecer apoyo psicol\u00f3gico a personas LGBTQIAP+, negras, ind\u00edgenas, refugiadas y\/o inmigrantes y as\u00ed contribuir a combatir los efectos de diferentes formas de discriminaci\u00f3n y prejuicios que afectan a estos segmentos de la poblaci\u00f3n y que generan sufrimiento psicol\u00f3gico.<\/span><\/p>\n<pre>II \u2013 \u00bfQu\u00e9 ofrecemos?<\/pre>\n<p style=\"text-align: justify\"><span style=\"font-weight: 400\">\u2013 Apoyo psicol\u00f3gico y emocional;<\/span><\/p>\n<p style=\"text-align: justify\"><span style=\"font-weight: 400\">\u2013 Orientaci\u00f3n psicol\u00f3gica;<\/span><\/p>\n<p style=\"text-align: justify\"><span style=\"font-weight: 400\">\u2013 Psicoterapia individual breve.<\/span><\/p>\n<pre>III \u2013 \u00bfPor qu\u00e9 tal proyecto?<\/pre>\n<p style=\"text-align: justify\"><span style=\"font-weight: 400\">Estigma, prejuicio y discriminaci\u00f3n por orientaci\u00f3n sexual, identidad de g\u00e9nero, raza\/color, etnia, clase, edad, capacidad etc. son factores que generan sufrimiento psicol\u00f3gico. A trav\u00e9s de este proyecto buscamos promover la salud desde una perspectiva psicosocial sensible a las diferentes din\u00e1micas sociales que impactan la enfermedad y los procesos de bienestar social.<\/span><\/p>\n<pre>IV \u2013 \u00bfQui\u00e9n puede participar?<\/pre>\n<p style=\"text-align: justify\"><span style=\"font-weight: 400\">El proyecto tiene como objetivo atender a personas LGBTQIAP+, personas negras, pueblos ind\u00edgenas, refugiados y\/o inmigrantes de bajos ingresos. El servicio s\u00f3lo est\u00e1 disponible para personas mayores de dieciocho a\u00f1os.<\/span><\/p>\n<pre>V \u2013 \u00bfLos servicios son gratuitos?<\/pre>\n<p style=\"text-align: justify\"><span style=\"font-weight: 400\">Los servicios que brinda el proyecto son completamente gratuitos y siguen los par\u00e1metros establecidos por el C\u00f3digo de \u00c9tica de la Psicolog\u00eda (Brasil). El n\u00famero de sesiones puede variar de una a doce seg\u00fan la demanda. En \u00faltima instancia, se podr\u00e1 aumentar el n\u00famero de sesiones.<\/span><\/p>\n<pre>VI \u2013 \u00bfC\u00f3mo me registro para beneficiarme del servicio?<\/pre>\n<p style=\"text-align: justify\"><span style=\"font-weight: 400\">Para participar en el proyecto es necesario leer atentamente toda la informaci\u00f3n contenida en este formulario (https:\/\/forms.gle\/Vqc6RteH2sKr69jZA), llenarlo y enviarlo. Luego del env\u00edo, el coordinador se comunicar\u00e1 para programar una entrevista inicial, confirmar los datos de registro, aceptar la solicitud e iniciar el soporte, si corresponde.<\/span><\/p>\n<pre>VII \u2013 Tengo dudas. Y ahora?<\/pre>\n<p style=\"text-align: justify\"><span style=\"font-weight: 400\">Env\u00eda tu pregunta al WhatsApp del proyecto (+55 45) 98814-7063 y espera respuesta. Tambi\u00e9n puede utilizar este n\u00famero para hacer sugerencias.<\/span><\/p>\n<pre>VIII \u2013 Al registrarse, el interesado declara tener conocimiento de lo siguiente<span style=\"font-weight: 400\">:<\/span><\/pre>\n<p style=\"text-align: justify\"><span style=\"font-weight: 400\">\u2013 Llenar el formulario no garantiza el servicio, ya que el servicio s\u00f3lo se prestar\u00e1 si la solicitud est\u00e9 dentro del alcance de la propuesta del proyecto y si existen condiciones t\u00e9cnicas y materiales para ello.<\/span><\/p>\n<p style=\"text-align: justify\"><span style=\"font-weight: 400\">\u2013 Los servicios se realizan por orden de inscripci\u00f3n. Por tanto, el inicio inmediato del servicio o la necesidad de esperar depender\u00e1 del flujo de personas interesadas en el servicio. Adem\u00e1s, el proyecto se reserva el derecho de establecer prioridades en funci\u00f3n de las caracter\u00edsticas de las solicitudes.<\/span><\/p>\n<p style=\"text-align: justify\"><span style=\"font-weight: 400\">\u2013 Dos ausencias a sesiones consecutivas o intercaladas supondr\u00e1n la interrupci\u00f3n del servicio, quedando la persona a la espera de una nueva plaza vacante.<\/span><\/p>\n<p style=\"text-align: justify\"><span style=\"font-weight: 400\">\u2013 El proyecto no asume ninguna carga econ\u00f3mica que la persona interesada pudiera soportar por motivo de su participaci\u00f3n.<\/span><\/p>\n<p style=\"text-align: justify\"><br style=\"font-weight: 400\" \/>___________________________<\/p>\n<p><b>\u00c9coute psychologique<\/b><\/p>\n<pre>I \u2013 Qu'est-ce que c'est ?<\/pre>\n<p style=\"text-align: justify\"><span style=\"font-weight: 400\">Il s&#8217;agit d&#8217;un projet d&#8217;extension dont l&#8217;objectif est d&#8217;offrir une prise en charge psychologique aux personnes LGBTQIAP+, noires, r\u00e9fugi\u00e9es et\/ou immigr\u00e9es et ainsi contribuer \u00e0 lutter contre les effets des diff\u00e9rentes formes de discrimination et de pr\u00e9jug\u00e9s qui touchent ces segments de la population et qui g\u00e9n\u00e8rent des souffrances psychologiques.<\/span><\/p>\n<pre>II \u2013 Que proposons-nous ?<\/pre>\n<p style=\"text-align: justify\"><span style=\"font-weight: 400\">\u2013 Un soutien psychologique et \u00e9motionnel ;<\/span><\/p>\n<p style=\"text-align: justify\"><span style=\"font-weight: 400\">\u2013 Orientation psychologique ;<\/span><\/p>\n<p style=\"text-align: justify\"><span style=\"font-weight: 400\">\u2013 Psychoth\u00e9rapie individuelle br\u00e8ve.<\/span><\/p>\n<pre>III \u2013 Pourquoi un tel projet ?<span style=\"font-weight: 400\"><br \/><\/span><\/pre>\n<p style=\"text-align: justify\"><span style=\"font-weight: 400\">Stigmatisation, pr\u00e9jug\u00e9s et discrimination fond\u00e9s sur l&#8217;orientation sexuelle, l&#8217;identit\u00e9 de genre, la race\/couleur, l&#8217;origine ethnique, la classe sociale, l&#8217;\u00e2ge, les capacit\u00e9s etc. sont des facteurs qui g\u00e9n\u00e8rent de la souffrance psychologique. \u00c0 travers ce projet, nous cherchons \u00e0 promouvoir la sant\u00e9 dans une perspective psychosociale sensible aux diff\u00e9rentes dynamiques sociales qui impactent les processus de maladie et de bien-\u00eatre social.<\/span><\/p>\n<pre>IV \u2013 Qui peut participer ?<span style=\"font-weight: 400\">\u00a0<\/span><\/pre>\n<p style=\"text-align: justify\"><span style=\"font-weight: 400\">Le projet vise \u00e0 servir les personnes LGBTQIAP+, les personnes noires, les r\u00e9fugi\u00e9s et\/ou les immigrants \u00e0 faible revenu. Le service est offert uniquement aux personnes \u00e2g\u00e9es de dix-huit ans ou plus.<\/span><\/p>\n<pre>V \u2013 Les services sont-ils gratuits ?<\/pre>\n<p style=\"text-align: justify\"><span style=\"font-weight: 400\">Les services fournis par le projet sont enti\u00e8rement gratuits et suivent les param\u00e8tres \u00e9tablis par le Code d&#8217;\u00c9thique de la Psychologie (Br\u00e9sil). Le nombre de s\u00e9ances peut varier d&#8217;une \u00e0 douze selon la demande\u202f; \u00e0 terme, le nombre de s\u00e9ances pourra \u00eatre augment\u00e9.<\/span><\/p>\n<pre style=\"text-align: justify\">VI \u2013 Comment m'inscrire pour b\u00e9n\u00e9ficier du service\u202f? <\/pre>\n<p style=\"text-align: justify\">Pour participer au projet, vous devez lire attentivement toutes les informations contenues dans ce formulaire (<a href=\"https:\/\/forms.gle\/Vqc6RteH2sKr69jZA\">https:\/\/forms.gle\/Vqc6RteH2sKr69jZA<\/a>), le remplir et l&#8217;envoyer. Apr\u00e8s la soumission, le coordinateur vous contactera pour planifier un premier entretien, confirmer les donn\u00e9es d&#8217;inscription, accepter la demande et commencer l&#8217;assistance, le cas \u00e9ch\u00e9ant.<\/p>\n<pre>VII \u2013 J'ai des doutes. Que faire? <\/pre>\n<p style=\"text-align: justify\"><span style=\"font-weight: 400\">Envoyez votre question au WhatsApp du projet (+55 45) 98814-7063 et attendez une r\u00e9ponse. Vous pouvez \u00e9galement utiliser ce num\u00e9ro pour faire des suggestions.<\/span><\/p>\n<pre style=\"text-align: justify\">VIII \u2013 Lors de l\u2019inscription, l'int\u00e9ress\u00e9 d\u00e9clare avoir connaissance de ce qui suit<span style=\"font-weight: 400\"> :<\/span><\/pre>\n<p style=\"text-align: justify\"><span style=\"font-weight: 400\">\u2013 Le fait de remplir le formulaire ne garantit pas le service, car le service ne sera fourni que si la demande entre dans le cadre de la proposition de projet et s&#8217;il existe des conditions techniques et mat\u00e9rielles pour le faire.<\/span><\/p>\n<p style=\"text-align: justify\"><span style=\"font-weight: 400\">\u2013 Les prestations se d\u00e9roulent par ordre d\u2019inscription. Par cons\u00e9quent, le d\u00e9marrage imm\u00e9diat du service ou la n\u00e9cessit\u00e9 d\u2019attendre d\u00e9pendra du flux de personnes int\u00e9ress\u00e9es par le service. De plus, le projet se r\u00e9serve le droit d&#8217;\u00e9tablir des priorit\u00e9s en fonction des caract\u00e9ristiques des demandes.<\/span><\/p>\n<p style=\"text-align: justify\"><span style=\"font-weight: 400\">\u2013 Deux absences aux s\u00e9ances cons\u00e9cutives ou intercal\u00e9es entra\u00eeneront l\u2019interruption du service, laissant la personne soumise \u00e0 l\u2019attente d\u2019une nouvelle place vacante.<\/span><\/p>\n<p style=\"text-align: justify\"><span style=\"font-weight: 400\">\u2013 Le projet n\u2019assume aucune charge financi\u00e8re que la personne int\u00e9ress\u00e9e pourrait supporter du fait de sa participation.<\/span><\/p>\n<p><!-- \/wp:paragraph --><\/p>\t\t\t\t\t\t\t\t<\/div>\n\t\t\t\t<\/div>\n\t\t\t\t\t<\/div>\n\t\t\t\t<\/div>\n\t\t<div class=\"has_eae_slider elementor-element elementor-element-b776e4b e-flex e-con-boxed wpr-particle-no wpr-jarallax-no wpr-parallax-no wpr-sticky-section-no wpr-equal-height-no e-con e-parent\" data-eae-slider=\"47589\" data-id=\"b776e4b\" data-element_type=\"container\" data-e-type=\"container\">\n\t\t\t\t\t<div class=\"e-con-inner\">\n\t\t\t\t<div class=\"elementor-element elementor-element-4db90c4 elementor-widget elementor-widget-heading\" data-id=\"4db90c4\" data-element_type=\"widget\" data-e-type=\"widget\" data-widget_type=\"heading.default\">\n\t\t\t\t<div class=\"elementor-widget-container\">\n\t\t\t\t\t<h2 class=\"elementor-heading-title elementor-size-large\">Entre 2022 e 2023, foram realizados os seguintes projetos de escuta psicol\u00f3gica:<\/h2>\t\t\t\t<\/div>\n\t\t\t\t<\/div>\n\t\t\t\t\t<\/div>\n\t\t\t\t<\/div>\n\t\t<div class=\"has_eae_slider elementor-element elementor-element-98f1fae e-flex e-con-boxed wpr-particle-no wpr-jarallax-no wpr-parallax-no wpr-sticky-section-no wpr-equal-height-no e-con e-parent\" data-eae-slider=\"95744\" data-id=\"98f1fae\" data-element_type=\"container\" data-e-type=\"container\">\n\t\t\t\t\t<div class=\"e-con-inner\">\n\t\t\t\t<div class=\"elementor-element elementor-element-ed78b64 elementor-widget elementor-widget-image\" data-id=\"ed78b64\" data-element_type=\"widget\" data-e-type=\"widget\" data-widget_type=\"image.default\">\n\t\t\t\t<div class=\"elementor-widget-container\">\n\t\t\t\t\t\t\t\t\t\t\t\t\t\t\t<img fetchpriority=\"high\" decoding=\"async\" width=\"663\" height=\"663\" src=\"https:\/\/divulga.unila.edu.br\/interclinica\/wp-content\/uploads\/sites\/39\/2024\/01\/1-1024x1024.png\" class=\"attachment-large size-large wp-image-572\" alt=\"\" srcset=\"https:\/\/divulga.unila.edu.br\/interclinica\/wp-content\/uploads\/sites\/39\/2024\/01\/1-1024x1024.png 1024w, https:\/\/divulga.unila.edu.br\/interclinica\/wp-content\/uploads\/sites\/39\/2024\/01\/1-300x300.png 300w, https:\/\/divulga.unila.edu.br\/interclinica\/wp-content\/uploads\/sites\/39\/2024\/01\/1-150x150.png 150w, https:\/\/divulga.unila.edu.br\/interclinica\/wp-content\/uploads\/sites\/39\/2024\/01\/1-768x768.png 768w, https:\/\/divulga.unila.edu.br\/interclinica\/wp-content\/uploads\/sites\/39\/2024\/01\/1-40x40.png 40w, https:\/\/divulga.unila.edu.br\/interclinica\/wp-content\/uploads\/sites\/39\/2024\/01\/1-275x275.png 275w, https:\/\/divulga.unila.edu.br\/interclinica\/wp-content\/uploads\/sites\/39\/2024\/01\/1-205x205.png 205w, https:\/\/divulga.unila.edu.br\/interclinica\/wp-content\/uploads\/sites\/39\/2024\/01\/1-480x480.png 480w, https:\/\/divulga.unila.edu.br\/interclinica\/wp-content\/uploads\/sites\/39\/2024\/01\/1-144x144.png 144w, https:\/\/divulga.unila.edu.br\/interclinica\/wp-content\/uploads\/sites\/39\/2024\/01\/1-982x982.png 982w, https:\/\/divulga.unila.edu.br\/interclinica\/wp-content\/uploads\/sites\/39\/2024\/01\/1.png 1080w\" sizes=\"(max-width: 663px) 100vw, 663px\" \/>\t\t\t\t\t\t\t\t\t\t\t\t\t\t\t<\/div>\n\t\t\t\t<\/div>\n\t\t\t\t\t<\/div>\n\t\t\t\t<\/div>\n\t\t<div class=\"has_eae_slider elementor-element elementor-element-540fca3 e-flex e-con-boxed wpr-particle-no wpr-jarallax-no wpr-parallax-no wpr-sticky-section-no wpr-equal-height-no e-con e-parent\" data-eae-slider=\"62449\" data-id=\"540fca3\" data-element_type=\"container\" data-e-type=\"container\">\n\t\t\t\t\t<div class=\"e-con-inner\">\n\t\t\t\t\t<\/div>\n\t\t\t\t<\/div>\n\t\t<div class=\"has_eae_slider elementor-element elementor-element-bef151c e-flex e-con-boxed wpr-particle-no wpr-jarallax-no wpr-parallax-no wpr-sticky-section-no wpr-equal-height-no e-con e-parent\" data-eae-slider=\"90007\" data-id=\"bef151c\" data-element_type=\"container\" data-e-type=\"container\">\n\t\t\t\t\t<div class=\"e-con-inner\">\n\t\t\t\t<div class=\"elementor-element elementor-element-7c9cab6 elementor-widget elementor-widget-image\" data-id=\"7c9cab6\" data-element_type=\"widget\" data-e-type=\"widget\" data-widget_type=\"image.default\">\n\t\t\t\t<div class=\"elementor-widget-container\">\n\t\t\t\t\t\t\t\t\t\t\t\t\t\t\t<img decoding=\"async\" width=\"663\" height=\"663\" src=\"https:\/\/divulga.unila.edu.br\/interclinica\/wp-content\/uploads\/sites\/39\/2024\/01\/2-1024x1024.png\" class=\"attachment-large size-large wp-image-575\" alt=\"\" srcset=\"https:\/\/divulga.unila.edu.br\/interclinica\/wp-content\/uploads\/sites\/39\/2024\/01\/2-1024x1024.png 1024w, https:\/\/divulga.unila.edu.br\/interclinica\/wp-content\/uploads\/sites\/39\/2024\/01\/2-300x300.png 300w, https:\/\/divulga.unila.edu.br\/interclinica\/wp-content\/uploads\/sites\/39\/2024\/01\/2-150x150.png 150w, https:\/\/divulga.unila.edu.br\/interclinica\/wp-content\/uploads\/sites\/39\/2024\/01\/2-768x768.png 768w, https:\/\/divulga.unila.edu.br\/interclinica\/wp-content\/uploads\/sites\/39\/2024\/01\/2-40x40.png 40w, https:\/\/divulga.unila.edu.br\/interclinica\/wp-content\/uploads\/sites\/39\/2024\/01\/2-275x275.png 275w, https:\/\/divulga.unila.edu.br\/interclinica\/wp-content\/uploads\/sites\/39\/2024\/01\/2-205x205.png 205w, https:\/\/divulga.unila.edu.br\/interclinica\/wp-content\/uploads\/sites\/39\/2024\/01\/2-480x480.png 480w, https:\/\/divulga.unila.edu.br\/interclinica\/wp-content\/uploads\/sites\/39\/2024\/01\/2-144x144.png 144w, https:\/\/divulga.unila.edu.br\/interclinica\/wp-content\/uploads\/sites\/39\/2024\/01\/2-982x982.png 982w, https:\/\/divulga.unila.edu.br\/interclinica\/wp-content\/uploads\/sites\/39\/2024\/01\/2.png 1080w\" sizes=\"(max-width: 663px) 100vw, 663px\" \/>\t\t\t\t\t\t\t\t\t\t\t\t\t\t\t<\/div>\n\t\t\t\t<\/div>\n\t\t\t\t\t<\/div>\n\t\t\t\t<\/div>\n\t\t\t\t<\/div>\n\t\t","protected":false},"excerpt":{"rendered":"<p>\u00a0 I &#8211; O que \u00e9? Trata-se de um projeto de extens\u00e3o cujo objetivo \u00e9 oferecer atendimento psicol\u00f3gico \u00e0s pessoas LGBTQIAP+, pretas e pardas, ind\u00edgenas, refugiadas e\/ou imigrantes e, assim, contribuir para o combate dos efeitos das diversas formas de discrimina\u00e7\u00e3o e preconceito que incidem sobre estes segmentos da popula\u00e7\u00e3o e que geram sofrimento ps\u00edquico. II &#8211; O que oferecemos? &#8211; Suporte psicol\u00f3gico e emocional; &#8211; Orienta\u00e7\u00e3o psicol\u00f3gica; &#8211; Psicoterapia breve individual. III &#8211; Por que um projeto assim? O estigma, o preconceito e a discrimina\u00e7\u00e3o em raz\u00e3o da orienta\u00e7\u00e3o sexual, da identidade de g\u00eanero, da ra\u00e7a\/cor, da etnia, da classe social, da idade e da capacidade etc. s\u00e3o fatores geradores de sofrimento ps\u00edquico. Atrav\u00e9s deste projeto, buscamos promover sa\u00fade numa perspectiva psicossocial sens\u00edvel \u00e0s diversas din\u00e2micas sociais que impactam os processos de adoecimento e do bem-estar social. IV &#8211; Quem pode participar? O projeto visa a atender pessoas LGBTQIAP+, pessoas pretas e pardas, ind\u00edgenas, refugiados\/as e\/ou imigrantes de baixa renda. O servi\u00e7o \u00e9 ofertado apenas para pessoas com idade igual ou superior a dezoito anos. V &#8211; Os atendimentos s\u00e3o gratuitos? Os servi\u00e7os prestados pelo projeto s\u00e3o inteiramente gratuitos e seguem os par\u00e2metros estabelecidos pelo C\u00f3digo de \u00c9tica da Psicologia. O n\u00famero de sess\u00f5es pode variar de uma a doze a depender da demanda; eventualmente, o n\u00famero de sess\u00f5es pode ser aumentado. VI &#8211; Como me inscrever para receber atendimento? Para participar do projeto, \u00e9 preciso ler atentamente todas as informa\u00e7\u00f5es contidas nesse formul\u00e1rio (https:\/\/forms.gle\/Vqc6RteH2sKr69jZA), preench\u00ea-lo e envi\u00e1-lo. Depois do envio, o coordenador entrar\u00e1 em contato para marcar entrevista inicial de triagem, confirmar os dados cadastrais, acolher a demanda e dar in\u00edcio aos atendimentos, conforme o caso. VII &#8211; Estou com d\u00favidas. E agora? Envie sua d\u00favida para o WhatsApp do projeto (+55 45) 98814-7063 e aguarde a resposta. Voc\u00ea tamb\u00e9m pode usar este n\u00famero para fazer sugest\u00f5es. VIII &#8211; Ao se inscrever, o\/a interessado\/a declara ci\u00eancia de que: &#8211; O preenchimento do formul\u00e1rio n\u00e3o garante atendimento, pois o atendimento s\u00f3 ser\u00e1 realizado se a demanda estiver dentro do escopo da proposta do projeto e se houver condi\u00e7\u00f5es t\u00e9cnicas e materiais para tanto. &#8211; Os atendimentos acontecem por ordem de inscri\u00e7\u00e3o; por isso, o in\u00edcio imediato de atendimento ou a necessidade de espera depender\u00e1 do fluxo de pessoas interessadas em atendimento. Al\u00e9m disso, o projeto se reserva o direito de estabelecer prioridades diante das caracter\u00edsticas das demandas. &#8211; Duas faltas seguidas ou intercaladas \u00e0s sess\u00f5es implicar\u00e3o a interrup\u00e7\u00e3o do atendimento, ficando a pessoa sujeita \u00e0 espera de nova vaga. &#8211; O projeto n\u00e3o assume qualquer \u00f4nus financeiro que, porventura, a pessoa interessada venha a ter em decorr\u00eancia de sua participa\u00e7\u00e3o. \u00a0 ________________________ Escucha psicol\u00f3gica I \u2013 \u00bfQu\u00e9 es? Este es un proyecto de extensi\u00f3n cuyo objetivo es ofrecer apoyo psicol\u00f3gico a personas LGBTQIAP+, negras, ind\u00edgenas, refugiadas y\/o inmigrantes y as\u00ed contribuir a combatir los efectos de diferentes formas de discriminaci\u00f3n y prejuicios que afectan a estos segmentos de la poblaci\u00f3n y que generan sufrimiento psicol\u00f3gico. II \u2013 \u00bfQu\u00e9 ofrecemos? \u2013 Apoyo psicol\u00f3gico y emocional; \u2013 Orientaci\u00f3n psicol\u00f3gica; \u2013 Psicoterapia individual breve. III \u2013 \u00bfPor qu\u00e9 tal proyecto? Estigma, prejuicio y discriminaci\u00f3n por orientaci\u00f3n sexual, identidad de g\u00e9nero, raza\/color, etnia, clase, edad, capacidad etc. son factores que generan sufrimiento psicol\u00f3gico. A trav\u00e9s de este proyecto buscamos promover la salud desde una perspectiva psicosocial sensible a las diferentes din\u00e1micas sociales que impactan la enfermedad y los procesos de bienestar social. IV \u2013 \u00bfQui\u00e9n puede participar? El proyecto tiene como objetivo atender a personas LGBTQIAP+, personas negras, pueblos ind\u00edgenas, refugiados y\/o inmigrantes de bajos ingresos. El servicio s\u00f3lo est\u00e1 disponible para personas mayores de dieciocho a\u00f1os. V \u2013 \u00bfLos servicios son gratuitos? Los servicios que brinda el proyecto son completamente gratuitos y siguen los par\u00e1metros establecidos por el C\u00f3digo de \u00c9tica de la Psicolog\u00eda (Brasil). El n\u00famero de sesiones puede variar de una a doce seg\u00fan la demanda. En \u00faltima instancia, se podr\u00e1 aumentar el n\u00famero de sesiones. VI \u2013 \u00bfC\u00f3mo me registro para beneficiarme del servicio? Para participar en el proyecto es necesario leer atentamente toda la informaci\u00f3n contenida en este formulario (https:\/\/forms.gle\/Vqc6RteH2sKr69jZA), llenarlo y enviarlo. Luego del env\u00edo, el coordinador se comunicar\u00e1 para programar una entrevista inicial, confirmar los datos de registro, aceptar la solicitud e iniciar el soporte, si corresponde. VII \u2013 Tengo dudas. Y ahora? Env\u00eda tu pregunta al WhatsApp del proyecto (+55 45) 98814-7063 y espera respuesta. Tambi\u00e9n puede utilizar este n\u00famero para hacer sugerencias. VIII \u2013 Al registrarse, el interesado declara tener conocimiento de lo siguiente: \u2013 Llenar el formulario no garantiza el servicio, ya que el servicio s\u00f3lo se prestar\u00e1 si la solicitud est\u00e9 dentro del alcance de la propuesta del proyecto y si existen condiciones t\u00e9cnicas y materiales para ello. \u2013 Los servicios se realizan por orden de inscripci\u00f3n. Por tanto, el inicio inmediato del servicio o la necesidad de esperar depender\u00e1 del flujo de personas interesadas en el servicio. Adem\u00e1s, el proyecto se reserva el derecho de establecer prioridades en funci\u00f3n de las caracter\u00edsticas de las solicitudes. \u2013 Dos ausencias a sesiones consecutivas o intercaladas supondr\u00e1n la interrupci\u00f3n del servicio, quedando la persona a la espera de una nueva plaza vacante. \u2013 El proyecto no asume ninguna carga econ\u00f3mica que la persona interesada pudiera soportar por motivo de su participaci\u00f3n. ___________________________ \u00c9coute psychologique I \u2013 Qu&#8217;est-ce que c&#8217;est ? Il s&#8217;agit d&#8217;un projet d&#8217;extension dont l&#8217;objectif est d&#8217;offrir une prise en charge psychologique aux personnes LGBTQIAP+, noires, r\u00e9fugi\u00e9es et\/ou immigr\u00e9es et ainsi contribuer \u00e0 lutter contre les effets des diff\u00e9rentes formes de discrimination et de pr\u00e9jug\u00e9s qui touchent ces segments de la population et qui g\u00e9n\u00e8rent des souffrances psychologiques. II \u2013 Que proposons-nous ? \u2013 Un soutien psychologique et \u00e9motionnel ; \u2013 Orientation psychologique ; \u2013 Psychoth\u00e9rapie individuelle br\u00e8ve. III \u2013 Pourquoi un tel projet ? Stigmatisation, pr\u00e9jug\u00e9s et discrimination fond\u00e9s sur l&#8217;orientation sexuelle, l&#8217;identit\u00e9 de genre, la race\/couleur, l&#8217;origine ethnique, la classe sociale, l&#8217;\u00e2ge, les capacit\u00e9s etc. sont des facteurs qui g\u00e9n\u00e8rent de la souffrance psychologique. \u00c0 travers ce projet, nous&hellip; <a href=\"https:\/\/divulga.unila.edu.br\/interclinica\/servicos-a-comunidade\/escuta-psicologica\/\" class=\"more-link\">Continuar lendo <span class=\"screen-reader-text\">Escuta Psicol\u00f3gica<\/span><\/a><\/p>\n","protected":false},"author":90,"featured_media":0,"parent":1183,"menu_order":-6,"comment_status":"closed","ping_status":"closed","template":"","meta":{"_uag_custom_page_level_css":"","_themeisle_gutenberg_block_has_review":false,"footnotes":""},"class_list":["post-51","page","type-page","status-publish","hentry"],"uagb_featured_image_src":{"full":false,"thumbnail":false,"medium":false,"medium_large":false,"large":false,"1536x1536":false,"2048x2048":false,"htmega_size_585x295":false,"htmega_size_1170x536":false,"htmega_size_396x360":false,"tainacan-small":false,"tainacan-medium":false,"tainacan-medium-full":false,"tainacan-large-full":false,"button-2-featured":false},"uagb_author_info":{"display_name":"marcos.jesus","author_link":"https:\/\/divulga.unila.edu.br\/interclinica\/author\/interclinica\/"},"uagb_comment_info":0,"uagb_excerpt":"\u00a0 I - O que \u00e9? Trata-se de um projeto de extens\u00e3o cujo objetivo \u00e9 oferecer atendimento psicol\u00f3gico \u00e0s pessoas LGBTQIAP+, pretas e pardas, ind\u00edgenas, refugiadas e\/ou imigrantes e, assim, contribuir para o combate dos efeitos das diversas formas de discrimina\u00e7\u00e3o e preconceito que incidem sobre estes segmentos da popula\u00e7\u00e3o e que geram sofrimento ps\u00edquico.&hellip;","_links":{"self":[{"href":"https:\/\/divulga.unila.edu.br\/interclinica\/wp-json\/wp\/v2\/pages\/51","targetHints":{"allow":["GET"]}}],"collection":[{"href":"https:\/\/divulga.unila.edu.br\/interclinica\/wp-json\/wp\/v2\/pages"}],"about":[{"href":"https:\/\/divulga.unila.edu.br\/interclinica\/wp-json\/wp\/v2\/types\/page"}],"author":[{"embeddable":true,"href":"https:\/\/divulga.unila.edu.br\/interclinica\/wp-json\/wp\/v2\/users\/90"}],"replies":[{"embeddable":true,"href":"https:\/\/divulga.unila.edu.br\/interclinica\/wp-json\/wp\/v2\/comments?post=51"}],"version-history":[{"count":44,"href":"https:\/\/divulga.unila.edu.br\/interclinica\/wp-json\/wp\/v2\/pages\/51\/revisions"}],"predecessor-version":[{"id":2131,"href":"https:\/\/divulga.unila.edu.br\/interclinica\/wp-json\/wp\/v2\/pages\/51\/revisions\/2131"}],"up":[{"embeddable":true,"href":"https:\/\/divulga.unila.edu.br\/interclinica\/wp-json\/wp\/v2\/pages\/1183"}],"wp:attachment":[{"href":"https:\/\/divulga.unila.edu.br\/interclinica\/wp-json\/wp\/v2\/media?parent=51"}],"curies":[{"name":"wp","href":"https:\/\/api.w.org\/{rel}","templated":true}]}}