{"id":1915,"date":"2025-02-15T14:54:29","date_gmt":"2025-02-15T17:54:29","guid":{"rendered":"https:\/\/divulga.unila.edu.br\/interclinica\/?page_id=1915"},"modified":"2025-10-12T12:24:52","modified_gmt":"2025-10-12T15:24:52","slug":"ciencia-inovacao","status":"publish","type":"page","link":"https:\/\/divulga.unila.edu.br\/interclinica\/grupo-de-pesquisa\/ciencia-inovacao\/","title":{"rendered":"Inova\u00e7\u00e3o &amp; Divulga\u00e7\u00e3o Cient\u00edfica"},"content":{"rendered":"\t\t<div data-elementor-type=\"wp-page\" data-elementor-id=\"1915\" class=\"elementor elementor-1915\">\n\t\t\t\t<div class=\"has_eae_slider elementor-element elementor-element-37962e2c e-flex e-con-boxed wpr-particle-no wpr-jarallax-no wpr-parallax-no wpr-sticky-section-no wpr-equal-height-no e-con e-parent\" data-eae-slider=\"92497\" data-id=\"37962e2c\" data-element_type=\"container\" data-e-type=\"container\">\n\t\t\t\t\t<div class=\"e-con-inner\">\n\t\t\t\t<div class=\"elementor-element elementor-element-8817f85 elementor-widget elementor-widget-text-editor\" data-id=\"8817f85\" data-element_type=\"widget\" data-e-type=\"widget\" data-widget_type=\"text-editor.default\">\n\t\t\t\t<div class=\"elementor-widget-container\">\n\t\t\t\t\t\t\t\t\t<p style=\"text-align: justify\"><strong>Avalia\u00e7\u00e3o Neuropsicol\u00f3gica Socialmente Referenciada<\/strong><\/p>\n<p style=\"text-align: justify\"><!-- \/wp:paragraph --><\/p>\n<p style=\"text-align: justify\"><!-- wp:paragraph --><\/p>\n<p style=\"text-align: justify\">O projeto consiste na constru\u00e7\u00e3o de um modelo de avalia\u00e7\u00e3o neuropsicol\u00f3gica socialmente referenciada para que neuropsic\u00f3logos possam inserir, em seus pr\u00f3prios modelos de avalia\u00e7\u00e3o, os impactos das opress\u00f5es sociais (de ra\u00e7a, classe, g\u00eanero, territ\u00f3rio) na cogni\u00e7\u00e3o e no comportamento e, com isso, promover processos diagn\u00f3sticos, terap\u00eauticos e de reabilita\u00e7\u00e3o mais condizentes com a realidade social da popula\u00e7\u00e3o-alvo dos servi\u00e7os. O modelo ser\u00e1 disponibilizado no formato de aplicativo para celulares, tablets e computadores, de maneira que o usu\u00e1rio possa personaliz\u00e1-lo segundo as caracter\u00edsticas espec\u00edficas do caso em atendimento neuropsicol\u00f3gico.<\/p>\n<p>\u00a0<\/p>\n<p style=\"text-align: justify\"><strong>Terapia Psicodin\u00e2mica Breve Focada na Opress\u00e3o Racial Internalizada<\/strong><\/p>\n<p style=\"text-align: justify\">O projeto consiste na constru\u00e7\u00e3o de um modelo psicoterap\u00eautico de interven\u00e7\u00e3o psicol\u00f3gica breve, sistem\u00e1tico e estruturado para sujeitos adultos que internalizaram a opress\u00e3o racial. Com um protocolo de t\u00e9cnicas, etapas e estrat\u00e9gias espec\u00edficas para tratar a opress\u00e3o racial internalizada em seus aspectos emocionais, comportamentais e mentais, a proposta visa garantir efic\u00e1cia e replicabilidade com um n\u00famero limitado de sess\u00f5es, de maneira a reduzir o custo financeiro em rela\u00e7\u00e3o aos tratamentos psicoterap\u00eauticos mais longos e democratizar o acesso a servi\u00e7os em sa\u00fade mental, sobretudo, para pessoas pretas e pardas. Constru\u00edda em di\u00e1logo com a psican\u00e1lise e com outras abordagens psicoterap\u00eauticas contempor\u00e2neas, sua efic\u00e1cia ser\u00e1 validada atrav\u00e9s de estudos cl\u00ednicos que priorizar\u00e3o a mensura\u00e7\u00e3o de mudan\u00e7as concretas e dos sintomas associados \u00e0 opress\u00e3o racial internalizada tais como ansiedade, depress\u00e3o e manifesta\u00e7\u00f5es psicossom\u00e1ticas. Estudos de follow-up para saber se as mudan\u00e7as se mant\u00eam ou n\u00e3o ao longo de um per\u00edodo de tempo previamente definido ser\u00e3o utilizados como estrat\u00e9gia metodol\u00f3gica complementar.<\/p>\n<p style=\"text-align: justify\">\u00a0<\/p>\n<p style=\"text-align: justify\">\u201c<b>Psi-qu\u00ea? Divulga\u00e7\u00e3o Cient\u00edfica sobre Comportamento,<\/b>\u00a0<b>Mente<\/b> <b>&amp;<\/b> <b>C\u00e9rebro<\/b>\u201d<\/p>\n<p style=\"text-align: justify\"><span style=\"font-weight: 400\">O objetivo do projeto \u00e9 promover o acesso do p\u00fablico n\u00e3o especializado \u00e0 psicologia como ci\u00eancia, estimulando o interesse e a curiosidade pelo conhecimento cient\u00edfico sobre o comportamento, a mente e o c\u00e9rebro de forma interativa, l\u00fadica e cr\u00edtica. A metodologia principal consiste em oficinas presenciais acerca das fun\u00e7\u00f5es psicol\u00f3gicas e suas rela\u00e7\u00f5es com problem\u00e1ticas do cotidiano, sendo estas realizadas atrav\u00e9s de experimentos interativos e atrav\u00e9s de jogos e de dispositivos tecnol\u00f3gicos de baixo custo. Com isso, espera-se aumentar o interesse pela pesquisa cient\u00edfica na \u00e1rea da psicologia pela evidencia\u00e7\u00e3o de sua import\u00e2ncia para a solu\u00e7\u00e3o de diversos problemas humanos.<\/span><\/p>\n<p><!-- \/wp:paragraph --><\/p>\n<p><!-- wp:paragraph --><\/p>\n<p><!-- \/wp:paragraph --><\/p>\t\t\t\t\t\t\t\t<\/div>\n\t\t\t\t<\/div>\n\t\t\t\t\t<\/div>\n\t\t\t\t<\/div>\n\t\t\t\t<\/div>\n\t\t","protected":false},"excerpt":{"rendered":"<p>Avalia\u00e7\u00e3o Neuropsicol\u00f3gica Socialmente Referenciada O projeto consiste na constru\u00e7\u00e3o de um modelo de avalia\u00e7\u00e3o neuropsicol\u00f3gica socialmente referenciada para que neuropsic\u00f3logos possam inserir, em seus pr\u00f3prios modelos de avalia\u00e7\u00e3o, os impactos das opress\u00f5es sociais (de ra\u00e7a, classe, g\u00eanero, territ\u00f3rio) na cogni\u00e7\u00e3o e no comportamento e, com isso, promover processos diagn\u00f3sticos, terap\u00eauticos e de reabilita\u00e7\u00e3o mais condizentes com a realidade social da popula\u00e7\u00e3o-alvo dos servi\u00e7os. O modelo ser\u00e1 disponibilizado no formato de aplicativo para celulares, tablets e computadores, de maneira que o usu\u00e1rio possa personaliz\u00e1-lo segundo as caracter\u00edsticas espec\u00edficas do caso em atendimento neuropsicol\u00f3gico. \u00a0 Terapia Psicodin\u00e2mica Breve Focada na Opress\u00e3o Racial Internalizada O projeto consiste na constru\u00e7\u00e3o de um modelo psicoterap\u00eautico de interven\u00e7\u00e3o psicol\u00f3gica breve, sistem\u00e1tico e estruturado para sujeitos adultos que internalizaram a opress\u00e3o racial. Com um protocolo de t\u00e9cnicas, etapas e estrat\u00e9gias espec\u00edficas para tratar a opress\u00e3o racial internalizada em seus aspectos emocionais, comportamentais e mentais, a proposta visa garantir efic\u00e1cia e replicabilidade com um n\u00famero limitado de sess\u00f5es, de maneira a reduzir o custo financeiro em rela\u00e7\u00e3o aos tratamentos psicoterap\u00eauticos mais longos e democratizar o acesso a servi\u00e7os em sa\u00fade mental, sobretudo, para pessoas pretas e pardas. Constru\u00edda em di\u00e1logo com a psican\u00e1lise e com outras abordagens psicoterap\u00eauticas contempor\u00e2neas, sua efic\u00e1cia ser\u00e1 validada atrav\u00e9s de estudos cl\u00ednicos que priorizar\u00e3o a mensura\u00e7\u00e3o de mudan\u00e7as concretas e dos sintomas associados \u00e0 opress\u00e3o racial internalizada tais como ansiedade, depress\u00e3o e manifesta\u00e7\u00f5es psicossom\u00e1ticas. Estudos de follow-up para saber se as mudan\u00e7as se mant\u00eam ou n\u00e3o ao longo de um per\u00edodo de tempo previamente definido ser\u00e3o utilizados como estrat\u00e9gia metodol\u00f3gica complementar. \u00a0 \u201cPsi-qu\u00ea? Divulga\u00e7\u00e3o Cient\u00edfica sobre Comportamento,\u00a0Mente &amp; C\u00e9rebro\u201d O objetivo do projeto \u00e9 promover o acesso do p\u00fablico n\u00e3o especializado \u00e0 psicologia como ci\u00eancia, estimulando o interesse e a curiosidade pelo conhecimento cient\u00edfico sobre o comportamento, a mente e o c\u00e9rebro de forma interativa, l\u00fadica e cr\u00edtica. A metodologia principal consiste em oficinas presenciais acerca das fun\u00e7\u00f5es psicol\u00f3gicas e suas rela\u00e7\u00f5es com problem\u00e1ticas do cotidiano, sendo estas realizadas atrav\u00e9s de experimentos interativos e atrav\u00e9s de jogos e de dispositivos tecnol\u00f3gicos de baixo custo. Com isso, espera-se aumentar o interesse pela pesquisa cient\u00edfica na \u00e1rea da psicologia pela evidencia\u00e7\u00e3o de sua import\u00e2ncia para a solu\u00e7\u00e3o de diversos problemas humanos.<\/p>\n","protected":false},"author":90,"featured_media":0,"parent":64,"menu_order":0,"comment_status":"closed","ping_status":"closed","template":"","meta":{"_uag_custom_page_level_css":"","_themeisle_gutenberg_block_has_review":false,"footnotes":""},"class_list":["post-1915","page","type-page","status-publish","hentry"],"uagb_featured_image_src":{"full":false,"thumbnail":false,"medium":false,"medium_large":false,"large":false,"1536x1536":false,"2048x2048":false,"htmega_size_585x295":false,"htmega_size_1170x536":false,"htmega_size_396x360":false,"tainacan-small":false,"tainacan-medium":false,"tainacan-medium-full":false,"tainacan-large-full":false,"button-2-featured":false},"uagb_author_info":{"display_name":"marcos.jesus","author_link":"https:\/\/divulga.unila.edu.br\/interclinica\/author\/interclinica\/"},"uagb_comment_info":0,"uagb_excerpt":"Avalia\u00e7\u00e3o Neuropsicol\u00f3gica Socialmente Referenciada O projeto consiste na constru\u00e7\u00e3o de um modelo de avalia\u00e7\u00e3o neuropsicol\u00f3gica socialmente referenciada para que neuropsic\u00f3logos possam inserir, em seus pr\u00f3prios modelos de avalia\u00e7\u00e3o, os impactos das opress\u00f5es sociais (de ra\u00e7a, classe, g\u00eanero, territ\u00f3rio) na cogni\u00e7\u00e3o e no comportamento e, com isso, promover processos diagn\u00f3sticos, terap\u00eauticos e de reabilita\u00e7\u00e3o mais condizentes&hellip;","_links":{"self":[{"href":"https:\/\/divulga.unila.edu.br\/interclinica\/wp-json\/wp\/v2\/pages\/1915","targetHints":{"allow":["GET"]}}],"collection":[{"href":"https:\/\/divulga.unila.edu.br\/interclinica\/wp-json\/wp\/v2\/pages"}],"about":[{"href":"https:\/\/divulga.unila.edu.br\/interclinica\/wp-json\/wp\/v2\/types\/page"}],"author":[{"embeddable":true,"href":"https:\/\/divulga.unila.edu.br\/interclinica\/wp-json\/wp\/v2\/users\/90"}],"replies":[{"embeddable":true,"href":"https:\/\/divulga.unila.edu.br\/interclinica\/wp-json\/wp\/v2\/comments?post=1915"}],"version-history":[{"count":24,"href":"https:\/\/divulga.unila.edu.br\/interclinica\/wp-json\/wp\/v2\/pages\/1915\/revisions"}],"predecessor-version":[{"id":2017,"href":"https:\/\/divulga.unila.edu.br\/interclinica\/wp-json\/wp\/v2\/pages\/1915\/revisions\/2017"}],"up":[{"embeddable":true,"href":"https:\/\/divulga.unila.edu.br\/interclinica\/wp-json\/wp\/v2\/pages\/64"}],"wp:attachment":[{"href":"https:\/\/divulga.unila.edu.br\/interclinica\/wp-json\/wp\/v2\/media?parent=1915"}],"curies":[{"name":"wp","href":"https:\/\/api.w.org\/{rel}","templated":true}]}}