{"id":1887,"date":"2025-02-15T14:34:25","date_gmt":"2025-02-15T17:34:25","guid":{"rendered":"https:\/\/divulga.unila.edu.br\/interclinica\/?page_id=1887"},"modified":"2026-04-14T17:27:38","modified_gmt":"2026-04-14T20:27:38","slug":"pesquisas-em-andamento","status":"publish","type":"page","link":"https:\/\/divulga.unila.edu.br\/interclinica\/grupo-de-pesquisa\/pesquisas-em-andamento\/","title":{"rendered":"Projeto &#8220;Neuropsicologia e grupos minorizados&#8221;"},"content":{"rendered":"<p style=\"text-align: justify\"><strong>Valida\u00e7\u00e3o e adapta\u00e7\u00e3o para contexto brasileiro da \u2018Escala de Opress\u00e3o Racial Internalizada\u2019: uma oportunidade de descoloniza\u00e7\u00e3o dos saberes psi (2023-2025)<\/strong><\/p>\n<!-- \/wp:post-content --><!-- wp:paragraph -->\n<p style=\"text-align: justify\">Aprovada pelo Comit\u00ea de \u00c9tica em Pesquisa (CAEE: 77966323.0.0000.8527), seu objetivo principal \u00e9 validar e adaptar a \u201cEscala de Opress\u00e3o Racial Internalizada\u201d do contexto estadunidense onde foi produzida para o contexto brasileiro, contribuindo para a discuss\u00e3o sobre o papel que o construto da \u201copress\u00e3o racial internalizada\u201d pode ter numa cl\u00ednica antirracista e, portanto, comprometida com a transforma\u00e7\u00e3o das iniquidades \u00e9tnico-raciais. No \u00e2mbito deste projeto, est\u00e3o sendo desenvolvidas duas pesquisas de inicia\u00e7\u00e3o cient\u00edfica intituladas: a) Escalas psicom\u00e9tricas brasileiras para a mensura\u00e7\u00e3o do racismo e da opress\u00e3o racial internalizada: uma revis\u00e3o integrativa da literatura; b) Sa\u00fade mental da popula\u00e7\u00e3o negra: uma revis\u00e3o integrativa de literatura; c) Opress\u00e3o racial internalizada e autoestima: um estudo explorat\u00f3rio pela an\u00e1lise de redes psicom\u00e9tricas; e d) Opress\u00e3o racial internalizada e experi\u00eancia da discrimina\u00e7\u00e3o: um estudo explorat\u00f3rio pela an\u00e1lise de redes psicom\u00e9tricas.<\/p>\n<!-- \/wp:paragraph --><!-- wp:paragraph -->\n\n<!-- \/wp:paragraph --><!-- wp:paragraph -->\n<p style=\"text-align: justify\"><strong>Os efeitos da discrimina\u00e7\u00e3o racial no c\u00e9rebro: evid\u00eancias por biomarcadores em perspectiva ecossocial (2025-2030)<\/strong><\/p>\n<!-- \/wp:paragraph --><!-- wp:paragraph -->\n<p style=\"text-align: justify\">O programa de pesquisa intitulado \u201cOs efeitos da discrimina\u00e7\u00e3o racial no c\u00e9rebro: evid\u00eancias por biomarcadores em perspectiva ecossocial\u201d pretende produzir evid\u00eancias cient\u00edficas sobre os impactos do racismo em suas diferentes manifesta\u00e7\u00f5es sobre a estrutura e a fun\u00e7\u00e3o do c\u00e9rebro em pessoas negras pela observa\u00e7\u00e3o de marcadores biol\u00f3gicos que permitam vincular a experi\u00eancia social da discrimina\u00e7\u00e3o racial a altera\u00e7\u00f5es psicofisiol\u00f3gicas, a altera\u00e7\u00f5es no funcionamenro de regi\u00f5es cerebrais e\/ou a mecanismos epigen\u00e9ticos. Como um conjunto organizado de estudos interligados, est\u00e1 composto de cinco subprojetos, cada qual com metodologias pr\u00f3prias e em colabora\u00e7\u00e3o com distintas \u00e1reas do conhecimento, a saber: I) Revis\u00f5es sistem\u00e1ticas e meta-an\u00e1lises; II &#8211; Estudos de Caso-Controle com Popula\u00e7\u00f5es Espec\u00edficas; III &#8211; Estudos Transversais com Medidas Impl\u00edcitas e Biomarcadores; IV &#8211; Pesquisa Qualitativa com An\u00e1lise de Narrativas; e V &#8211; Interven\u00e7\u00f5es Breves e Medi\u00e7\u00e3o de Respostas. Subjacente ao objetivo geral proposto est\u00e1 a hip\u00f3tese de que a experi\u00eancia social discriminat\u00f3ria gera dano biol\u00f3gico, pois, conforme postula a teoria ecossocial, a corporifica\u00e7\u00e3o [<i>embodiment]<\/i> do sofrimento ps\u00edquico da popula\u00e7\u00e3o negra decorre das hierarquias de poder materializadas nos ambientes f\u00edsicos, sociais e pol\u00edticos concretos marcados por desigualdades e iniquidades raciais de v\u00e1rias ordens. Credita-se ao conhecimento advindo da articula\u00e7\u00e3o da realidade s\u00f3cio-hist\u00f3rica e da neurobiologia a possibilidade de ser um catalisador importante para o combate do racismo e de seus efeitos negativos na vida e na sa\u00fade de pessoas negras, reiterando o compromisso da neuropsicologia e de outras \u00e1reas das neuroci\u00eancias com uma sociedade livre de preconceito, de discrimina\u00e7\u00e3o e de racismo.<\/p>\n<p style=\"text-align: justify\"><b>Rorschach e os m\u00e9todos projetivos: constru\u00e7\u00e3o de par\u00e2metros interpretativos para contextos sociais e culturais diversos<\/b><\/p>\n<p style=\"text-align: justify\">\u201cRorschach e os m\u00e9todos projetivos: constru\u00e7\u00e3o de par\u00e2metros interpretativos para contextos sociais e culturais diversos\u201d \u00e9 um projeto de pesquisa voltado para a produ\u00e7\u00e3o de refer\u00eancias para a interpreta\u00e7\u00e3o de testes projetivos, considerando suas aplica\u00e7\u00f5es em diversos contextos sociais e culturais. No \u00e2mbito deste objetivo geral, destacam-se os seguintes objetivos espec\u00edficos: a) analisar como o teste de Rorschach pode identificar tra\u00e7os psicol\u00f3gicos associados ao estresse, discrimina\u00e7\u00e3o e exclus\u00e3o social; b) estudar os fatores de resili\u00eancia e os mecanismos de enfrentamento utilizados por grupos historicamente exclu\u00eddos para lidar com a discrimina\u00e7\u00e3o e a viol\u00eancia em \u00e1reas de fronteiras; c) explorar como a exclus\u00e3o social influencia a din\u00e2mica psicol\u00f3gica e emocional da popula\u00e7\u00e3o alvo do preconceito e de discrimina\u00e7\u00e3o em contextos de fronteira.<\/p>\n<strong>Reabilita\u00e7\u00e3o Neuropsicol\u00f3gica Corpo-Politicamente Orientada<\/strong>\n<p style=\"text-align: justify\"><span style=\"font-weight: 400\">Partindo da hip\u00f3tese segundo a qual discrimina\u00e7\u00e3o, corpo, afeto e fun\u00e7\u00e3o cognitiva se co-determinam, a pesquisa busca fundamentar interven\u00e7\u00f5es socialmente referenciadas, de maneira a restaurar n\u00e3o apenas desempenho, mas tamb\u00e9m pertencimento, seguran\u00e7a, autonomia e possibilidade de futuro em sujeitos historicamente vulnerabilizados. Para tanto, articulamos, de forma sistematizada e epistemologicamente fundamentada, quatro matrizes te\u00f3ricas convergentes numa perspectiva de corpo-politicamente orientada: (a) os sistemas funcionais din\u00e2micos de Alexander Luria; (b) a afetividade e a consci\u00eancia encarnada de Mark Solms; (c) os sistemas emocionais prim\u00e1rios de Jaak Panksepp; e (d) a cogni\u00e7\u00e3o corporificada de Annalisa Risoli. O projeto desloca a no\u00e7\u00e3o de \u201cesquema corporal\u201d para falar de um \u201cesquema corporal hist\u00f3rico-social\u201d pelo qual se reconhece a discrimina\u00e7\u00e3o n\u00e3o apenas em sua dimens\u00e3o narrativa e\/ou social, mas tamb\u00e9m em seu aspecto corporal, afetivo e funcional, que imprime marcas no esquema corporal, no senso de ag\u00eancia, na orienta\u00e7\u00e3o espacial e no funcionamento executivo do sujeito alvo da opress\u00e3o.<\/span><\/p>\n<p style=\"text-align: justify\"><strong>Exclus\u00e3o e dor social no contexto brasileiro: uma adapta\u00e7\u00e3o do paradigma cyberball<\/strong><\/p>\n<p style=\"text-align: justify\">O estudo investiga os efeitos da exclus\u00e3o social com marcador racial expl\u00edcito sobre a dor social percebida, as necessidades psicol\u00f3gicas amea\u00e7adas e o bem-estar emocional de participantes negros e brancos no contexto brasileiro, utilizando o paradigma Cyberball \u2014 jogo computadorizado no qual o participante \u00e9 gradualmente exclu\u00eddo por avatares cujo tom de pele \u00e9 manipulado experimentalmente. Partindo da interface entre a neuroci\u00eancia da dor social, que demonstra a sobreposi\u00e7\u00e3o entre dor f\u00edsica e exclus\u00e3o interpessoal nos substratos neurais do c\u00f3rtex cingulado anterior dorsal e da \u00ednsula anterior, e da perspectiva decolonial de Frantz Fanon sobre a aliena\u00e7\u00e3o do corpo negro e o sofrimento ps\u00edquico produzido pelo racismo, a pesquisa se debru\u00e7a sobre como a identidade racial e a opress\u00e3o racial internalizada moderam os efeitos da exclus\u00e3o. O estudo representa uma adapta\u00e7\u00e3o brasileira do paradigma Cyberball com manipula\u00e7\u00e3o expl\u00edcita de ra\u00e7a, contribuindo para a compreens\u00e3o dos mecanismos psicol\u00f3gicos do racismo estrutural e oferecendo subs\u00eddios cient\u00edficos para pol\u00edticas de sa\u00fade mental antirracista.<\/p>\n\n\n<br style=\"font-weight: 400\" \/><br style=\"font-weight: 400\" \/>\n\n<!-- \/wp:paragraph -->","protected":false},"excerpt":{"rendered":"<p>Valida\u00e7\u00e3o e adapta\u00e7\u00e3o para contexto brasileiro da \u2018Escala de Opress\u00e3o Racial Internalizada\u2019: uma oportunidade de descoloniza\u00e7\u00e3o dos saberes psi (2023-2025) Aprovada pelo Comit\u00ea de \u00c9tica em Pesquisa (CAEE: 77966323.0.0000.8527), seu objetivo principal \u00e9 validar e adaptar a \u201cEscala de Opress\u00e3o Racial Internalizada\u201d do contexto estadunidense onde foi produzida para o contexto brasileiro, contribuindo para a discuss\u00e3o sobre o papel que o construto da \u201copress\u00e3o racial internalizada\u201d pode ter numa cl\u00ednica antirracista e, portanto, comprometida com a transforma\u00e7\u00e3o das iniquidades \u00e9tnico-raciais. No \u00e2mbito deste projeto, est\u00e3o sendo desenvolvidas duas pesquisas de inicia\u00e7\u00e3o cient\u00edfica intituladas: a) Escalas psicom\u00e9tricas brasileiras para a mensura\u00e7\u00e3o do racismo e da opress\u00e3o racial internalizada: uma revis\u00e3o integrativa da literatura; b) Sa\u00fade mental da popula\u00e7\u00e3o negra: uma revis\u00e3o integrativa de literatura; c) Opress\u00e3o racial internalizada e autoestima: um estudo explorat\u00f3rio pela an\u00e1lise de redes psicom\u00e9tricas; e d) Opress\u00e3o racial internalizada e experi\u00eancia da discrimina\u00e7\u00e3o: um estudo explorat\u00f3rio pela an\u00e1lise de redes psicom\u00e9tricas. Os efeitos da discrimina\u00e7\u00e3o racial no c\u00e9rebro: evid\u00eancias por biomarcadores em perspectiva ecossocial (2025-2030) O programa de pesquisa intitulado \u201cOs efeitos da discrimina\u00e7\u00e3o racial no c\u00e9rebro: evid\u00eancias por biomarcadores em perspectiva ecossocial\u201d pretende produzir evid\u00eancias cient\u00edficas sobre os impactos do racismo em suas diferentes manifesta\u00e7\u00f5es sobre a estrutura e a fun\u00e7\u00e3o do c\u00e9rebro em pessoas negras pela observa\u00e7\u00e3o de marcadores biol\u00f3gicos que permitam vincular a experi\u00eancia social da discrimina\u00e7\u00e3o racial a altera\u00e7\u00f5es psicofisiol\u00f3gicas, a altera\u00e7\u00f5es no funcionamenro de regi\u00f5es cerebrais e\/ou a mecanismos epigen\u00e9ticos. Como um conjunto organizado de estudos interligados, est\u00e1 composto de cinco subprojetos, cada qual com metodologias pr\u00f3prias e em colabora\u00e7\u00e3o com distintas \u00e1reas do conhecimento, a saber: I) Revis\u00f5es sistem\u00e1ticas e meta-an\u00e1lises; II &#8211; Estudos de Caso-Controle com Popula\u00e7\u00f5es Espec\u00edficas; III &#8211; Estudos Transversais com Medidas Impl\u00edcitas e Biomarcadores; IV &#8211; Pesquisa Qualitativa com An\u00e1lise de Narrativas; e V &#8211; Interven\u00e7\u00f5es Breves e Medi\u00e7\u00e3o de Respostas. Subjacente ao objetivo geral proposto est\u00e1 a hip\u00f3tese de que a experi\u00eancia social discriminat\u00f3ria gera dano biol\u00f3gico, pois, conforme postula a teoria ecossocial, a corporifica\u00e7\u00e3o [embodiment] do sofrimento ps\u00edquico da popula\u00e7\u00e3o negra decorre das hierarquias de poder materializadas nos ambientes f\u00edsicos, sociais e pol\u00edticos concretos marcados por desigualdades e iniquidades raciais de v\u00e1rias ordens. Credita-se ao conhecimento advindo da articula\u00e7\u00e3o da realidade s\u00f3cio-hist\u00f3rica e da neurobiologia a possibilidade de ser um catalisador importante para o combate do racismo e de seus efeitos negativos na vida e na sa\u00fade de pessoas negras, reiterando o compromisso da neuropsicologia e de outras \u00e1reas das neuroci\u00eancias com uma sociedade livre de preconceito, de discrimina\u00e7\u00e3o e de racismo. Rorschach e os m\u00e9todos projetivos: constru\u00e7\u00e3o de par\u00e2metros interpretativos para contextos sociais e culturais diversos \u201cRorschach e os m\u00e9todos projetivos: constru\u00e7\u00e3o de par\u00e2metros interpretativos para contextos sociais e culturais diversos\u201d \u00e9 um projeto de pesquisa voltado para a produ\u00e7\u00e3o de refer\u00eancias para a interpreta\u00e7\u00e3o de testes projetivos, considerando suas aplica\u00e7\u00f5es em diversos contextos sociais e culturais. No \u00e2mbito deste objetivo geral, destacam-se os seguintes objetivos espec\u00edficos: a) analisar como o teste de Rorschach pode identificar tra\u00e7os psicol\u00f3gicos associados ao estresse, discrimina\u00e7\u00e3o e exclus\u00e3o social; b) estudar os fatores de resili\u00eancia e os mecanismos de enfrentamento utilizados por grupos historicamente exclu\u00eddos para lidar com a discrimina\u00e7\u00e3o e a viol\u00eancia em \u00e1reas de fronteiras; c) explorar como a exclus\u00e3o social influencia a din\u00e2mica psicol\u00f3gica e emocional da popula\u00e7\u00e3o alvo do preconceito e de discrimina\u00e7\u00e3o em contextos de fronteira. Reabilita\u00e7\u00e3o Neuropsicol\u00f3gica Corpo-Politicamente Orientada Partindo da hip\u00f3tese segundo a qual discrimina\u00e7\u00e3o, corpo, afeto e fun\u00e7\u00e3o cognitiva se co-determinam, a pesquisa busca fundamentar interven\u00e7\u00f5es socialmente referenciadas, de maneira a restaurar n\u00e3o apenas desempenho, mas tamb\u00e9m pertencimento, seguran\u00e7a, autonomia e possibilidade de futuro em sujeitos historicamente vulnerabilizados. Para tanto, articulamos, de forma sistematizada e epistemologicamente fundamentada, quatro matrizes te\u00f3ricas convergentes numa perspectiva de corpo-politicamente orientada: (a) os sistemas funcionais din\u00e2micos de Alexander Luria; (b) a afetividade e a consci\u00eancia encarnada de Mark Solms; (c) os sistemas emocionais prim\u00e1rios de Jaak Panksepp; e (d) a cogni\u00e7\u00e3o corporificada de Annalisa Risoli. O projeto desloca a no\u00e7\u00e3o de \u201cesquema corporal\u201d para falar de um \u201cesquema corporal hist\u00f3rico-social\u201d pelo qual se reconhece a discrimina\u00e7\u00e3o n\u00e3o apenas em sua dimens\u00e3o narrativa e\/ou social, mas tamb\u00e9m em seu aspecto corporal, afetivo e funcional, que imprime marcas no esquema corporal, no senso de ag\u00eancia, na orienta\u00e7\u00e3o espacial e no funcionamento executivo do sujeito alvo da opress\u00e3o. Exclus\u00e3o e dor social no contexto brasileiro: uma adapta\u00e7\u00e3o do paradigma cyberball O estudo investiga os efeitos da exclus\u00e3o social com marcador racial expl\u00edcito sobre a dor social percebida, as necessidades psicol\u00f3gicas amea\u00e7adas e o bem-estar emocional de participantes negros e brancos no contexto brasileiro, utilizando o paradigma Cyberball \u2014 jogo computadorizado no qual o participante \u00e9 gradualmente exclu\u00eddo por avatares cujo tom de pele \u00e9 manipulado experimentalmente. Partindo da interface entre a neuroci\u00eancia da dor social, que demonstra a sobreposi\u00e7\u00e3o entre dor f\u00edsica e exclus\u00e3o interpessoal nos substratos neurais do c\u00f3rtex cingulado anterior dorsal e da \u00ednsula anterior, e da perspectiva decolonial de Frantz Fanon sobre a aliena\u00e7\u00e3o do corpo negro e o sofrimento ps\u00edquico produzido pelo racismo, a pesquisa se debru\u00e7a sobre como a identidade racial e a opress\u00e3o racial internalizada moderam os efeitos da exclus\u00e3o. O estudo representa uma adapta\u00e7\u00e3o brasileira do paradigma Cyberball com manipula\u00e7\u00e3o expl\u00edcita de ra\u00e7a, contribuindo para a compreens\u00e3o dos mecanismos psicol\u00f3gicos do racismo estrutural e oferecendo subs\u00eddios cient\u00edficos para pol\u00edticas de sa\u00fade mental antirracista.<\/p>\n","protected":false},"author":90,"featured_media":0,"parent":64,"menu_order":-3,"comment_status":"closed","ping_status":"closed","template":"","meta":{"_uag_custom_page_level_css":"","_themeisle_gutenberg_block_has_review":false,"footnotes":""},"class_list":["post-1887","page","type-page","status-publish","hentry"],"uagb_featured_image_src":{"full":false,"thumbnail":false,"medium":false,"medium_large":false,"large":false,"1536x1536":false,"2048x2048":false,"htmega_size_585x295":false,"htmega_size_1170x536":false,"htmega_size_396x360":false,"tainacan-small":false,"tainacan-medium":false,"tainacan-medium-full":false,"tainacan-large-full":false,"button-2-featured":false},"uagb_author_info":{"display_name":"marcos.jesus","author_link":"https:\/\/divulga.unila.edu.br\/interclinica\/author\/interclinica\/"},"uagb_comment_info":0,"uagb_excerpt":"Valida\u00e7\u00e3o e adapta\u00e7\u00e3o para contexto brasileiro da \u2018Escala de Opress\u00e3o Racial Internalizada\u2019: uma oportunidade de descoloniza\u00e7\u00e3o dos saberes psi (2023-2025) Aprovada pelo Comit\u00ea de \u00c9tica em Pesquisa (CAEE: 77966323.0.0000.8527), seu objetivo principal \u00e9 validar e adaptar a \u201cEscala de Opress\u00e3o Racial Internalizada\u201d do contexto estadunidense onde foi produzida para o contexto brasileiro, contribuindo para a&hellip;","_links":{"self":[{"href":"https:\/\/divulga.unila.edu.br\/interclinica\/wp-json\/wp\/v2\/pages\/1887","targetHints":{"allow":["GET"]}}],"collection":[{"href":"https:\/\/divulga.unila.edu.br\/interclinica\/wp-json\/wp\/v2\/pages"}],"about":[{"href":"https:\/\/divulga.unila.edu.br\/interclinica\/wp-json\/wp\/v2\/types\/page"}],"author":[{"embeddable":true,"href":"https:\/\/divulga.unila.edu.br\/interclinica\/wp-json\/wp\/v2\/users\/90"}],"replies":[{"embeddable":true,"href":"https:\/\/divulga.unila.edu.br\/interclinica\/wp-json\/wp\/v2\/comments?post=1887"}],"version-history":[{"count":22,"href":"https:\/\/divulga.unila.edu.br\/interclinica\/wp-json\/wp\/v2\/pages\/1887\/revisions"}],"predecessor-version":[{"id":2247,"href":"https:\/\/divulga.unila.edu.br\/interclinica\/wp-json\/wp\/v2\/pages\/1887\/revisions\/2247"}],"up":[{"embeddable":true,"href":"https:\/\/divulga.unila.edu.br\/interclinica\/wp-json\/wp\/v2\/pages\/64"}],"wp:attachment":[{"href":"https:\/\/divulga.unila.edu.br\/interclinica\/wp-json\/wp\/v2\/media?parent=1887"}],"curies":[{"name":"wp","href":"https:\/\/api.w.org\/{rel}","templated":true}]}}