{"id":1220,"date":"2024-05-26T11:43:34","date_gmt":"2024-05-26T14:43:34","guid":{"rendered":"https:\/\/divulga.unila.edu.br\/interclinica\/?page_id=1220"},"modified":"2025-02-15T14:25:02","modified_gmt":"2025-02-15T17:25:02","slug":"laboratorio-frantz-fanon","status":"publish","type":"page","link":"https:\/\/divulga.unila.edu.br\/interclinica\/grupo-de-pesquisa\/laboratorio-frantz-fanon\/","title":{"rendered":"Laborat\u00f3rio Frantz Fanon"},"content":{"rendered":"<p><img fetchpriority=\"high\" decoding=\"async\" src=\"http:\/\/divulga.unila.edu.br\/interclinica\/wp-content\/uploads\/sites\/39\/2024\/02\/retrato-fanon4-1024x1024.jpeg\" alt=\"\" width=\"663\" height=\"663\" \/><\/p>\n<p style=\"text-align: center\"><strong>Laborat\u00f3rio<\/strong><b> Frantz Fanon de Avalia\u00e7\u00e3o Psicol\u00f3gica e em Sa\u00fade Mental\u00a0<\/b><\/p>\n<p style=\"text-align: justify\">Frantz Fanon (1925-1961) \u00e9 um dos nomes mais importantes do que se convencionou chamar de \u201cpsicologia da liberta\u00e7\u00e3o\u201d, dando uma contribui\u00e7\u00e3o inestim\u00e1vel para entender que o sofrimento ps\u00edquico n\u00e3o \u00e9 uma mera quest\u00e3o biol\u00f3gica, mas sociocultural, sociopol\u00edtica e socioecon\u00f4mica. Ao propor seu conceito de \u201csociogenia\u201d, o pensador martinicano lan\u00e7ou as bases para a compreens\u00e3o de que o sofrimento ps\u00edquico est\u00e1 condicionado \u00e0s estruturas da sociedade e, se \u00e9 importante intervir diretamente naquele que sofre com vistas \u00e0 diminui\u00e7\u00e3o de seu sofrimento, \u00e9 igualmente importante intervir e transformar as estruturas que produzem o sofrimento.<\/p>\n<p style=\"text-align: justify\">O \u201cLaborat\u00f3rio Frantz Fanon de Avalia\u00e7\u00e3o Psicol\u00f3gica e em Sa\u00fade Mental\u201d (<a href=\"http:\/\/dgp.cnpq.br\/dgp\/espelhogrupo\/3141470764021318\">http:\/\/dgp.cnpq.br\/dgp\/espelhogrupo\/3141470764021318<\/a>) desenvolve projetos de pesquisa e a\u00e7\u00f5es que busquem colocar a avalia\u00e7\u00e3o psicol\u00f3gica a servi\u00e7o das popula\u00e7\u00f5es historicamente exclu\u00eddas, tais como: minorias sexuais, pessoas negras e ind\u00edgenas, imigrantes e pessoas em condi\u00e7\u00e3o de ref\u00fagio. Busca ainda problematizar os vieses normativos e excludentes dos processos de avalia\u00e7\u00e3o tradicionais que tendem a desconsiderar a dimens\u00e3o s\u00f3cio-cultural como uma vari\u00e1vel importante na mensura\u00e7\u00e3o dos processos psicol\u00f3gicos, bem como promover perspectivas que valorizem o di\u00e1logo cont\u00ednuo e permanente com os grupos que s\u00e3o alvos da avalia\u00e7\u00e3o psicol\u00f3gica num processo de descoloniza\u00e7\u00e3o de sua pr\u00e1xis.<\/p>\n<p style=\"text-align: justify\">O grupo se divide em tr\u00eas linhas de pesquisa:<\/p>\n<ol>\n<li style=\"text-align: justify\">\u201cAvalia\u00e7\u00e3o Psicol\u00f3gica e Processos Psicossociais\u201d realiza estudos e pesquisas sobre a constru\u00e7\u00e3o e a produ\u00e7\u00e3o de evid\u00eancias de validade para testes, escalas e outras medidas psicol\u00f3gicas e neuropsicol\u00f3gicas, a servi\u00e7o de popula\u00e7\u00f5es historicamente exclu\u00eddas.<\/li>\n<li style=\"text-align: justify\">\u201cPsican\u00e1lise, Descoloniza\u00e7\u00e3o e Processos de Subjetiva\u00e7\u00e3o\u201d realiza estudos e pesquisas sobre os fundamentos epistemol\u00f3gicos e pol\u00edticos para a constru\u00e7\u00e3o de uma cl\u00ednica psicanal\u00edtica orientada \u00e0 compreens\u00e3o dos processos hist\u00f3ricos de coloniza\u00e7\u00e3o, de racializa\u00e7\u00e3o, da explora\u00e7\u00e3o capitalista e da colonialidade do g\u00eanero em seus efeitos na constitui\u00e7\u00e3o do sujeito e em suas incid\u00eancias no la\u00e7o social.<\/li>\n<li style=\"text-align: justify\">\u201cSa\u00fade Mental, Cultura e Opress\u00f5es Sociais\u201d realiza estudos e pesquisas sobre as rela\u00e7\u00f5es entre pr\u00e1ticas de sa\u00fade mental, cultura e as diferentes formas de opress\u00f5es sociais, tais como a de g\u00eanero, sexualidade, ra\u00e7a, classe, capacidade etc.<\/li>\n<\/ol>\n","protected":false},"excerpt":{"rendered":"<p>Laborat\u00f3rio Frantz Fanon de Avalia\u00e7\u00e3o Psicol\u00f3gica e em Sa\u00fade Mental\u00a0 Frantz Fanon (1925-1961) \u00e9 um dos nomes mais importantes do que se convencionou chamar de \u201cpsicologia da liberta\u00e7\u00e3o\u201d, dando uma contribui\u00e7\u00e3o inestim\u00e1vel para entender que o sofrimento ps\u00edquico n\u00e3o \u00e9 uma mera quest\u00e3o biol\u00f3gica, mas sociocultural, sociopol\u00edtica e socioecon\u00f4mica. Ao propor seu conceito de \u201csociogenia\u201d, o pensador martinicano lan\u00e7ou as bases para a compreens\u00e3o de que o sofrimento ps\u00edquico est\u00e1 condicionado \u00e0s estruturas da sociedade e, se \u00e9 importante intervir diretamente naquele que sofre com vistas \u00e0 diminui\u00e7\u00e3o de seu sofrimento, \u00e9 igualmente importante intervir e transformar as estruturas que produzem o sofrimento. O \u201cLaborat\u00f3rio Frantz Fanon de Avalia\u00e7\u00e3o Psicol\u00f3gica e em Sa\u00fade Mental\u201d (http:\/\/dgp.cnpq.br\/dgp\/espelhogrupo\/3141470764021318) desenvolve projetos de pesquisa e a\u00e7\u00f5es que busquem colocar a avalia\u00e7\u00e3o psicol\u00f3gica a servi\u00e7o das popula\u00e7\u00f5es historicamente exclu\u00eddas, tais como: minorias sexuais, pessoas negras e ind\u00edgenas, imigrantes e pessoas em condi\u00e7\u00e3o de ref\u00fagio. Busca ainda problematizar os vieses normativos e excludentes dos processos de avalia\u00e7\u00e3o tradicionais que tendem a desconsiderar a dimens\u00e3o s\u00f3cio-cultural como uma vari\u00e1vel importante na mensura\u00e7\u00e3o dos processos psicol\u00f3gicos, bem como promover perspectivas que valorizem o di\u00e1logo cont\u00ednuo e permanente com os grupos que s\u00e3o alvos da avalia\u00e7\u00e3o psicol\u00f3gica num processo de descoloniza\u00e7\u00e3o de sua pr\u00e1xis. O grupo se divide em tr\u00eas linhas de pesquisa: \u201cAvalia\u00e7\u00e3o Psicol\u00f3gica e Processos Psicossociais\u201d realiza estudos e pesquisas sobre a constru\u00e7\u00e3o e a produ\u00e7\u00e3o de evid\u00eancias de validade para testes, escalas e outras medidas psicol\u00f3gicas e neuropsicol\u00f3gicas, a servi\u00e7o de popula\u00e7\u00f5es historicamente exclu\u00eddas. \u201cPsican\u00e1lise, Descoloniza\u00e7\u00e3o e Processos de Subjetiva\u00e7\u00e3o\u201d realiza estudos e pesquisas sobre os fundamentos epistemol\u00f3gicos e pol\u00edticos para a constru\u00e7\u00e3o de uma cl\u00ednica psicanal\u00edtica orientada \u00e0 compreens\u00e3o dos processos hist\u00f3ricos de coloniza\u00e7\u00e3o, de racializa\u00e7\u00e3o, da explora\u00e7\u00e3o capitalista e da colonialidade do g\u00eanero em seus efeitos na constitui\u00e7\u00e3o do sujeito e em suas incid\u00eancias no la\u00e7o social. \u201cSa\u00fade Mental, Cultura e Opress\u00f5es Sociais\u201d realiza estudos e pesquisas sobre as rela\u00e7\u00f5es entre pr\u00e1ticas de sa\u00fade mental, cultura e as diferentes formas de opress\u00f5es sociais, tais como a de g\u00eanero, sexualidade, ra\u00e7a, classe, capacidade etc.<\/p>\n","protected":false},"author":90,"featured_media":0,"parent":64,"menu_order":-4,"comment_status":"closed","ping_status":"closed","template":"","meta":{"_uag_custom_page_level_css":"","_themeisle_gutenberg_block_has_review":false,"footnotes":""},"class_list":["post-1220","page","type-page","status-publish","hentry"],"uagb_featured_image_src":{"full":false,"thumbnail":false,"medium":false,"medium_large":false,"large":false,"1536x1536":false,"2048x2048":false,"htmega_size_585x295":false,"htmega_size_1170x536":false,"htmega_size_396x360":false,"tainacan-small":false,"tainacan-medium":false,"tainacan-medium-full":false,"tainacan-large-full":false,"button-2-featured":false},"uagb_author_info":{"display_name":"marcos.jesus","author_link":"https:\/\/divulga.unila.edu.br\/interclinica\/author\/interclinica\/"},"uagb_comment_info":0,"uagb_excerpt":"Laborat\u00f3rio Frantz Fanon de Avalia\u00e7\u00e3o Psicol\u00f3gica e em Sa\u00fade Mental\u00a0 Frantz Fanon (1925-1961) \u00e9 um dos nomes mais importantes do que se convencionou chamar de \u201cpsicologia da liberta\u00e7\u00e3o\u201d, dando uma contribui\u00e7\u00e3o inestim\u00e1vel para entender que o sofrimento ps\u00edquico n\u00e3o \u00e9 uma mera quest\u00e3o biol\u00f3gica, mas sociocultural, sociopol\u00edtica e socioecon\u00f4mica. Ao propor seu conceito de \u201csociogenia\u201d,&hellip;","_links":{"self":[{"href":"https:\/\/divulga.unila.edu.br\/interclinica\/wp-json\/wp\/v2\/pages\/1220","targetHints":{"allow":["GET"]}}],"collection":[{"href":"https:\/\/divulga.unila.edu.br\/interclinica\/wp-json\/wp\/v2\/pages"}],"about":[{"href":"https:\/\/divulga.unila.edu.br\/interclinica\/wp-json\/wp\/v2\/types\/page"}],"author":[{"embeddable":true,"href":"https:\/\/divulga.unila.edu.br\/interclinica\/wp-json\/wp\/v2\/users\/90"}],"replies":[{"embeddable":true,"href":"https:\/\/divulga.unila.edu.br\/interclinica\/wp-json\/wp\/v2\/comments?post=1220"}],"version-history":[{"count":35,"href":"https:\/\/divulga.unila.edu.br\/interclinica\/wp-json\/wp\/v2\/pages\/1220\/revisions"}],"predecessor-version":[{"id":1878,"href":"https:\/\/divulga.unila.edu.br\/interclinica\/wp-json\/wp\/v2\/pages\/1220\/revisions\/1878"}],"up":[{"embeddable":true,"href":"https:\/\/divulga.unila.edu.br\/interclinica\/wp-json\/wp\/v2\/pages\/64"}],"wp:attachment":[{"href":"https:\/\/divulga.unila.edu.br\/interclinica\/wp-json\/wp\/v2\/media?parent=1220"}],"curies":[{"name":"wp","href":"https:\/\/api.w.org\/{rel}","templated":true}]}}