{"id":1186,"date":"2024-05-26T11:22:57","date_gmt":"2024-05-26T14:22:57","guid":{"rendered":"https:\/\/divulga.unila.edu.br\/interclinica\/?page_id=1186"},"modified":"2024-08-17T18:34:21","modified_gmt":"2024-08-17T21:34:21","slug":"as-relacoes-etnico-raciais-e-a-psicologia","status":"publish","type":"page","link":"https:\/\/divulga.unila.edu.br\/interclinica\/cursos-e-formacoes\/as-relacoes-etnico-raciais-e-a-psicologia\/","title":{"rendered":"As rela\u00e7\u00f5es \u00e9tnico-raciais e a psicologia"},"content":{"rendered":"\t\t<div data-elementor-type=\"wp-page\" data-elementor-id=\"1186\" class=\"elementor elementor-1186\">\n\t\t\t\t<div class=\"has_eae_slider elementor-element elementor-element-7d4f904f e-flex e-con-boxed wpr-particle-no wpr-jarallax-no wpr-parallax-no wpr-sticky-section-no wpr-equal-height-no e-con e-parent\" data-eae-slider=\"26883\" data-id=\"7d4f904f\" data-element_type=\"container\" data-e-type=\"container\">\n\t\t\t\t\t<div class=\"e-con-inner\">\n\t\t\t\t<div class=\"elementor-element elementor-element-284eb22e elementor-drop-cap-yes elementor-drop-cap-view-default elementor-widget elementor-widget-text-editor\" data-id=\"284eb22e\" data-element_type=\"widget\" data-e-type=\"widget\" data-settings=\"{&quot;drop_cap&quot;:&quot;yes&quot;}\" data-widget_type=\"text-editor.default\">\n\t\t\t\t<div class=\"elementor-widget-container\">\n\t\t\t\t\t\t\t\t\t\n<p style=\"text-align: justify\">O projeto tem como objetivo apresentar a contribui\u00e7\u00e3o dos estudos das rela\u00e7\u00f5es \u00e9tnico-raciais no Brasil a estudantes dos cursos de psicologia e\/ou a profissionais formados, discutindo o racismo e seus efeitos psicossociais na vida da popula\u00e7\u00e3o negra com vistas ao fortalecimento da perspectiva da integralidade, da universalidade e da equidade em sa\u00fade a partir do ponto de vista das lutas e dos estudos antirracistas.<\/p>\n\n<p style=\"text-align: justify\">A oficina \u00e9\u00a0<em>estruturada\u00a0<\/em>em torno de tr\u00eas eixos:<\/p>\n\n<p style=\"text-align: justify\">Eixo I. Fundamentos te\u00f3rico-conceituais das rela\u00e7\u00f5es \u00e9tnico-raciais e de sua rela\u00e7\u00e3o com a sa\u00fade<\/p>\n\n<ul class=\"wp-block-list\">\n<li style=\"text-align: justify\">Conte\u00fado: A constru\u00e7\u00e3o social e hist\u00f3rica das rela\u00e7\u00f5es raciais. O racismo e seu efeito na estrutura\u00e7\u00e3o ps\u00edquica de negros (e brancos). A constru\u00e7\u00e3o social e ps\u00edquica da branquitude e da negritude. Racismo e seus impactos na sa\u00fade.<\/li>\n<\/ul>\n\n<p style=\"text-align: justify\">Eixo II. Fundamentos jur\u00eddico-legais de atua\u00e7\u00e3o do psic\u00f3logo em rela\u00e7\u00e3o ao preconceito e \u00e0 discrimina\u00e7\u00e3o racial<\/p>\n\n<ul class=\"wp-block-list\">\n<li style=\"text-align: justify\">Conte\u00fado: Declara\u00e7\u00e3o Universal dos Direito Humanos. C\u00f3digo de \u00c9tica do Psic\u00f3logo. Resolu\u00e7\u00e3o 18\/2002, do Conselho Federal de Psicologia. Rela\u00e7\u00f5es raciais: refer\u00eancias t\u00e9cnicas para atua\u00e7\u00e3o de psic\u00f3logas\/os, do Conselho Federal de Psicologia.<\/li>\n<\/ul>\n\n<p style=\"text-align: justify\">Eixo III. Discuss\u00e3o pr\u00e1tica de caso.<\/p>\n\n<ul class=\"wp-block-list\">\n<li style=\"text-align: justify\">Conte\u00fado: Aplica\u00e7\u00e3o do conte\u00fado dos eixos I e II em situa\u00e7\u00f5es da psicologia cl\u00ednica, da educa\u00e7\u00e3o, organizacional e do trabalho, social e comunit\u00e1ria etc.<\/li>\n<\/ul>\n\t\t\t\t\t\t\t\t<\/div>\n\t\t\t\t<\/div>\n\t\t\t\t\t<\/div>\n\t\t\t\t<\/div>\n\t\t<div class=\"has_eae_slider elementor-element elementor-element-796ca26 e-flex e-con-boxed wpr-particle-no wpr-jarallax-no wpr-parallax-no wpr-sticky-section-no wpr-equal-height-no e-con e-parent\" data-eae-slider=\"51069\" data-id=\"796ca26\" data-element_type=\"container\" data-e-type=\"container\">\n\t\t\t\t\t<div class=\"e-con-inner\">\n\t\t<div class=\"has_eae_slider elementor-element elementor-element-945d318 e-flex e-con-boxed wpr-particle-no wpr-jarallax-no wpr-parallax-no wpr-sticky-section-no wpr-equal-height-no e-con e-child\" data-eae-slider=\"61516\" data-id=\"945d318\" data-element_type=\"container\" data-e-type=\"container\">\n\t\t\t\t\t<div class=\"e-con-inner\">\n\t\t\t\t\t<\/div>\n\t\t\t\t<\/div>\n\t\t\t\t\t<\/div>\n\t\t\t\t<\/div>\n\t\t<div class=\"has_eae_slider elementor-element elementor-element-d29c937 e-flex e-con-boxed wpr-particle-no wpr-jarallax-no wpr-parallax-no wpr-sticky-section-no wpr-equal-height-no e-con e-parent\" data-eae-slider=\"59556\" data-id=\"d29c937\" data-element_type=\"container\" data-e-type=\"container\">\n\t\t\t\t\t<div class=\"e-con-inner\">\n\t\t\t\t<div class=\"elementor-element elementor-element-50bfb38 elementor-widget elementor-widget-heading\" data-id=\"50bfb38\" data-element_type=\"widget\" data-e-type=\"widget\" data-widget_type=\"heading.default\">\n\t\t\t\t<div class=\"elementor-widget-container\">\n\t\t\t\t\t<h2 class=\"elementor-heading-title elementor-size-default\">1a. Edi\u00e7\u00e3o da Forma\u00e7\u00e3o - 2024<\/h2>\t\t\t\t<\/div>\n\t\t\t\t<\/div>\n\t\t\t\t<div class=\"elementor-element elementor-element-aa193e3 elementor-widget elementor-widget-image\" data-id=\"aa193e3\" data-element_type=\"widget\" data-e-type=\"widget\" data-widget_type=\"image.default\">\n\t\t\t\t<div class=\"elementor-widget-container\">\n\t\t\t\t\t\t\t\t\t\t\t\t\t\t\t<img fetchpriority=\"high\" decoding=\"async\" width=\"663\" height=\"663\" src=\"https:\/\/divulga.unila.edu.br\/interclinica\/wp-content\/uploads\/sites\/39\/2024\/08\/publicacao-insta-projeto-3-1024x1024.png\" class=\"attachment-large size-large wp-image-1621\" alt=\"\" srcset=\"https:\/\/divulga.unila.edu.br\/interclinica\/wp-content\/uploads\/sites\/39\/2024\/08\/publicacao-insta-projeto-3-1024x1024.png 1024w, https:\/\/divulga.unila.edu.br\/interclinica\/wp-content\/uploads\/sites\/39\/2024\/08\/publicacao-insta-projeto-3-300x300.png 300w, https:\/\/divulga.unila.edu.br\/interclinica\/wp-content\/uploads\/sites\/39\/2024\/08\/publicacao-insta-projeto-3-150x150.png 150w, https:\/\/divulga.unila.edu.br\/interclinica\/wp-content\/uploads\/sites\/39\/2024\/08\/publicacao-insta-projeto-3-768x768.png 768w, https:\/\/divulga.unila.edu.br\/interclinica\/wp-content\/uploads\/sites\/39\/2024\/08\/publicacao-insta-projeto-3-40x40.png 40w, https:\/\/divulga.unila.edu.br\/interclinica\/wp-content\/uploads\/sites\/39\/2024\/08\/publicacao-insta-projeto-3-275x275.png 275w, https:\/\/divulga.unila.edu.br\/interclinica\/wp-content\/uploads\/sites\/39\/2024\/08\/publicacao-insta-projeto-3-205x205.png 205w, https:\/\/divulga.unila.edu.br\/interclinica\/wp-content\/uploads\/sites\/39\/2024\/08\/publicacao-insta-projeto-3-480x480.png 480w, https:\/\/divulga.unila.edu.br\/interclinica\/wp-content\/uploads\/sites\/39\/2024\/08\/publicacao-insta-projeto-3-144x144.png 144w, https:\/\/divulga.unila.edu.br\/interclinica\/wp-content\/uploads\/sites\/39\/2024\/08\/publicacao-insta-projeto-3-982x982.png 982w, https:\/\/divulga.unila.edu.br\/interclinica\/wp-content\/uploads\/sites\/39\/2024\/08\/publicacao-insta-projeto-3.png 1080w\" sizes=\"(max-width: 663px) 100vw, 663px\" \/>\t\t\t\t\t\t\t\t\t\t\t\t\t\t\t<\/div>\n\t\t\t\t<\/div>\n\t\t\t\t\t<\/div>\n\t\t\t\t<\/div>\n\t\t<div class=\"has_eae_slider elementor-element elementor-element-472b227 e-flex e-con-boxed wpr-particle-no wpr-jarallax-no wpr-parallax-no wpr-sticky-section-no wpr-equal-height-no e-con e-parent\" data-eae-slider=\"26731\" data-id=\"472b227\" data-element_type=\"container\" data-e-type=\"container\">\n\t\t\t\t\t<div class=\"e-con-inner\">\n\t\t\t\t<div class=\"elementor-element elementor-element-87ab125 elementor-widget elementor-widget-image\" data-id=\"87ab125\" data-element_type=\"widget\" data-e-type=\"widget\" data-widget_type=\"image.default\">\n\t\t\t\t<div class=\"elementor-widget-container\">\n\t\t\t\t\t\t\t\t\t\t\t\t\t\t\t<img decoding=\"async\" width=\"663\" height=\"512\" src=\"https:\/\/divulga.unila.edu.br\/interclinica\/wp-content\/uploads\/sites\/39\/2024\/08\/Outer-Page-1024x791.png\" class=\"attachment-large size-large wp-image-1600\" alt=\"\" srcset=\"https:\/\/divulga.unila.edu.br\/interclinica\/wp-content\/uploads\/sites\/39\/2024\/08\/Outer-Page-1024x791.png 1024w, https:\/\/divulga.unila.edu.br\/interclinica\/wp-content\/uploads\/sites\/39\/2024\/08\/Outer-Page-300x232.png 300w, https:\/\/divulga.unila.edu.br\/interclinica\/wp-content\/uploads\/sites\/39\/2024\/08\/Outer-Page-768x593.png 768w, https:\/\/divulga.unila.edu.br\/interclinica\/wp-content\/uploads\/sites\/39\/2024\/08\/Outer-Page-1536x1187.png 1536w, https:\/\/divulga.unila.edu.br\/interclinica\/wp-content\/uploads\/sites\/39\/2024\/08\/Outer-Page-205x158.png 205w, https:\/\/divulga.unila.edu.br\/interclinica\/wp-content\/uploads\/sites\/39\/2024\/08\/Outer-Page-480x371.png 480w, https:\/\/divulga.unila.edu.br\/interclinica\/wp-content\/uploads\/sites\/39\/2024\/08\/Outer-Page-982x759.png 982w, https:\/\/divulga.unila.edu.br\/interclinica\/wp-content\/uploads\/sites\/39\/2024\/08\/Outer-Page.png 2000w\" sizes=\"(max-width: 663px) 100vw, 663px\" \/>\t\t\t\t\t\t\t\t\t\t\t\t\t\t\t<\/div>\n\t\t\t\t<\/div>\n\t\t\t\t<div class=\"elementor-element elementor-element-06991a4 elementor-widget elementor-widget-image\" data-id=\"06991a4\" data-element_type=\"widget\" data-e-type=\"widget\" data-widget_type=\"image.default\">\n\t\t\t\t<div class=\"elementor-widget-container\">\n\t\t\t\t\t\t\t\t\t\t\t\t\t\t\t<img decoding=\"async\" width=\"663\" height=\"512\" src=\"https:\/\/divulga.unila.edu.br\/interclinica\/wp-content\/uploads\/sites\/39\/2024\/08\/Inner-Page-1024x791.png\" class=\"attachment-large size-large wp-image-1602\" alt=\"\" srcset=\"https:\/\/divulga.unila.edu.br\/interclinica\/wp-content\/uploads\/sites\/39\/2024\/08\/Inner-Page-1024x791.png 1024w, https:\/\/divulga.unila.edu.br\/interclinica\/wp-content\/uploads\/sites\/39\/2024\/08\/Inner-Page-300x232.png 300w, https:\/\/divulga.unila.edu.br\/interclinica\/wp-content\/uploads\/sites\/39\/2024\/08\/Inner-Page-768x593.png 768w, https:\/\/divulga.unila.edu.br\/interclinica\/wp-content\/uploads\/sites\/39\/2024\/08\/Inner-Page-1536x1187.png 1536w, https:\/\/divulga.unila.edu.br\/interclinica\/wp-content\/uploads\/sites\/39\/2024\/08\/Inner-Page-205x158.png 205w, https:\/\/divulga.unila.edu.br\/interclinica\/wp-content\/uploads\/sites\/39\/2024\/08\/Inner-Page-480x371.png 480w, https:\/\/divulga.unila.edu.br\/interclinica\/wp-content\/uploads\/sites\/39\/2024\/08\/Inner-Page-982x759.png 982w, https:\/\/divulga.unila.edu.br\/interclinica\/wp-content\/uploads\/sites\/39\/2024\/08\/Inner-Page.png 2000w\" sizes=\"(max-width: 663px) 100vw, 663px\" \/>\t\t\t\t\t\t\t\t\t\t\t\t\t\t\t<\/div>\n\t\t\t\t<\/div>\n\t\t\t\t\t<\/div>\n\t\t\t\t<\/div>\n\t\t\t\t<\/div>\n\t\t","protected":false},"excerpt":{"rendered":"<p>O projeto tem como objetivo apresentar a contribui\u00e7\u00e3o dos estudos das rela\u00e7\u00f5es \u00e9tnico-raciais no Brasil a estudantes dos cursos de psicologia e\/ou a profissionais formados, discutindo o racismo e seus efeitos psicossociais na vida da popula\u00e7\u00e3o negra com vistas ao fortalecimento da perspectiva da integralidade, da universalidade e da equidade em sa\u00fade a partir do ponto de vista das lutas e dos estudos antirracistas. A oficina \u00e9\u00a0estruturada\u00a0em torno de tr\u00eas eixos: Eixo I. Fundamentos te\u00f3rico-conceituais das rela\u00e7\u00f5es \u00e9tnico-raciais e de sua rela\u00e7\u00e3o com a sa\u00fade Eixo II. Fundamentos jur\u00eddico-legais de atua\u00e7\u00e3o do psic\u00f3logo em rela\u00e7\u00e3o ao preconceito e \u00e0 discrimina\u00e7\u00e3o racial Eixo III. Discuss\u00e3o pr\u00e1tica de caso. \/*! elementor &#8211; v3.23.0 &#8211; 05-08-2024 *\/ .elementor-heading-title{padding:0;margin:0;line-height:1}.elementor-widget-heading .elementor-heading-title[class*=elementor-size-]&gt;a{color:inherit;font-size:inherit;line-height:inherit}.elementor-widget-heading .elementor-heading-title.elementor-size-small{font-size:15px}.elementor-widget-heading .elementor-heading-title.elementor-size-medium{font-size:19px}.elementor-widget-heading .elementor-heading-title.elementor-size-large{font-size:29px}.elementor-widget-heading .elementor-heading-title.elementor-size-xl{font-size:39px}.elementor-widget-heading .elementor-heading-title.elementor-size-xxl{font-size:59px} 1a. Edi\u00e7\u00e3o da Forma\u00e7\u00e3o &#8211; 2024 \/*! elementor &#8211; v3.23.0 &#8211; 05-08-2024 *\/ .elementor-widget-image{text-align:center}.elementor-widget-image a{display:inline-block}.elementor-widget-image a img[src$=&#8221;.svg&#8221;]{width:48px}.elementor-widget-image img{vertical-align:middle;display:inline-block}<\/p>\n","protected":false},"author":90,"featured_media":0,"parent":60,"menu_order":-4,"comment_status":"closed","ping_status":"closed","template":"","meta":{"_uag_custom_page_level_css":"","_themeisle_gutenberg_block_has_review":false,"footnotes":""},"class_list":["post-1186","page","type-page","status-publish","hentry"],"uagb_featured_image_src":{"full":false,"thumbnail":false,"medium":false,"medium_large":false,"large":false,"1536x1536":false,"2048x2048":false,"htmega_size_585x295":false,"htmega_size_1170x536":false,"htmega_size_396x360":false,"tainacan-small":false,"tainacan-medium":false,"tainacan-medium-full":false,"tainacan-large-full":false,"button-2-featured":false},"uagb_author_info":{"display_name":"marcos.jesus","author_link":"https:\/\/divulga.unila.edu.br\/interclinica\/author\/interclinica\/"},"uagb_comment_info":0,"uagb_excerpt":"O projeto tem como objetivo apresentar a contribui\u00e7\u00e3o dos estudos das rela\u00e7\u00f5es \u00e9tnico-raciais no Brasil a estudantes dos cursos de psicologia e\/ou a profissionais formados, discutindo o racismo e seus efeitos psicossociais na vida da popula\u00e7\u00e3o negra com vistas ao fortalecimento da perspectiva da integralidade, da universalidade e da equidade em sa\u00fade a partir do&hellip;","_links":{"self":[{"href":"https:\/\/divulga.unila.edu.br\/interclinica\/wp-json\/wp\/v2\/pages\/1186","targetHints":{"allow":["GET"]}}],"collection":[{"href":"https:\/\/divulga.unila.edu.br\/interclinica\/wp-json\/wp\/v2\/pages"}],"about":[{"href":"https:\/\/divulga.unila.edu.br\/interclinica\/wp-json\/wp\/v2\/types\/page"}],"author":[{"embeddable":true,"href":"https:\/\/divulga.unila.edu.br\/interclinica\/wp-json\/wp\/v2\/users\/90"}],"replies":[{"embeddable":true,"href":"https:\/\/divulga.unila.edu.br\/interclinica\/wp-json\/wp\/v2\/comments?post=1186"}],"version-history":[{"count":18,"href":"https:\/\/divulga.unila.edu.br\/interclinica\/wp-json\/wp\/v2\/pages\/1186\/revisions"}],"predecessor-version":[{"id":1639,"href":"https:\/\/divulga.unila.edu.br\/interclinica\/wp-json\/wp\/v2\/pages\/1186\/revisions\/1639"}],"up":[{"embeddable":true,"href":"https:\/\/divulga.unila.edu.br\/interclinica\/wp-json\/wp\/v2\/pages\/60"}],"wp:attachment":[{"href":"https:\/\/divulga.unila.edu.br\/interclinica\/wp-json\/wp\/v2\/media?parent=1186"}],"curies":[{"name":"wp","href":"https:\/\/api.w.org\/{rel}","templated":true}]}}